{"id":12570,"date":"2021-05-31T12:43:48","date_gmt":"2021-05-31T10:43:48","guid":{"rendered":"https:\/\/www.comagricola.com\/?page_id=12570"},"modified":"2021-06-16T17:57:52","modified_gmt":"2021-06-16T15:57:52","slug":"speziale","status":"publish","type":"page","link":"https:\/\/www.comagricola.com\/de\/blumenwiese\/speziale\/","title":{"rendered":"Speziale"},"content":{"rendered":"[vc_section full_width=&#8221;stretch_row&#8221; el_id=&#8221;pratofiorito_paesaggio&#8221; el_class=&#8221;intro-pratofiorito&#8221;][vc_row el_class=&#8221;intro_sezione&#8221;][vc_column width=&#8221;2\/3&#8243;][vc_column_text]Um mit Bl\u00fctenessenzen v\u00f6llig unterschiedliche Umgebungen zu gestalten und zu versch\u00f6nern, bedarf es des Studiums und der Erfahrung. Unsere Vorschl\u00e4ge f\u00fcr Spezialmischungen erleichtern Ihnen die Auswahl.[\/vc_column_text][\/vc_column][vc_column width=&#8221;1\/3&#8243;][vc_single_image image=&#8221;11651&#8243; el_class=&#8221;.opacita&#8221;][\/vc_column][\/vc_row][\/vc_section][vc_section full_width=&#8221;stretch_row&#8221; css=&#8221;.vc_custom_1613514579810{background-color: #f6f5f1 !important;}&#8221; el_class=&#8221;elenco_prodotti bg-top-bottom&#8221;][vc_row el_class=&#8221;prodotto&#8221; css=&#8221;.vc_custom_1608109051067{margin-bottom: 0px !important;border-bottom-width: 0px !important;}&#8221;][vc_column el_class=&#8221;descrizione&#8221;]<div class=\"woocommerce\">\t\t\t<div class=\"single-product\" data-product-page-preselected-id=\"0\">\n\t\t\t\t\n<div class=\"container\">\n<div class=\"woocommerce-notices-wrapper\"><\/div><\/div>\n<div id=\"product-12431\" class=\"product type-product post-12431 status-publish first instock product_cat-blumenwiese product_cat-speziale has-post-thumbnail taxable shipping-taxable product-type-simple\">\n\t<div class=\"container\">\n\t\t<div class=\"row\">\n\t\t\t<div class=\"col-12 col-md-5\">\n\t\t\t\t<div class=\"single-product-image\">\n\t\t\t\t\t<div class=\"woocommerce-product-gallery woocommerce-product-gallery--with-images woocommerce-product-gallery--columns-4 images\" data-columns=\"4\" style=\"opacity: 0; transition: opacity .25s ease-in-out;\">\n\t<div class=\"woocommerce-product-gallery__wrapper\">\n\t\t<div data-thumb=\"https:\/\/www.comagricola.com\/wp-content\/uploads\/2021\/02\/alpi-fiorite-100x100.jpg\" data-thumb-alt=\"Bl\u00fchende Alpen\" data-thumb-srcset=\"https:\/\/www.comagricola.com\/wp-content\/uploads\/2021\/02\/alpi-fiorite-100x100.jpg 100w, https:\/\/www.comagricola.com\/wp-content\/uploads\/2021\/02\/alpi-fiorite-150x150.jpg 150w, https:\/\/www.comagricola.com\/wp-content\/uploads\/2021\/02\/alpi-fiorite-300x300.jpg 300w\"  data-thumb-sizes=\"(max-width: 100px) 100vw, 100px\" class=\"woocommerce-product-gallery__image\"><a data-rel=\"lightbox-gallery-1\" href=\"https:\/\/www.comagricola.com\/wp-content\/uploads\/2021\/02\/alpi-fiorite.jpg\"><img loading=\"lazy\" decoding=\"async\" width=\"410\" height=\"308\" src=\"https:\/\/www.comagricola.com\/wp-content\/uploads\/2021\/02\/alpi-fiorite.jpg\" class=\"wp-post-image\" alt=\"Bl\u00fchende Alpen\" data-caption=\"\" data-src=\"https:\/\/www.comagricola.com\/wp-content\/uploads\/2021\/02\/alpi-fiorite.jpg\" data-large_image=\"https:\/\/www.comagricola.com\/wp-content\/uploads\/2021\/02\/alpi-fiorite.jpg\" data-large_image_width=\"410\" data-large_image_height=\"308\" srcset=\"https:\/\/www.comagricola.com\/wp-content\/uploads\/2021\/02\/alpi-fiorite.jpg 410w, https:\/\/www.comagricola.com\/wp-content\/uploads\/2021\/02\/alpi-fiorite-300x225.jpg 300w\" sizes=\"auto, (max-width: 410px) 100vw, 410px\" \/><\/a><\/div>\t<\/div>\n<\/div>\n\t\t\t\t<\/div>\n\n\t\t\t<\/div>\n\t\t\t<div class=\"col-12 col-md-7\">\n\t\t\t\t<div class=\"summary entry-summary single-product-info\">\n\t\t\t\t\t<div class=\"product-nav\">\n\t\t\t\t\t\t<div class=\"next-prev\">\n\t\t\t\t\t\t\t<div class=\"prev\"><a href=\"https:\/\/www.comagricola.com\/de\/prodotto\/monochrome-stauden\/\" rel=\"prev\">Monochrome Stauden<\/a><\/div>\n\t\t\t\t\t\t\t<div class=\"next\"><a href=\"https:\/\/www.comagricola.com\/de\/prodotto\/bluhende-wuste\/\" rel=\"next\">Bl\u00fchende W\u00fcste<\/a><\/div>\n\t\t\t\t\t\t<\/div>\n\t\t\t\t\t<\/div>\n\t\t\t\t\n\t\t\t\t\t<h2 class=\"product_title entry-title\">Bl\u00fchende Alpen<\/h2>\t\t\t\t<style type=\"text\/css\">\n\t\t\t\t\tp.ywcrbp_custom_message {\n\t\t\t\t\t\tcolor: #ff0000;\n\t\t\t\t\t}\n\t\t\t\t<\/style>\n\t\t\t\t<p class=\"ywcrbp_custom_message\"><\/p><p class=\"price\"> <\/p>\n<div class=\"woocommerce-product-details__short-description\">\n\t<h3>\u00c4sthetik<\/h3>\n<p>Mischung aus 16 Arten, von denen 12 mehrj\u00e4hrig sind, mit einer H\u00f6he von 60-70 cm.<br \/>\nSie ist der perfekte Ausdruck der Almen mit ihren vielen leuchtenden Farben und ihrer starken Widerstandsf\u00e4higkeit gegen raues Klima (Sp\u00e4tfr\u00f6ste und lange Winter).<\/p>\n<\/div>\n<div class=\"product_meta\">\n\n\t\n\t\n\t<span class=\"posted_in\">Kategorien: <a href=\"https:\/\/www.comagricola.com\/de\/categoria-prodotto\/blumenwiese\/\" rel=\"tag\">Blumenwiese<\/a>, <a href=\"https:\/\/www.comagricola.com\/de\/categoria-prodotto\/blumenwiese\/speziale\/\" rel=\"tag\">Speziale<\/a><\/span>\n\t\n\t\n<\/div>\n\t\t<div class=\"share_buttons\">\n\t\t\t\t\t<\/div>\n\t\t\t\t\t\t<div class=\"single-product-sharing\">\n\t\t\t\t\t\t    <div class=\"widget widget_socialsharing_widget\"> \n        <ul class=\"social-icons\">\n            <li><a class=\"facebook social-icon\" href=\"#\" onclick=\"javascript: window.open('https:\/\/www.facebook.com\/sharer\/sharer.php?u=https:\/\/www.comagricola.com\/de\/prodotto\/bluhende-alpen\/'); return false;\" title=\"Facebook\" target=\"_blank\"><i class=\"fa fa-facebook\"><\/i><\/a><\/li>\n            <li><a class=\"twitter social-icon\" href=\"#\" title=\"Twitter\" onclick=\"javascript: window.open('https:\/\/twitter.com\/home?status=Bl\u00fchende Alpen&nbsp;https:\/\/www.comagricola.com\/de\/prodotto\/bluhende-alpen\/'); return false;\" target=\"_blank\"><i class=\"fa fa-twitter\"><\/i><\/a><\/li>\n            <li><a class=\"pinterest social-icon\" href=\"#\" onclick=\"javascript: window.open('https:\/\/pinterest.com\/pin\/create\/button\/?url=https:\/\/www.comagricola.com\/de\/prodotto\/bluhende-alpen\/&amp;media=https:\/\/www.comagricola.com\/wp-content\/uploads\/2021\/02\/alpi-fiorite.jpg&amp;description=Bl\u00fchende Alpen'); return false;\" title=\"Pinterest\" target=\"_blank\"><i class=\"fa fa-pinterest\"><\/i><\/a><\/li>\n            <li><a class=\"gplus social-icon\" href=\"#\" onclick=\"javascript: window.open('https:\/\/plus.google.com\/share?url=https:\/\/www.comagricola.com\/de\/prodotto\/bluhende-alpen\/'); return false;\" title=\"Google +\" target=\"_blank\"><i class=\"fa fa-google-plus\"><\/i><\/a><\/li>\n            <li><a class=\"linkedin social-icon\" href=\"#\" onclick=\"javascript: window.open('https:\/\/www.linkedin.com\/shareArticle?mini=true&amp;url=https:\/\/www.comagricola.com\/de\/prodotto\/bluhende-alpen\/&amp;title=Bl\u00fchende Alpen'); return false;\" title=\"LinkedIn\" target=\"_blank\"><i class=\"fa fa-linkedin\"><\/i><\/a><\/li>\n        <\/ul>\n    <\/div>\n    \t\t\t\t\t<\/div>\n\n\t\t\t\t<\/div><!-- .summary -->\n\t\t\t<\/div> \n\t\t<\/div>\n\t<\/div>\n\t\n\t<div class=\"container\">\n\t\t\n\t<div class=\"woocommerce-tabs wc-tabs-wrapper\">\n\t\t<ul class=\"tabs wc-tabs\" role=\"tablist\">\n\t\t\t\t\t\t\t<li role=\"presentation\" class=\"description_tab\" id=\"tab-title-description\">\n\t\t\t\t\t<a href=\"#tab-description\" role=\"tab\" aria-controls=\"tab-description\">\n\t\t\t\t\t\tBeschreibung\t\t\t\t\t<\/a>\n\t\t\t\t<\/li>\n\t\t\t\t\t\t\t<li role=\"presentation\" class=\"additional_information_tab\" id=\"tab-title-additional_information\">\n\t\t\t\t\t<a href=\"#tab-additional_information\" role=\"tab\" aria-controls=\"tab-additional_information\">\n\t\t\t\t\t\tZus\u00e4tzliche Informationen\t\t\t\t\t<\/a>\n\t\t\t\t<\/li>\n\t\t\t\t\t<\/ul>\n\t\t\t\t\t<div class=\"woocommerce-Tabs-panel woocommerce-Tabs-panel--description panel entry-content wc-tab\" id=\"tab-description\" role=\"tabpanel\" aria-labelledby=\"tab-title-description\">\n\t\t\t\t\n\t<h2>Beschreibung<\/h2>\n\n[vc_row][vc_column width=&#8221;3\/12&#8243;][vc_column_text]\n<h4>Dosierung S\u00e4en<\/h4>\n<p>von 1 bis 3 gr\/qm[\/vc_column_text][\/vc_column][vc_column width=&#8221;9\/12&#8243;][vc_column_text]\n<table style=\"width: 100%; border-collapse: collapse; border-style: none;\" border=\"0\" cellspacing=\"0\" cellpadding=\"0\">\n<tbody>\n<tr>\n<td style=\"width: 151px; padding-right: 20px; border-style: none; vertical-align: top;\">\n<h4>ZUSAMMENSETZUNG<\/h4>\n<\/td>\n<td style=\"width: 166px; padding-right: 20px; vertical-align: top; border-style: none;\"><\/td>\n<td style=\"width: 166px; padding-right: 20px; vertical-align: top; border-style: none;\"><\/td>\n<\/tr>\n<tr>\n<td style=\"border-style: none; width: 33%; padding-right: 20px; vertical-align: top;\">Achillea millefolium<br \/>\nAlyssum saxatile<br \/>\nAntyllis vulneraria<br \/>\nArabis alpina<br \/>\nAster alpinus<br \/>\n<strong>Bellis perennis<\/strong><\/td>\n<td style=\"border-style: none; width: 33%; padding-right: 20px; vertical-align: top;\">Centaurea montana<br \/>\nCerastium tomentosum<br \/>\nChrysanthemum segetum<br \/>\nDianthus deltoides<br \/>\nGalium verum<br \/>\n<strong>Leucanthemum vulgare<\/strong><\/td>\n<td style=\"border-style: none; width: 33%; padding-right: 20px; vertical-align: top;\"><strong>Linum perenne<\/strong><br \/>\n<strong>Linum grandiflorum<\/strong><br \/>\nMyosotis alpestris<br \/>\n<strong>Saponaria ocymoides<\/strong><\/td>\n<\/tr>\n<\/tbody>\n<\/table>\n[\/vc_column_text][\/vc_column][\/vc_row]\n\t\t\t<\/div>\n\t\t\t\t\t<div class=\"woocommerce-Tabs-panel woocommerce-Tabs-panel--additional_information panel entry-content wc-tab\" id=\"tab-additional_information\" role=\"tabpanel\" aria-labelledby=\"tab-title-additional_information\">\n\t\t\t\t\n\t<h2>Zus\u00e4tzliche Informationen<\/h2>\n\n<table class=\"woocommerce-product-attributes shop_attributes\" aria-label=\"Produktdetails\">\n\t\t\t<tr class=\"woocommerce-product-attributes-item woocommerce-product-attributes-item--attribute_pa_confezione\">\n\t\t\t<th class=\"woocommerce-product-attributes-item__label\" scope=\"row\">Verpackung Beutel<\/th>\n\t\t\t<td class=\"woocommerce-product-attributes-item__value\"><p>Verpackung Beutel kg. 1<\/p>\n<\/td>\n\t\t<\/tr>\n\t<\/table>\n\t\t\t<\/div>\n\t\t\n\t\t\t<\/div>\n\n\n\t<section class=\"related products\">\n\t\t<div class=\"title1\"><h3><span>Potrebbero interessarti<\/span><\/h3><\/div> \n\n\t\t<div class=\"shop-products products row grid-view sidebar\">\n\t\t\t\n\t\t\t\t\n\n<div class=\" item-col col-12 col-full-hd col-md-12 post-12436 product type-product status-publish has-post-thumbnail product_cat-blumenwiese product_cat-speziale first instock taxable shipping-taxable product-type-simple\">\n\t<div class=\"product-wrapper\">\n\t\t\n\t\t<div class=\"list-col4\"> \n\t\t\t<div class=\"product-image\">\n\t\t\t\t\t\t\t\t\t\t\t\t\t  \n\t\t\t\t<a href=\"https:\/\/www.comagricola.com\/de\/prodotto\/bluhende-wuste\/\" class=\"woocommerce-LoopProduct-link woocommerce-loop-product__link\">\t\t\t\t\t<img loading=\"lazy\" decoding=\"async\" width=\"300\" height=\"300\" src=\"https:\/\/www.comagricola.com\/wp-content\/uploads\/2020\/12\/deserto-fiorito-e1612341567177-300x300.jpg\" class=\"primary_image\" alt=\"Bl\u00fchende W\u00fcste\" srcset=\"https:\/\/www.comagricola.com\/wp-content\/uploads\/2020\/12\/deserto-fiorito-e1612341567177-300x300.jpg 300w, https:\/\/www.comagricola.com\/wp-content\/uploads\/2020\/12\/deserto-fiorito-e1612341567177-150x150.jpg 150w, https:\/\/www.comagricola.com\/wp-content\/uploads\/2020\/12\/deserto-fiorito-e1612341567177-100x100.jpg 100w\" sizes=\"auto, (max-width: 300px) 100vw, 300px\" \/>\t\t\t\t\t<span class=\"shadow\"><\/span> \n\t\t\t\t<\/a>   \n\t\t\t\t<div class=\"box-hover\">   \n\t\t\t\t\t<ul class=\"add-to-links\">\n\t\t\t\t\t\t<li> \n\t\t\t\t\t\t\t\t\t\t\t\t\t<\/li>  \n\t\t\t\t\t\t<li>\n\t\t\t\t\t\t\t\t\t\t\t\t\t<\/li> \n\t\t\t\t\t\t  \n\t\t\t\t\t<\/ul> \n\t\t\t\t<\/div>\n\t\t\t\t<div class=\"count-down\">\n\t\t\t\t\t\t\t\t\t\t\t\t\t\t<\/div>  \n\t\t\t<\/div>\n\t\t<\/div>\n\t\t<div class=\"list-col8\">\n\t\t\t<div class=\"gridview\"> \n\t\t\t \t \n\t\t\t\t<h2 class=\"product-name\">\n\t\t\t\t\t<a href=\"https:\/\/www.comagricola.com\/de\/prodotto\/bluhende-wuste\/\">Bl\u00fchende W\u00fcste<\/a>\n\t\t\t\t<\/h2>    \n\t\t\t\t<div class=\"price-box\"> <\/div>  \n\t\t\t\t<div class=\"actions clearfix\">  \n\t\t\t\t\t<div class=\"add-to-cart\">\n\t\t\t\t\t\t<p class=\"product woocommerce add_to_cart_inline \" style=\"border:4px solid #ccc; padding: 12px;\"> \t<span id=\"woocommerce_loop_add_to_cart_link_describedby_12436\" class=\"screen-reader-text\">\n\t\t\t<\/span>\n<\/p>\t\t\t\t\t<\/div> \n\t\t\t\t<\/div>  \n\t\t\t<\/div>\n\t\t<\/div>\n\t\t<div class=\"clearfix\"><\/div>\n\t\t\n\t<\/div>\n<\/div>\n\n\t\t\t\n\t\t\t\t\n\n<div class=\" item-col col-12 col-full-hd col-md-12 post-12451 product type-product status-publish has-post-thumbnail product_cat-blumenwiese product_cat-speziale first instock taxable shipping-taxable product-type-simple\">\n\t<div class=\"product-wrapper\">\n\t\t\n\t\t<div class=\"list-col4\"> \n\t\t\t<div class=\"product-image\">\n\t\t\t\t\t\t\t\t\t\t\t\t\t  \n\t\t\t\t<a href=\"https:\/\/www.comagricola.com\/de\/prodotto\/mineralische-zonen\/\" class=\"woocommerce-LoopProduct-link woocommerce-loop-product__link\">\t\t\t\t\t<img loading=\"lazy\" decoding=\"async\" width=\"300\" height=\"300\" src=\"https:\/\/www.comagricola.com\/wp-content\/uploads\/2020\/12\/zone-minerali-300x300.jpg\" class=\"primary_image\" alt=\"Mineralische Zonen\" srcset=\"https:\/\/www.comagricola.com\/wp-content\/uploads\/2020\/12\/zone-minerali-300x300.jpg 300w, https:\/\/www.comagricola.com\/wp-content\/uploads\/2020\/12\/zone-minerali-150x150.jpg 150w, https:\/\/www.comagricola.com\/wp-content\/uploads\/2020\/12\/zone-minerali-100x100.jpg 100w\" sizes=\"auto, (max-width: 300px) 100vw, 300px\" \/>\t\t\t\t\t<span class=\"shadow\"><\/span> \n\t\t\t\t<\/a>   \n\t\t\t\t<div class=\"box-hover\">   \n\t\t\t\t\t<ul class=\"add-to-links\">\n\t\t\t\t\t\t<li> \n\t\t\t\t\t\t\t\t\t\t\t\t\t<\/li>  \n\t\t\t\t\t\t<li>\n\t\t\t\t\t\t\t\t\t\t\t\t\t<\/li> \n\t\t\t\t\t\t  \n\t\t\t\t\t<\/ul> \n\t\t\t\t<\/div>\n\t\t\t\t<div class=\"count-down\">\n\t\t\t\t\t\t\t\t\t\t\t\t\t\t<\/div>  \n\t\t\t<\/div>\n\t\t<\/div>\n\t\t<div class=\"list-col8\">\n\t\t\t<div class=\"gridview\"> \n\t\t\t \t \n\t\t\t\t<h2 class=\"product-name\">\n\t\t\t\t\t<a href=\"https:\/\/www.comagricola.com\/de\/prodotto\/mineralische-zonen\/\">Mineralische Zonen<\/a>\n\t\t\t\t<\/h2>    \n\t\t\t\t<div class=\"price-box\"> <\/div>  \n\t\t\t\t<div class=\"actions clearfix\">  \n\t\t\t\t\t<div class=\"add-to-cart\">\n\t\t\t\t\t\t<p class=\"product woocommerce add_to_cart_inline \" style=\"border:4px solid #ccc; padding: 12px;\"> \t<span id=\"woocommerce_loop_add_to_cart_link_describedby_12451\" class=\"screen-reader-text\">\n\t\t\t<\/span>\n<\/p>\t\t\t\t\t<\/div> \n\t\t\t\t<\/div>  \n\t\t\t<\/div>\n\t\t<\/div>\n\t\t<div class=\"clearfix\"><\/div>\n\t\t\n\t<\/div>\n<\/div>\n\n\t\t\t\n\t\t\t\t\n\n<div class=\" item-col col-12 col-full-hd col-md-12 post-12422 product type-product status-publish has-post-thumbnail product_cat-blumenwiese product_cat-ornamentalien first instock taxable shipping-taxable product-type-simple\">\n\t<div class=\"product-wrapper\">\n\t\t\n\t\t<div class=\"list-col4\"> \n\t\t\t<div class=\"product-image\">\n\t\t\t\t\t\t\t\t\t\t\t\t\t  \n\t\t\t\t<a href=\"https:\/\/www.comagricola.com\/de\/prodotto\/farben\/\" class=\"woocommerce-LoopProduct-link woocommerce-loop-product__link\">\t\t\t\t\t<img loading=\"lazy\" decoding=\"async\" width=\"300\" height=\"300\" src=\"https:\/\/www.comagricola.com\/wp-content\/uploads\/2020\/12\/Couleurs-300x300.jpg\" class=\"primary_image\" alt=\"Farben\" srcset=\"https:\/\/www.comagricola.com\/wp-content\/uploads\/2020\/12\/Couleurs-300x300.jpg 300w, https:\/\/www.comagricola.com\/wp-content\/uploads\/2020\/12\/Couleurs-150x150.jpg 150w, https:\/\/www.comagricola.com\/wp-content\/uploads\/2020\/12\/Couleurs-100x100.jpg 100w\" sizes=\"auto, (max-width: 300px) 100vw, 300px\" \/>\t\t\t\t\t<span class=\"shadow\"><\/span> \n\t\t\t\t<\/a>   \n\t\t\t\t<div class=\"box-hover\">   \n\t\t\t\t\t<ul class=\"add-to-links\">\n\t\t\t\t\t\t<li> \n\t\t\t\t\t\t\t\t\t\t\t\t\t<\/li>  \n\t\t\t\t\t\t<li>\n\t\t\t\t\t\t\t\t\t\t\t\t\t<\/li> \n\t\t\t\t\t\t  \n\t\t\t\t\t<\/ul> \n\t\t\t\t<\/div>\n\t\t\t\t<div class=\"count-down\">\n\t\t\t\t\t\t\t\t\t\t\t\t\t\t<\/div>  \n\t\t\t<\/div>\n\t\t<\/div>\n\t\t<div class=\"list-col8\">\n\t\t\t<div class=\"gridview\"> \n\t\t\t \t \n\t\t\t\t<h2 class=\"product-name\">\n\t\t\t\t\t<a href=\"https:\/\/www.comagricola.com\/de\/prodotto\/farben\/\">Farben<\/a>\n\t\t\t\t<\/h2>    \n\t\t\t\t<div class=\"price-box\"> <\/div>  \n\t\t\t\t<div class=\"actions clearfix\">  \n\t\t\t\t\t<div class=\"add-to-cart\">\n\t\t\t\t\t\t<p class=\"product woocommerce add_to_cart_inline \" style=\"border:4px solid #ccc; padding: 12px;\"> \t<span id=\"woocommerce_loop_add_to_cart_link_describedby_12422\" class=\"screen-reader-text\">\n\t\t\t<\/span>\n<\/p>\t\t\t\t\t<\/div> \n\t\t\t\t<\/div>  \n\t\t\t<\/div>\n\t\t<\/div>\n\t\t<div class=\"clearfix\"><\/div>\n\t\t\n\t<\/div>\n<\/div>\n\n\t\t\t\n\t\t\t\t\n\n<div class=\" item-col col-12 col-full-hd col-md-12 post-12414 product type-product status-publish has-post-thumbnail product_cat-blumenwiese product_cat-landschaft first instock taxable shipping-taxable product-type-simple\">\n\t<div class=\"product-wrapper\">\n\t\t\n\t\t<div class=\"list-col4\"> \n\t\t\t<div class=\"product-image\">\n\t\t\t\t\t\t\t\t\t\t\t\t\t  \n\t\t\t\t<a href=\"https:\/\/www.comagricola.com\/de\/prodotto\/jahrliche-landschaft\/\" class=\"woocommerce-LoopProduct-link woocommerce-loop-product__link\">\t\t\t\t\t<img loading=\"lazy\" decoding=\"async\" width=\"300\" height=\"300\" src=\"https:\/\/www.comagricola.com\/wp-content\/uploads\/2020\/12\/paesaggio-annuale-300x300.jpg\" class=\"primary_image\" alt=\"J\u00e4hrliche Landschaft\" srcset=\"https:\/\/www.comagricola.com\/wp-content\/uploads\/2020\/12\/paesaggio-annuale-300x300.jpg 300w, https:\/\/www.comagricola.com\/wp-content\/uploads\/2020\/12\/paesaggio-annuale-150x150.jpg 150w, https:\/\/www.comagricola.com\/wp-content\/uploads\/2020\/12\/paesaggio-annuale-100x100.jpg 100w\" sizes=\"auto, (max-width: 300px) 100vw, 300px\" \/>\t\t\t\t\t<span class=\"shadow\"><\/span> \n\t\t\t\t<\/a>   \n\t\t\t\t<div class=\"box-hover\">   \n\t\t\t\t\t<ul class=\"add-to-links\">\n\t\t\t\t\t\t<li> \n\t\t\t\t\t\t\t\t\t\t\t\t\t<\/li>  \n\t\t\t\t\t\t<li>\n\t\t\t\t\t\t\t\t\t\t\t\t\t<\/li> \n\t\t\t\t\t\t  \n\t\t\t\t\t<\/ul> \n\t\t\t\t<\/div>\n\t\t\t\t<div class=\"count-down\">\n\t\t\t\t\t\t\t\t\t\t\t\t\t\t<\/div>  \n\t\t\t<\/div>\n\t\t<\/div>\n\t\t<div class=\"list-col8\">\n\t\t\t<div class=\"gridview\"> \n\t\t\t \t \n\t\t\t\t<h2 class=\"product-name\">\n\t\t\t\t\t<a href=\"https:\/\/www.comagricola.com\/de\/prodotto\/jahrliche-landschaft\/\">J\u00e4hrliche Landschaft<\/a>\n\t\t\t\t<\/h2>    \n\t\t\t\t<div class=\"price-box\"> <\/div>  \n\t\t\t\t<div class=\"actions clearfix\">  \n\t\t\t\t\t<div class=\"add-to-cart\">\n\t\t\t\t\t\t<p class=\"product woocommerce add_to_cart_inline \" style=\"border:4px solid #ccc; padding: 12px;\"> \t<span id=\"woocommerce_loop_add_to_cart_link_describedby_12414\" class=\"screen-reader-text\">\n\t\t\t<\/span>\n<\/p>\t\t\t\t\t<\/div> \n\t\t\t\t<\/div>  \n\t\t\t<\/div>\n\t\t<\/div>\n\t\t<div class=\"clearfix\"><\/div>\n\t\t\n\t<\/div>\n<\/div>\n\n\t\t\t\n\t\t<\/div>\n\t<\/section>\n\n\t\t\n\t\t<meta itemprop=\"url\" content=\"https:\/\/www.comagricola.com\/de\/prodotto\/bluhende-alpen\/\" \/>\n\t<\/div>\n<\/div><!-- #product-12431 --> \n\n\n\t\t\t<\/div>\n\t\t\t<\/div>[vc_separator border_width=&#8221;2&#8243;][\/vc_column][\/vc_row][vc_row el_class=&#8221;prodotto&#8221; css=&#8221;.vc_custom_1608109051067{margin-bottom: 0px !important;border-bottom-width: 0px !important;}&#8221;][vc_column el_class=&#8221;descrizione&#8221;]<div class=\"woocommerce\">\t\t\t<div class=\"single-product\" data-product-page-preselected-id=\"0\">\n\t\t\t\t\n<div class=\"container\">\n<div class=\"woocommerce-notices-wrapper\"><\/div><\/div>\n<div id=\"product-12436\" class=\"product type-product post-12436 status-publish first instock product_cat-blumenwiese product_cat-speziale has-post-thumbnail taxable shipping-taxable product-type-simple\">\n\t<div class=\"container\">\n\t\t<div class=\"row\">\n\t\t\t<div class=\"col-12 col-md-5\">\n\t\t\t\t<div class=\"single-product-image\">\n\t\t\t\t\t<div class=\"woocommerce-product-gallery woocommerce-product-gallery--with-images woocommerce-product-gallery--columns-4 images\" data-columns=\"4\" style=\"opacity: 0; transition: opacity .25s ease-in-out;\">\n\t<div class=\"woocommerce-product-gallery__wrapper\">\n\t\t<div data-thumb=\"https:\/\/www.comagricola.com\/wp-content\/uploads\/2020\/12\/deserto-fiorito-e1612341567177-100x100.jpg\" data-thumb-alt=\"Bl\u00fchende W\u00fcste\" data-thumb-srcset=\"https:\/\/www.comagricola.com\/wp-content\/uploads\/2020\/12\/deserto-fiorito-e1612341567177-100x100.jpg 100w, https:\/\/www.comagricola.com\/wp-content\/uploads\/2020\/12\/deserto-fiorito-e1612341567177-150x150.jpg 150w, https:\/\/www.comagricola.com\/wp-content\/uploads\/2020\/12\/deserto-fiorito-e1612341567177-300x300.jpg 300w\"  data-thumb-sizes=\"(max-width: 100px) 100vw, 100px\" class=\"woocommerce-product-gallery__image\"><a data-rel=\"lightbox-gallery-1\" href=\"https:\/\/www.comagricola.com\/wp-content\/uploads\/2020\/12\/deserto-fiorito-e1612341567177.jpg\"><img loading=\"lazy\" decoding=\"async\" width=\"600\" height=\"450\" src=\"https:\/\/www.comagricola.com\/wp-content\/uploads\/2020\/12\/deserto-fiorito-e1612341567177-600x450.jpg\" class=\"wp-post-image\" alt=\"Bl\u00fchende W\u00fcste\" data-caption=\"\" data-src=\"https:\/\/www.comagricola.com\/wp-content\/uploads\/2020\/12\/deserto-fiorito-e1612341567177.jpg\" data-large_image=\"https:\/\/www.comagricola.com\/wp-content\/uploads\/2020\/12\/deserto-fiorito-e1612341567177.jpg\" data-large_image_width=\"742\" data-large_image_height=\"557\" srcset=\"https:\/\/www.comagricola.com\/wp-content\/uploads\/2020\/12\/deserto-fiorito-e1612341567177-600x450.jpg 600w, https:\/\/www.comagricola.com\/wp-content\/uploads\/2020\/12\/deserto-fiorito-e1612341567177-300x225.jpg 300w, https:\/\/www.comagricola.com\/wp-content\/uploads\/2020\/12\/deserto-fiorito-e1612341567177.jpg 742w\" sizes=\"auto, (max-width: 600px) 100vw, 600px\" \/><\/a><\/div>\t<\/div>\n<\/div>\n\t\t\t\t<\/div>\n\n\t\t\t<\/div>\n\t\t\t<div class=\"col-12 col-md-7\">\n\t\t\t\t<div class=\"summary entry-summary single-product-info\">\n\t\t\t\t\t<div class=\"product-nav\">\n\t\t\t\t\t\t<div class=\"next-prev\">\n\t\t\t\t\t\t\t<div class=\"prev\"><a href=\"https:\/\/www.comagricola.com\/de\/prodotto\/bluhende-alpen\/\" rel=\"prev\">Bl\u00fchende Alpen<\/a><\/div>\n\t\t\t\t\t\t\t<div class=\"next\"><a href=\"https:\/\/www.comagricola.com\/de\/prodotto\/bluhende-ufer\/\" rel=\"next\">Bl\u00fchende Ufer<\/a><\/div>\n\t\t\t\t\t\t<\/div>\n\t\t\t\t\t<\/div>\n\t\t\t\t\n\t\t\t\t\t<h2 class=\"product_title entry-title\">Bl\u00fchende W\u00fcste<\/h2>\t\t\t\t<style type=\"text\/css\">\n\t\t\t\t\tp.ywcrbp_custom_message {\n\t\t\t\t\t\tcolor: #ff0000;\n\t\t\t\t\t}\n\t\t\t\t<\/style>\n\t\t\t\t<p class=\"ywcrbp_custom_message\"><\/p><p class=\"price\"> <\/p>\n<div class=\"woocommerce-product-details__short-description\">\n\t<h3>\u00c4sthetik<\/h3>\n<p>Vereinigung von 18 Arten, die wegen der Sch\u00f6nheit ihrer Bl\u00fcten und ihrer hohen Widerstandsf\u00e4higkeit gegen Trockenheit und hohe Temperaturen ausgew\u00e4hlt wurden.<br \/>\nSie ist ideal f\u00fcr entw\u00e4ssernde B\u00f6den und erreicht eine H\u00f6he von 60-70 cm.<br \/>\nBen\u00f6tigt keine Bew\u00e4sserung.<\/p>\n<\/div>\n<div class=\"product_meta\">\n\n\t\n\t\n\t<span class=\"posted_in\">Kategorien: <a href=\"https:\/\/www.comagricola.com\/de\/categoria-prodotto\/blumenwiese\/\" rel=\"tag\">Blumenwiese<\/a>, <a href=\"https:\/\/www.comagricola.com\/de\/categoria-prodotto\/blumenwiese\/speziale\/\" rel=\"tag\">Speziale<\/a><\/span>\n\t\n\t\n<\/div>\n\t\t<div class=\"share_buttons\">\n\t\t\t\t\t<\/div>\n\t\t\t\t\t\t<div class=\"single-product-sharing\">\n\t\t\t\t\t\t    <div class=\"widget widget_socialsharing_widget\"> \n        <ul class=\"social-icons\">\n            <li><a class=\"facebook social-icon\" href=\"#\" onclick=\"javascript: window.open('https:\/\/www.facebook.com\/sharer\/sharer.php?u=https:\/\/www.comagricola.com\/de\/prodotto\/bluhende-wuste\/'); return false;\" title=\"Facebook\" target=\"_blank\"><i class=\"fa fa-facebook\"><\/i><\/a><\/li>\n            <li><a class=\"twitter social-icon\" href=\"#\" title=\"Twitter\" onclick=\"javascript: window.open('https:\/\/twitter.com\/home?status=Bl\u00fchende W\u00fcste&nbsp;https:\/\/www.comagricola.com\/de\/prodotto\/bluhende-wuste\/'); return false;\" target=\"_blank\"><i class=\"fa fa-twitter\"><\/i><\/a><\/li>\n            <li><a class=\"pinterest social-icon\" href=\"#\" onclick=\"javascript: window.open('https:\/\/pinterest.com\/pin\/create\/button\/?url=https:\/\/www.comagricola.com\/de\/prodotto\/bluhende-wuste\/&amp;media=https:\/\/www.comagricola.com\/wp-content\/uploads\/2020\/12\/deserto-fiorito-e1612341567177.jpg&amp;description=Bl\u00fchende W\u00fcste'); return false;\" title=\"Pinterest\" target=\"_blank\"><i class=\"fa fa-pinterest\"><\/i><\/a><\/li>\n            <li><a class=\"gplus social-icon\" href=\"#\" onclick=\"javascript: window.open('https:\/\/plus.google.com\/share?url=https:\/\/www.comagricola.com\/de\/prodotto\/bluhende-wuste\/'); return false;\" title=\"Google +\" target=\"_blank\"><i class=\"fa fa-google-plus\"><\/i><\/a><\/li>\n            <li><a class=\"linkedin social-icon\" href=\"#\" onclick=\"javascript: window.open('https:\/\/www.linkedin.com\/shareArticle?mini=true&amp;url=https:\/\/www.comagricola.com\/de\/prodotto\/bluhende-wuste\/&amp;title=Bl\u00fchende W\u00fcste'); return false;\" title=\"LinkedIn\" target=\"_blank\"><i class=\"fa fa-linkedin\"><\/i><\/a><\/li>\n        <\/ul>\n    <\/div>\n    \t\t\t\t\t<\/div>\n\n\t\t\t\t<\/div><!-- .summary -->\n\t\t\t<\/div> \n\t\t<\/div>\n\t<\/div>\n\t\n\t<div class=\"container\">\n\t\t\n\t<div class=\"woocommerce-tabs wc-tabs-wrapper\">\n\t\t<ul class=\"tabs wc-tabs\" role=\"tablist\">\n\t\t\t\t\t\t\t<li role=\"presentation\" class=\"description_tab\" id=\"tab-title-description\">\n\t\t\t\t\t<a href=\"#tab-description\" role=\"tab\" aria-controls=\"tab-description\">\n\t\t\t\t\t\tBeschreibung\t\t\t\t\t<\/a>\n\t\t\t\t<\/li>\n\t\t\t\t\t\t\t<li role=\"presentation\" class=\"additional_information_tab\" id=\"tab-title-additional_information\">\n\t\t\t\t\t<a href=\"#tab-additional_information\" role=\"tab\" aria-controls=\"tab-additional_information\">\n\t\t\t\t\t\tZus\u00e4tzliche Informationen\t\t\t\t\t<\/a>\n\t\t\t\t<\/li>\n\t\t\t\t\t<\/ul>\n\t\t\t\t\t<div class=\"woocommerce-Tabs-panel woocommerce-Tabs-panel--description panel entry-content wc-tab\" id=\"tab-description\" role=\"tabpanel\" aria-labelledby=\"tab-title-description\">\n\t\t\t\t\n\t<h2>Beschreibung<\/h2>\n\n[vc_row][vc_column width=&#8221;3\/12&#8243;][vc_column_text]\n<h4>Dosierung S\u00e4en<\/h4>\n<p>von 1,5 bis 3 gr\/qm[\/vc_column_text][\/vc_column][vc_column width=&#8221;9\/12&#8243;][vc_column_text]\n<table style=\"width: 100%; border-collapse: collapse; border-style: none;\" border=\"0\" cellspacing=\"0\" cellpadding=\"0\">\n<tbody>\n<tr>\n<td style=\"width: 151px; padding-right: 20px; border-style: none; vertical-align: top;\">\n<h4>ZUSAMMENSETZUNG<\/h4>\n<\/td>\n<td style=\"width: 166px; padding-right: 20px; vertical-align: top; border-style: none;\"><\/td>\n<td style=\"width: 166px; padding-right: 20px; vertical-align: top; border-style: none;\"><\/td>\n<\/tr>\n<tr>\n<td style=\"border-style: none; width: 33%; padding-right: 20px; vertical-align: top;\">Achillea millefolium<br \/>\nAdonis aestivalis<br \/>\nAlyssum saxatile<br \/>\nAnthyllis vulneraria<br \/>\n<strong>Bellis perenne<\/strong><br \/>\nCalendula officinalis<\/td>\n<td style=\"border-style: none; width: 33%; padding-right: 20px; vertical-align: top;\"><strong>Cerastium <\/strong><strong>tomemntosum<\/strong><br \/>\nCheiranthus cheiri<br \/>\nCheiranthus segetum<br \/>\nNigella sativa<br \/>\nGalium verum<br \/>\n<strong>Gypsophila repens<\/strong><\/td>\n<td style=\"border-style: none; width: 33%; padding-right: 20px; vertical-align: top;\">Heliantemum mutabile<br \/>\nHypericum perforatum<br \/>\n<strong>Leucanthemum <\/strong><strong>vulgare<\/strong><br \/>\n<strong>Linum perenne<\/strong><br \/>\n<strong>Linum grandiflrum<\/strong><br \/>\nMalva moschata<\/td>\n<\/tr>\n<\/tbody>\n<\/table>\n[\/vc_column_text][\/vc_column][\/vc_row]\n\t\t\t<\/div>\n\t\t\t\t\t<div class=\"woocommerce-Tabs-panel woocommerce-Tabs-panel--additional_information panel entry-content wc-tab\" id=\"tab-additional_information\" role=\"tabpanel\" aria-labelledby=\"tab-title-additional_information\">\n\t\t\t\t\n\t<h2>Zus\u00e4tzliche Informationen<\/h2>\n\n<table class=\"woocommerce-product-attributes shop_attributes\" aria-label=\"Produktdetails\">\n\t\t\t<tr class=\"woocommerce-product-attributes-item woocommerce-product-attributes-item--attribute_pa_confezione\">\n\t\t\t<th class=\"woocommerce-product-attributes-item__label\" scope=\"row\">Verpackung Beutel<\/th>\n\t\t\t<td class=\"woocommerce-product-attributes-item__value\"><p>Verpackung Beutel kg. 1<\/p>\n<\/td>\n\t\t<\/tr>\n\t<\/table>\n\t\t\t<\/div>\n\t\t\n\t\t\t<\/div>\n\n\n\t<section class=\"related products\">\n\t\t<div class=\"title1\"><h3><span>Potrebbero interessarti<\/span><\/h3><\/div> \n\n\t\t<div class=\"shop-products products row grid-view sidebar\">\n\t\t\t\n\t\t\t\t\n\n<div class=\" item-col col-12 col-full-hd col-md-12 post-12448 product type-product status-publish has-post-thumbnail product_cat-blumenwiese product_cat-speziale first instock taxable shipping-taxable product-type-simple\">\n\t<div class=\"product-wrapper\">\n\t\t\n\t\t<div class=\"list-col4\"> \n\t\t\t<div class=\"product-image\">\n\t\t\t\t\t\t\t\t\t\t\t\t\t  \n\t\t\t\t<a href=\"https:\/\/www.comagricola.com\/de\/prodotto\/blumen-der-felsen\/\" class=\"woocommerce-LoopProduct-link woocommerce-loop-product__link\">\t\t\t\t\t<img loading=\"lazy\" decoding=\"async\" width=\"300\" height=\"300\" src=\"https:\/\/www.comagricola.com\/wp-content\/uploads\/2020\/12\/fiori-delle-rocce-300x300.jpg\" class=\"primary_image\" alt=\"Blumen der Felsen\" srcset=\"https:\/\/www.comagricola.com\/wp-content\/uploads\/2020\/12\/fiori-delle-rocce-300x300.jpg 300w, https:\/\/www.comagricola.com\/wp-content\/uploads\/2020\/12\/fiori-delle-rocce-150x150.jpg 150w, https:\/\/www.comagricola.com\/wp-content\/uploads\/2020\/12\/fiori-delle-rocce-100x100.jpg 100w\" sizes=\"auto, (max-width: 300px) 100vw, 300px\" \/>\t\t\t\t\t<span class=\"shadow\"><\/span> \n\t\t\t\t<\/a>   \n\t\t\t\t<div class=\"box-hover\">   \n\t\t\t\t\t<ul class=\"add-to-links\">\n\t\t\t\t\t\t<li> \n\t\t\t\t\t\t\t\t\t\t\t\t\t<\/li>  \n\t\t\t\t\t\t<li>\n\t\t\t\t\t\t\t\t\t\t\t\t\t<\/li> \n\t\t\t\t\t\t  \n\t\t\t\t\t<\/ul> \n\t\t\t\t<\/div>\n\t\t\t\t<div class=\"count-down\">\n\t\t\t\t\t\t\t\t\t\t\t\t\t\t<\/div>  \n\t\t\t<\/div>\n\t\t<\/div>\n\t\t<div class=\"list-col8\">\n\t\t\t<div class=\"gridview\"> \n\t\t\t \t \n\t\t\t\t<h2 class=\"product-name\">\n\t\t\t\t\t<a href=\"https:\/\/www.comagricola.com\/de\/prodotto\/blumen-der-felsen\/\">Blumen der Felsen<\/a>\n\t\t\t\t<\/h2>    \n\t\t\t\t<div class=\"price-box\"> <\/div>  \n\t\t\t\t<div class=\"actions clearfix\">  \n\t\t\t\t\t<div class=\"add-to-cart\">\n\t\t\t\t\t\t<p class=\"product woocommerce add_to_cart_inline \" style=\"border:4px solid #ccc; padding: 12px;\"> \t<span id=\"woocommerce_loop_add_to_cart_link_describedby_12448\" class=\"screen-reader-text\">\n\t\t\t<\/span>\n<\/p>\t\t\t\t\t<\/div> \n\t\t\t\t<\/div>  \n\t\t\t<\/div>\n\t\t<\/div>\n\t\t<div class=\"clearfix\"><\/div>\n\t\t\n\t<\/div>\n<\/div>\n\n\t\t\t\n\t\t\t\t\n\n<div class=\" item-col col-12 col-full-hd col-md-12 post-12425 product type-product status-publish has-post-thumbnail product_cat-blumenwiese product_cat-ornamentalien first instock taxable shipping-taxable product-type-simple\">\n\t<div class=\"product-wrapper\">\n\t\t\n\t\t<div class=\"list-col4\"> \n\t\t\t<div class=\"product-image\">\n\t\t\t\t\t\t\t\t\t\t\t\t\t  \n\t\t\t\t<a href=\"https:\/\/www.comagricola.com\/de\/prodotto\/italienische-blutenblatter\/\" class=\"woocommerce-LoopProduct-link woocommerce-loop-product__link\">\t\t\t\t\t<img loading=\"lazy\" decoding=\"async\" width=\"300\" height=\"300\" src=\"https:\/\/www.comagricola.com\/wp-content\/uploads\/2020\/12\/Petali-di-francia-300x300.jpg\" class=\"primary_image\" alt=\"Italienische Bl\u00fctenbl\u00e4tter\" srcset=\"https:\/\/www.comagricola.com\/wp-content\/uploads\/2020\/12\/Petali-di-francia-300x300.jpg 300w, https:\/\/www.comagricola.com\/wp-content\/uploads\/2020\/12\/Petali-di-francia-150x150.jpg 150w, https:\/\/www.comagricola.com\/wp-content\/uploads\/2020\/12\/Petali-di-francia-100x100.jpg 100w\" sizes=\"auto, (max-width: 300px) 100vw, 300px\" \/>\t\t\t\t\t<span class=\"shadow\"><\/span> \n\t\t\t\t<\/a>   \n\t\t\t\t<div class=\"box-hover\">   \n\t\t\t\t\t<ul class=\"add-to-links\">\n\t\t\t\t\t\t<li> \n\t\t\t\t\t\t\t\t\t\t\t\t\t<\/li>  \n\t\t\t\t\t\t<li>\n\t\t\t\t\t\t\t\t\t\t\t\t\t<\/li> \n\t\t\t\t\t\t  \n\t\t\t\t\t<\/ul> \n\t\t\t\t<\/div>\n\t\t\t\t<div class=\"count-down\">\n\t\t\t\t\t\t\t\t\t\t\t\t\t\t<\/div>  \n\t\t\t<\/div>\n\t\t<\/div>\n\t\t<div class=\"list-col8\">\n\t\t\t<div class=\"gridview\"> \n\t\t\t \t \n\t\t\t\t<h2 class=\"product-name\">\n\t\t\t\t\t<a href=\"https:\/\/www.comagricola.com\/de\/prodotto\/italienische-blutenblatter\/\">Italienische Bl\u00fctenbl\u00e4tter<\/a>\n\t\t\t\t<\/h2>    \n\t\t\t\t<div class=\"price-box\"> <\/div>  \n\t\t\t\t<div class=\"actions clearfix\">  \n\t\t\t\t\t<div class=\"add-to-cart\">\n\t\t\t\t\t\t<p class=\"product woocommerce add_to_cart_inline \" style=\"border:4px solid #ccc; padding: 12px;\"> \t<span id=\"woocommerce_loop_add_to_cart_link_describedby_12425\" class=\"screen-reader-text\">\n\t\t\t<\/span>\n<\/p>\t\t\t\t\t<\/div> \n\t\t\t\t<\/div>  \n\t\t\t<\/div>\n\t\t<\/div>\n\t\t<div class=\"clearfix\"><\/div>\n\t\t\n\t<\/div>\n<\/div>\n\n\t\t\t\n\t\t\t\t\n\n<div class=\" item-col col-12 col-full-hd col-md-12 post-12427 product type-product status-publish has-post-thumbnail product_cat-blumenwiese product_cat-ornamentalien first instock taxable shipping-taxable product-type-simple\">\n\t<div class=\"product-wrapper\">\n\t\t\n\t\t<div class=\"list-col4\"> \n\t\t\t<div class=\"product-image\">\n\t\t\t\t\t\t\t\t\t\t\t\t\t  \n\t\t\t\t<a href=\"https:\/\/www.comagricola.com\/de\/prodotto\/einfarbig-jahrlich\/\" class=\"woocommerce-LoopProduct-link woocommerce-loop-product__link\">\t\t\t\t\t<img loading=\"lazy\" decoding=\"async\" width=\"300\" height=\"300\" src=\"https:\/\/www.comagricola.com\/wp-content\/uploads\/2020\/12\/ornamentali-annuali-300x300.jpg\" class=\"primary_image\" alt=\"Einfarbig j\u00e4hrlich\" srcset=\"https:\/\/www.comagricola.com\/wp-content\/uploads\/2020\/12\/ornamentali-annuali-300x300.jpg 300w, https:\/\/www.comagricola.com\/wp-content\/uploads\/2020\/12\/ornamentali-annuali-150x150.jpg 150w, https:\/\/www.comagricola.com\/wp-content\/uploads\/2020\/12\/ornamentali-annuali-100x100.jpg 100w\" sizes=\"auto, (max-width: 300px) 100vw, 300px\" \/>\t\t\t\t\t<span class=\"shadow\"><\/span> \n\t\t\t\t<\/a>   \n\t\t\t\t<div class=\"box-hover\">   \n\t\t\t\t\t<ul class=\"add-to-links\">\n\t\t\t\t\t\t<li> \n\t\t\t\t\t\t\t\t\t\t\t\t\t<\/li>  \n\t\t\t\t\t\t<li>\n\t\t\t\t\t\t\t\t\t\t\t\t\t<\/li> \n\t\t\t\t\t\t  \n\t\t\t\t\t<\/ul> \n\t\t\t\t<\/div>\n\t\t\t\t<div class=\"count-down\">\n\t\t\t\t\t\t\t\t\t\t\t\t\t\t<\/div>  \n\t\t\t<\/div>\n\t\t<\/div>\n\t\t<div class=\"list-col8\">\n\t\t\t<div class=\"gridview\"> \n\t\t\t \t \n\t\t\t\t<h2 class=\"product-name\">\n\t\t\t\t\t<a href=\"https:\/\/www.comagricola.com\/de\/prodotto\/einfarbig-jahrlich\/\">Einfarbig j\u00e4hrlich<\/a>\n\t\t\t\t<\/h2>    \n\t\t\t\t<div class=\"price-box\"><\/div>  \n\t\t\t\t<div class=\"actions clearfix\">  \n\t\t\t\t\t<div class=\"add-to-cart\">\n\t\t\t\t\t\t<p class=\"product woocommerce add_to_cart_inline \" style=\"border:4px solid #ccc; padding: 12px;\">\t<span id=\"woocommerce_loop_add_to_cart_link_describedby_12427\" class=\"screen-reader-text\">\n\t\t\t<\/span>\n<\/p>\t\t\t\t\t<\/div> \n\t\t\t\t<\/div>  \n\t\t\t<\/div>\n\t\t<\/div>\n\t\t<div class=\"clearfix\"><\/div>\n\t\t\n\t<\/div>\n<\/div>\n\n\t\t\t\n\t\t\t\t\n\n<div class=\" item-col col-12 col-full-hd col-md-12 post-12446 product type-product status-publish has-post-thumbnail product_cat-blumenwiese product_cat-speziale first instock taxable shipping-taxable product-type-simple\">\n\t<div class=\"product-wrapper\">\n\t\t\n\t\t<div class=\"list-col4\"> \n\t\t\t<div class=\"product-image\">\n\t\t\t\t\t\t\t\t\t\t\t\t\t  \n\t\t\t\t<a href=\"https:\/\/www.comagricola.com\/de\/prodotto\/blumenparks\/\" class=\"woocommerce-LoopProduct-link woocommerce-loop-product__link\">\t\t\t\t\t<img loading=\"lazy\" decoding=\"async\" width=\"300\" height=\"300\" src=\"https:\/\/www.comagricola.com\/wp-content\/uploads\/2020\/12\/Provence-300x300.jpg\" class=\"primary_image\" alt=\"Blumenparks\" srcset=\"https:\/\/www.comagricola.com\/wp-content\/uploads\/2020\/12\/Provence-300x300.jpg 300w, https:\/\/www.comagricola.com\/wp-content\/uploads\/2020\/12\/Provence-150x150.jpg 150w, https:\/\/www.comagricola.com\/wp-content\/uploads\/2020\/12\/Provence-100x100.jpg 100w\" sizes=\"auto, (max-width: 300px) 100vw, 300px\" \/>\t\t\t\t\t<span class=\"shadow\"><\/span> \n\t\t\t\t<\/a>   \n\t\t\t\t<div class=\"box-hover\">   \n\t\t\t\t\t<ul class=\"add-to-links\">\n\t\t\t\t\t\t<li> \n\t\t\t\t\t\t\t\t\t\t\t\t\t<\/li>  \n\t\t\t\t\t\t<li>\n\t\t\t\t\t\t\t\t\t\t\t\t\t<\/li> \n\t\t\t\t\t\t  \n\t\t\t\t\t<\/ul> \n\t\t\t\t<\/div>\n\t\t\t\t<div class=\"count-down\">\n\t\t\t\t\t\t\t\t\t\t\t\t\t\t<\/div>  \n\t\t\t<\/div>\n\t\t<\/div>\n\t\t<div class=\"list-col8\">\n\t\t\t<div class=\"gridview\"> \n\t\t\t \t \n\t\t\t\t<h2 class=\"product-name\">\n\t\t\t\t\t<a href=\"https:\/\/www.comagricola.com\/de\/prodotto\/blumenparks\/\">Blumenparks<\/a>\n\t\t\t\t<\/h2>    \n\t\t\t\t<div class=\"price-box\"> <\/div>  \n\t\t\t\t<div class=\"actions clearfix\">  \n\t\t\t\t\t<div class=\"add-to-cart\">\n\t\t\t\t\t\t<p class=\"product woocommerce add_to_cart_inline \" style=\"border:4px solid #ccc; padding: 12px;\"> \t<span id=\"woocommerce_loop_add_to_cart_link_describedby_12446\" class=\"screen-reader-text\">\n\t\t\t<\/span>\n<\/p>\t\t\t\t\t<\/div> \n\t\t\t\t<\/div>  \n\t\t\t<\/div>\n\t\t<\/div>\n\t\t<div class=\"clearfix\"><\/div>\n\t\t\n\t<\/div>\n<\/div>\n\n\t\t\t\n\t\t<\/div>\n\t<\/section>\n\n\t\t\n\t\t<meta itemprop=\"url\" content=\"https:\/\/www.comagricola.com\/de\/prodotto\/bluhende-wuste\/\" \/>\n\t<\/div>\n<\/div><!-- #product-12436 --> \n\n\n\t\t\t<\/div>\n\t\t\t<\/div>[vc_separator border_width=&#8221;2&#8243;][\/vc_column][\/vc_row][vc_row el_class=&#8221;prodotto&#8221; css=&#8221;.vc_custom_1608109051067{margin-bottom: 0px !important;border-bottom-width: 0px !important;}&#8221;][vc_column el_class=&#8221;descrizione&#8221;]<div class=\"woocommerce\">\t\t\t<div class=\"single-product\" data-product-page-preselected-id=\"0\">\n\t\t\t\t\n<div class=\"container\">\n<div class=\"woocommerce-notices-wrapper\"><\/div><\/div>\n<div id=\"product-12441\" class=\"product type-product post-12441 status-publish first instock product_cat-blumenwiese product_cat-speziale has-post-thumbnail taxable shipping-taxable product-type-simple\">\n\t<div class=\"container\">\n\t\t<div class=\"row\">\n\t\t\t<div class=\"col-12 col-md-5\">\n\t\t\t\t<div class=\"single-product-image\">\n\t\t\t\t\t<div class=\"woocommerce-product-gallery woocommerce-product-gallery--with-images woocommerce-product-gallery--columns-4 images\" data-columns=\"4\" style=\"opacity: 0; transition: opacity .25s ease-in-out;\">\n\t<div class=\"woocommerce-product-gallery__wrapper\">\n\t\t<div data-thumb=\"https:\/\/www.comagricola.com\/wp-content\/uploads\/2020\/12\/Bassin-fleuri-e1612341780812-100x100.jpg\" data-thumb-alt=\"Bl\u00fchende Ufer\" data-thumb-srcset=\"https:\/\/www.comagricola.com\/wp-content\/uploads\/2020\/12\/Bassin-fleuri-e1612341780812-100x100.jpg 100w, https:\/\/www.comagricola.com\/wp-content\/uploads\/2020\/12\/Bassin-fleuri-e1612341780812-150x150.jpg 150w\"  data-thumb-sizes=\"(max-width: 100px) 100vw, 100px\" class=\"woocommerce-product-gallery__image\"><a data-rel=\"lightbox-gallery-1\" href=\"https:\/\/www.comagricola.com\/wp-content\/uploads\/2020\/12\/Bassin-fleuri-e1612341780812.jpg\"><img loading=\"lazy\" decoding=\"async\" width=\"371\" height=\"278\" src=\"https:\/\/www.comagricola.com\/wp-content\/uploads\/2020\/12\/Bassin-fleuri-e1612341780812.jpg\" class=\"wp-post-image\" alt=\"Bl\u00fchende Ufer\" data-caption=\"\" data-src=\"https:\/\/www.comagricola.com\/wp-content\/uploads\/2020\/12\/Bassin-fleuri-e1612341780812.jpg\" data-large_image=\"https:\/\/www.comagricola.com\/wp-content\/uploads\/2020\/12\/Bassin-fleuri-e1612341780812.jpg\" data-large_image_width=\"371\" data-large_image_height=\"278\" srcset=\"https:\/\/www.comagricola.com\/wp-content\/uploads\/2020\/12\/Bassin-fleuri-e1612341780812.jpg 371w, https:\/\/www.comagricola.com\/wp-content\/uploads\/2020\/12\/Bassin-fleuri-e1612341780812-300x225.jpg 300w\" sizes=\"auto, (max-width: 371px) 100vw, 371px\" \/><\/a><\/div>\t<\/div>\n<\/div>\n\t\t\t\t<\/div>\n\n\t\t\t<\/div>\n\t\t\t<div class=\"col-12 col-md-7\">\n\t\t\t\t<div class=\"summary entry-summary single-product-info\">\n\t\t\t\t\t<div class=\"product-nav\">\n\t\t\t\t\t\t<div class=\"next-prev\">\n\t\t\t\t\t\t\t<div class=\"prev\"><a href=\"https:\/\/www.comagricola.com\/de\/prodotto\/bluhende-wuste\/\" rel=\"prev\">Bl\u00fchende W\u00fcste<\/a><\/div>\n\t\t\t\t\t\t\t<div class=\"next\"><a href=\"https:\/\/www.comagricola.com\/de\/prodotto\/schatten-blumen\/\" rel=\"next\">Schatten Blumen<\/a><\/div>\n\t\t\t\t\t\t<\/div>\n\t\t\t\t\t<\/div>\n\t\t\t\t\n\t\t\t\t\t<h2 class=\"product_title entry-title\">Bl\u00fchende Ufer<\/h2>\t\t\t\t<style type=\"text\/css\">\n\t\t\t\t\tp.ywcrbp_custom_message {\n\t\t\t\t\t\tcolor: #ff0000;\n\t\t\t\t\t}\n\t\t\t\t<\/style>\n\t\t\t\t<p class=\"ywcrbp_custom_message\"><\/p><p class=\"price\"> <\/p>\n<div class=\"woocommerce-product-details__short-description\">\n\t<h3>\u00c4sthetik<\/h3>\n<p>Die Blumenmischung ist resistent gegen stressige Bedingungen in Verbindung mit Wasserstagnation. Ideal in der N\u00e4he von Teichen, Schwimmb\u00e4dern oder bei der Wiederherstellung von Flussgebieten, sie erreicht eine H\u00f6he von 60-90 cm.<\/p>\n<\/div>\n<div class=\"product_meta\">\n\n\t\n\t\n\t<span class=\"posted_in\">Kategorien: <a href=\"https:\/\/www.comagricola.com\/de\/categoria-prodotto\/blumenwiese\/\" rel=\"tag\">Blumenwiese<\/a>, <a href=\"https:\/\/www.comagricola.com\/de\/categoria-prodotto\/blumenwiese\/speziale\/\" rel=\"tag\">Speziale<\/a><\/span>\n\t\n\t\n<\/div>\n\t\t<div class=\"share_buttons\">\n\t\t\t\t\t<\/div>\n\t\t\t\t\t\t<div class=\"single-product-sharing\">\n\t\t\t\t\t\t    <div class=\"widget widget_socialsharing_widget\"> \n        <ul class=\"social-icons\">\n            <li><a class=\"facebook social-icon\" href=\"#\" onclick=\"javascript: window.open('https:\/\/www.facebook.com\/sharer\/sharer.php?u=https:\/\/www.comagricola.com\/de\/prodotto\/bluhende-ufer\/'); return false;\" title=\"Facebook\" target=\"_blank\"><i class=\"fa fa-facebook\"><\/i><\/a><\/li>\n            <li><a class=\"twitter social-icon\" href=\"#\" title=\"Twitter\" onclick=\"javascript: window.open('https:\/\/twitter.com\/home?status=Bl\u00fchende Ufer&nbsp;https:\/\/www.comagricola.com\/de\/prodotto\/bluhende-ufer\/'); return false;\" target=\"_blank\"><i class=\"fa fa-twitter\"><\/i><\/a><\/li>\n            <li><a class=\"pinterest social-icon\" href=\"#\" onclick=\"javascript: window.open('https:\/\/pinterest.com\/pin\/create\/button\/?url=https:\/\/www.comagricola.com\/de\/prodotto\/bluhende-ufer\/&amp;media=https:\/\/www.comagricola.com\/wp-content\/uploads\/2020\/12\/Bassin-fleuri-e1612341780812.jpg&amp;description=Bl\u00fchende Ufer'); return false;\" title=\"Pinterest\" target=\"_blank\"><i class=\"fa fa-pinterest\"><\/i><\/a><\/li>\n            <li><a class=\"gplus social-icon\" href=\"#\" onclick=\"javascript: window.open('https:\/\/plus.google.com\/share?url=https:\/\/www.comagricola.com\/de\/prodotto\/bluhende-ufer\/'); return false;\" title=\"Google +\" target=\"_blank\"><i class=\"fa fa-google-plus\"><\/i><\/a><\/li>\n            <li><a class=\"linkedin social-icon\" href=\"#\" onclick=\"javascript: window.open('https:\/\/www.linkedin.com\/shareArticle?mini=true&amp;url=https:\/\/www.comagricola.com\/de\/prodotto\/bluhende-ufer\/&amp;title=Bl\u00fchende Ufer'); return false;\" title=\"LinkedIn\" target=\"_blank\"><i class=\"fa fa-linkedin\"><\/i><\/a><\/li>\n        <\/ul>\n    <\/div>\n    \t\t\t\t\t<\/div>\n\n\t\t\t\t<\/div><!-- .summary -->\n\t\t\t<\/div> \n\t\t<\/div>\n\t<\/div>\n\t\n\t<div class=\"container\">\n\t\t\n\t<div class=\"woocommerce-tabs wc-tabs-wrapper\">\n\t\t<ul class=\"tabs wc-tabs\" role=\"tablist\">\n\t\t\t\t\t\t\t<li role=\"presentation\" class=\"description_tab\" id=\"tab-title-description\">\n\t\t\t\t\t<a href=\"#tab-description\" role=\"tab\" aria-controls=\"tab-description\">\n\t\t\t\t\t\tBeschreibung\t\t\t\t\t<\/a>\n\t\t\t\t<\/li>\n\t\t\t\t\t\t\t<li role=\"presentation\" class=\"additional_information_tab\" id=\"tab-title-additional_information\">\n\t\t\t\t\t<a href=\"#tab-additional_information\" role=\"tab\" aria-controls=\"tab-additional_information\">\n\t\t\t\t\t\tZus\u00e4tzliche Informationen\t\t\t\t\t<\/a>\n\t\t\t\t<\/li>\n\t\t\t\t\t<\/ul>\n\t\t\t\t\t<div class=\"woocommerce-Tabs-panel woocommerce-Tabs-panel--description panel entry-content wc-tab\" id=\"tab-description\" role=\"tabpanel\" aria-labelledby=\"tab-title-description\">\n\t\t\t\t\n\t<h2>Beschreibung<\/h2>\n\n[vc_row][vc_column width=&#8221;3\/12&#8243;][vc_column_text]\n<h4>Dosierung S\u00e4en<\/h4>\n<p>von 1,5 bis 3 gr\/qm[\/vc_column_text][\/vc_column][vc_column width=&#8221;9\/12&#8243;][vc_column_text]\n<table style=\"width: 100%; border-collapse: collapse; border-style: none;\" border=\"0\" cellspacing=\"0\" cellpadding=\"0\">\n<tbody>\n<tr>\n<td style=\"width: 151px; padding-right: 20px; border-style: none; vertical-align: top;\">\n<h4>ZUSAMMENSETZUNG<\/h4>\n<\/td>\n<td style=\"width: 166px; padding-right: 20px; vertical-align: top; border-style: none;\"><\/td>\n<td style=\"width: 166px; padding-right: 20px; vertical-align: top; border-style: none;\"><\/td>\n<\/tr>\n<tr>\n<td style=\"border-style: none; width: 33%; padding-right: 20px; vertical-align: top;\">Trifolium incarnatum<br \/>\nAchillea millefolium<br \/>\n<strong>Anthemis mar\u00edtima<\/strong><br \/>\nAnthyllis vulneraria<br \/>\nBarbarea vulgaris<br \/>\nBorago officinalis<br \/>\n<strong>Centaurea cyanus<\/strong><br \/>\nCichorium intybus<br \/>\n<strong>Daucus carota<\/strong><\/td>\n<td style=\"border-style: none; width: 33%; padding-right: 20px; vertical-align: top;\">Achium plantagineum<br \/>\nEpilobium hirsutum<br \/>\nErysimum cheiri<br \/>\nEupatorium cannabinum<br \/>\nFilipendula ulmaria<br \/>\nGalium mollugo<br \/>\nGlebionis segetum<br \/>\n<strong>Leucanthemum vulgare<\/strong><br \/>\nLobularia mar\u00edtima<\/td>\n<td style=\"border-style: none; width: 33%; padding-right: 20px; vertical-align: top;\">Lupinus perennis<br \/>\nLythrum salicaria<br \/>\nMelva moschata<br \/>\nNigella damascena<br \/>\nOenathera biennis<br \/>\nRanunculus acri<br \/>\n<strong>Saponaria officinalis<\/strong><br \/>\nSilena latifolia<\/td>\n<\/tr>\n<\/tbody>\n<\/table>\n[\/vc_column_text][\/vc_column][\/vc_row]\n\t\t\t<\/div>\n\t\t\t\t\t<div class=\"woocommerce-Tabs-panel woocommerce-Tabs-panel--additional_information panel entry-content wc-tab\" id=\"tab-additional_information\" role=\"tabpanel\" aria-labelledby=\"tab-title-additional_information\">\n\t\t\t\t\n\t<h2>Zus\u00e4tzliche Informationen<\/h2>\n\n<table class=\"woocommerce-product-attributes shop_attributes\" aria-label=\"Produktdetails\">\n\t\t\t<tr class=\"woocommerce-product-attributes-item woocommerce-product-attributes-item--attribute_pa_confezione\">\n\t\t\t<th class=\"woocommerce-product-attributes-item__label\" scope=\"row\">Verpackung Beutel<\/th>\n\t\t\t<td class=\"woocommerce-product-attributes-item__value\"><p>Verpackung Beutel kg. 1<\/p>\n<\/td>\n\t\t<\/tr>\n\t<\/table>\n\t\t\t<\/div>\n\t\t\n\t\t\t<\/div>\n\n\n\t<section class=\"related products\">\n\t\t<div class=\"title1\"><h3><span>Potrebbero interessarti<\/span><\/h3><\/div> \n\n\t\t<div class=\"shop-products products row grid-view sidebar\">\n\t\t\t\n\t\t\t\t\n\n<div class=\" item-col col-12 col-full-hd col-md-12 post-12748 product type-product status-publish has-post-thumbnail product_cat-blumenwiese product_cat-speziale first instock taxable shipping-taxable product-type-simple\">\n\t<div class=\"product-wrapper\">\n\t\t\n\t\t<div class=\"list-col4\"> \n\t\t\t<div class=\"product-image\">\n\t\t\t\t\t\t\t\t\t\t\t\t\t  \n\t\t\t\t<a href=\"https:\/\/www.comagricola.com\/de\/prodotto\/schatten-blumen\/\" class=\"woocommerce-LoopProduct-link woocommerce-loop-product__link\">\t\t\t\t\t<img loading=\"lazy\" decoding=\"async\" width=\"300\" height=\"300\" src=\"https:\/\/www.comagricola.com\/wp-content\/uploads\/2020\/12\/Ombre-fleuri-300x300.jpg\" class=\"primary_image\" alt=\"Schatten Blumen\" srcset=\"https:\/\/www.comagricola.com\/wp-content\/uploads\/2020\/12\/Ombre-fleuri-300x300.jpg 300w, https:\/\/www.comagricola.com\/wp-content\/uploads\/2020\/12\/Ombre-fleuri-150x150.jpg 150w, https:\/\/www.comagricola.com\/wp-content\/uploads\/2020\/12\/Ombre-fleuri-100x100.jpg 100w\" sizes=\"auto, (max-width: 300px) 100vw, 300px\" \/>\t\t\t\t\t<span class=\"shadow\"><\/span> \n\t\t\t\t<\/a>   \n\t\t\t\t<div class=\"box-hover\">   \n\t\t\t\t\t<ul class=\"add-to-links\">\n\t\t\t\t\t\t<li> \n\t\t\t\t\t\t\t\t\t\t\t\t\t<\/li>  \n\t\t\t\t\t\t<li>\n\t\t\t\t\t\t\t\t\t\t\t\t\t<\/li> \n\t\t\t\t\t\t  \n\t\t\t\t\t<\/ul> \n\t\t\t\t<\/div>\n\t\t\t\t<div class=\"count-down\">\n\t\t\t\t\t\t\t\t\t\t\t\t\t\t<\/div>  \n\t\t\t<\/div>\n\t\t<\/div>\n\t\t<div class=\"list-col8\">\n\t\t\t<div class=\"gridview\"> \n\t\t\t \t \n\t\t\t\t<h2 class=\"product-name\">\n\t\t\t\t\t<a href=\"https:\/\/www.comagricola.com\/de\/prodotto\/schatten-blumen\/\">Schatten Blumen<\/a>\n\t\t\t\t<\/h2>    \n\t\t\t\t<div class=\"price-box\"> <\/div>  \n\t\t\t\t<div class=\"actions clearfix\">  \n\t\t\t\t\t<div class=\"add-to-cart\">\n\t\t\t\t\t\t<p class=\"product woocommerce add_to_cart_inline \" style=\"border:4px solid #ccc; padding: 12px;\"> \t<span id=\"woocommerce_loop_add_to_cart_link_describedby_12748\" class=\"screen-reader-text\">\n\t\t\t<\/span>\n<\/p>\t\t\t\t\t<\/div> \n\t\t\t\t<\/div>  \n\t\t\t<\/div>\n\t\t<\/div>\n\t\t<div class=\"clearfix\"><\/div>\n\t\t\n\t<\/div>\n<\/div>\n\n\t\t\t\n\t\t\t\t\n\n<div class=\" item-col col-12 col-full-hd col-md-12 post-12418 product type-product status-publish has-post-thumbnail product_cat-blumenwiese product_cat-ornamentalien first instock taxable shipping-taxable product-type-simple\">\n\t<div class=\"product-wrapper\">\n\t\t\n\t\t<div class=\"list-col4\"> \n\t\t\t<div class=\"product-image\">\n\t\t\t\t\t\t\t\t\t\t\t\t\t  \n\t\t\t\t<a href=\"https:\/\/www.comagricola.com\/de\/prodotto\/einjahrige-blumen\/\" class=\"woocommerce-LoopProduct-link woocommerce-loop-product__link\">\t\t\t\t\t<img loading=\"lazy\" decoding=\"async\" width=\"300\" height=\"300\" src=\"https:\/\/www.comagricola.com\/wp-content\/uploads\/2020\/12\/Annuali-300x300.jpg\" class=\"primary_image\" alt=\"Einj\u00e4hrige Blumen\" srcset=\"https:\/\/www.comagricola.com\/wp-content\/uploads\/2020\/12\/Annuali-300x300.jpg 300w, https:\/\/www.comagricola.com\/wp-content\/uploads\/2020\/12\/Annuali-150x150.jpg 150w, https:\/\/www.comagricola.com\/wp-content\/uploads\/2020\/12\/Annuali-100x100.jpg 100w\" sizes=\"auto, (max-width: 300px) 100vw, 300px\" \/>\t\t\t\t\t<span class=\"shadow\"><\/span> \n\t\t\t\t<\/a>   \n\t\t\t\t<div class=\"box-hover\">   \n\t\t\t\t\t<ul class=\"add-to-links\">\n\t\t\t\t\t\t<li> \n\t\t\t\t\t\t\t\t\t\t\t\t\t<\/li>  \n\t\t\t\t\t\t<li>\n\t\t\t\t\t\t\t\t\t\t\t\t\t<\/li> \n\t\t\t\t\t\t  \n\t\t\t\t\t<\/ul> \n\t\t\t\t<\/div>\n\t\t\t\t<div class=\"count-down\">\n\t\t\t\t\t\t\t\t\t\t\t\t\t\t<\/div>  \n\t\t\t<\/div>\n\t\t<\/div>\n\t\t<div class=\"list-col8\">\n\t\t\t<div class=\"gridview\"> \n\t\t\t \t \n\t\t\t\t<h2 class=\"product-name\">\n\t\t\t\t\t<a href=\"https:\/\/www.comagricola.com\/de\/prodotto\/einjahrige-blumen\/\">Einj\u00e4hrige Blumen<\/a>\n\t\t\t\t<\/h2>    \n\t\t\t\t<div class=\"price-box\"> <\/div>  \n\t\t\t\t<div class=\"actions clearfix\">  \n\t\t\t\t\t<div class=\"add-to-cart\">\n\t\t\t\t\t\t<p class=\"product woocommerce add_to_cart_inline \" style=\"border:4px solid #ccc; padding: 12px;\"> \t<span id=\"woocommerce_loop_add_to_cart_link_describedby_12418\" class=\"screen-reader-text\">\n\t\t\t<\/span>\n<\/p>\t\t\t\t\t<\/div> \n\t\t\t\t<\/div>  \n\t\t\t<\/div>\n\t\t<\/div>\n\t\t<div class=\"clearfix\"><\/div>\n\t\t\n\t<\/div>\n<\/div>\n\n\t\t\t\n\t\t\t\t\n\n<div class=\" item-col col-12 col-full-hd col-md-12 post-12454 product type-product status-publish has-post-thumbnail product_cat-blumenwiese product_cat-insektenpopulation first instock taxable shipping-taxable product-type-simple\">\n\t<div class=\"product-wrapper\">\n\t\t\n\t\t<div class=\"list-col4\"> \n\t\t\t<div class=\"product-image\">\n\t\t\t\t\t\t\t\t\t\t\t\t\t  \n\t\t\t\t<a href=\"https:\/\/www.comagricola.com\/de\/prodotto\/schmetterling-blumen\/\" class=\"woocommerce-LoopProduct-link woocommerce-loop-product__link\">\t\t\t\t\t<img loading=\"lazy\" decoding=\"async\" width=\"300\" height=\"300\" src=\"https:\/\/www.comagricola.com\/wp-content\/uploads\/2020\/12\/Melange-attrait-papillon-1-300x300.jpg\" class=\"primary_image\" alt=\"Schmetterling Blumen\" srcset=\"https:\/\/www.comagricola.com\/wp-content\/uploads\/2020\/12\/Melange-attrait-papillon-1-300x300.jpg 300w, https:\/\/www.comagricola.com\/wp-content\/uploads\/2020\/12\/Melange-attrait-papillon-1-150x150.jpg 150w, https:\/\/www.comagricola.com\/wp-content\/uploads\/2020\/12\/Melange-attrait-papillon-1-100x100.jpg 100w\" sizes=\"auto, (max-width: 300px) 100vw, 300px\" \/>\t\t\t\t\t<span class=\"shadow\"><\/span> \n\t\t\t\t<\/a>   \n\t\t\t\t<div class=\"box-hover\">   \n\t\t\t\t\t<ul class=\"add-to-links\">\n\t\t\t\t\t\t<li> \n\t\t\t\t\t\t\t\t\t\t\t\t\t<\/li>  \n\t\t\t\t\t\t<li>\n\t\t\t\t\t\t\t\t\t\t\t\t\t<\/li> \n\t\t\t\t\t\t  \n\t\t\t\t\t<\/ul> \n\t\t\t\t<\/div>\n\t\t\t\t<div class=\"count-down\">\n\t\t\t\t\t\t\t\t\t\t\t\t\t\t<\/div>  \n\t\t\t<\/div>\n\t\t<\/div>\n\t\t<div class=\"list-col8\">\n\t\t\t<div class=\"gridview\"> \n\t\t\t \t \n\t\t\t\t<h2 class=\"product-name\">\n\t\t\t\t\t<a href=\"https:\/\/www.comagricola.com\/de\/prodotto\/schmetterling-blumen\/\">Schmetterling Blumen<\/a>\n\t\t\t\t<\/h2>    \n\t\t\t\t<div class=\"price-box\"> <\/div>  \n\t\t\t\t<div class=\"actions clearfix\">  \n\t\t\t\t\t<div class=\"add-to-cart\">\n\t\t\t\t\t\t<p class=\"product woocommerce add_to_cart_inline \" style=\"border:4px solid #ccc; padding: 12px;\"> \t<span id=\"woocommerce_loop_add_to_cart_link_describedby_12454\" class=\"screen-reader-text\">\n\t\t\t<\/span>\n<\/p>\t\t\t\t\t<\/div> \n\t\t\t\t<\/div>  \n\t\t\t<\/div>\n\t\t<\/div>\n\t\t<div class=\"clearfix\"><\/div>\n\t\t\n\t<\/div>\n<\/div>\n\n\t\t\t\n\t\t\t\t\n\n<div class=\" item-col col-12 col-full-hd col-md-12 post-12427 product type-product status-publish has-post-thumbnail product_cat-blumenwiese product_cat-ornamentalien first instock taxable shipping-taxable product-type-simple\">\n\t<div class=\"product-wrapper\">\n\t\t\n\t\t<div class=\"list-col4\"> \n\t\t\t<div class=\"product-image\">\n\t\t\t\t\t\t\t\t\t\t\t\t\t  \n\t\t\t\t<a href=\"https:\/\/www.comagricola.com\/de\/prodotto\/einfarbig-jahrlich\/\" class=\"woocommerce-LoopProduct-link woocommerce-loop-product__link\">\t\t\t\t\t<img loading=\"lazy\" decoding=\"async\" width=\"300\" height=\"300\" src=\"https:\/\/www.comagricola.com\/wp-content\/uploads\/2020\/12\/ornamentali-annuali-300x300.jpg\" class=\"primary_image\" alt=\"Einfarbig j\u00e4hrlich\" srcset=\"https:\/\/www.comagricola.com\/wp-content\/uploads\/2020\/12\/ornamentali-annuali-300x300.jpg 300w, https:\/\/www.comagricola.com\/wp-content\/uploads\/2020\/12\/ornamentali-annuali-150x150.jpg 150w, https:\/\/www.comagricola.com\/wp-content\/uploads\/2020\/12\/ornamentali-annuali-100x100.jpg 100w\" sizes=\"auto, (max-width: 300px) 100vw, 300px\" \/>\t\t\t\t\t<span class=\"shadow\"><\/span> \n\t\t\t\t<\/a>   \n\t\t\t\t<div class=\"box-hover\">   \n\t\t\t\t\t<ul class=\"add-to-links\">\n\t\t\t\t\t\t<li> \n\t\t\t\t\t\t\t\t\t\t\t\t\t<\/li>  \n\t\t\t\t\t\t<li>\n\t\t\t\t\t\t\t\t\t\t\t\t\t<\/li> \n\t\t\t\t\t\t  \n\t\t\t\t\t<\/ul> \n\t\t\t\t<\/div>\n\t\t\t\t<div class=\"count-down\">\n\t\t\t\t\t\t\t\t\t\t\t\t\t\t<\/div>  \n\t\t\t<\/div>\n\t\t<\/div>\n\t\t<div class=\"list-col8\">\n\t\t\t<div class=\"gridview\"> \n\t\t\t \t \n\t\t\t\t<h2 class=\"product-name\">\n\t\t\t\t\t<a href=\"https:\/\/www.comagricola.com\/de\/prodotto\/einfarbig-jahrlich\/\">Einfarbig j\u00e4hrlich<\/a>\n\t\t\t\t<\/h2>    \n\t\t\t\t<div class=\"price-box\"><\/div>  \n\t\t\t\t<div class=\"actions clearfix\">  \n\t\t\t\t\t<div class=\"add-to-cart\">\n\t\t\t\t\t\t<p class=\"product woocommerce add_to_cart_inline \" style=\"border:4px solid #ccc; padding: 12px;\">\t<span id=\"woocommerce_loop_add_to_cart_link_describedby_12427\" class=\"screen-reader-text\">\n\t\t\t<\/span>\n<\/p>\t\t\t\t\t<\/div> \n\t\t\t\t<\/div>  \n\t\t\t<\/div>\n\t\t<\/div>\n\t\t<div class=\"clearfix\"><\/div>\n\t\t\n\t<\/div>\n<\/div>\n\n\t\t\t\n\t\t<\/div>\n\t<\/section>\n\n\t\t\n\t\t<meta itemprop=\"url\" content=\"https:\/\/www.comagricola.com\/de\/prodotto\/bluhende-ufer\/\" \/>\n\t<\/div>\n<\/div><!-- #product-12441 --> \n\n\n\t\t\t<\/div>\n\t\t\t<\/div>[vc_separator border_width=&#8221;2&#8243;][\/vc_column][\/vc_row][vc_row el_class=&#8221;prodotto&#8221; css=&#8221;.vc_custom_1608109051067{margin-bottom: 0px !important;border-bottom-width: 0px !important;}&#8221;][vc_column el_class=&#8221;descrizione&#8221;][vc_separator border_width=&#8221;2&#8243;][\/vc_column][\/vc_row][vc_row el_class=&#8221;prodotto&#8221; css=&#8221;.vc_custom_1608109051067{margin-bottom: 0px !important;border-bottom-width: 0px !important;}&#8221;][vc_column el_class=&#8221;descrizione&#8221;]<div class=\"woocommerce\">\t\t\t<div class=\"single-product\" data-product-page-preselected-id=\"0\">\n\t\t\t\t\n<div class=\"container\">\n<div class=\"woocommerce-notices-wrapper\"><\/div><\/div>\n<div id=\"product-12443\" class=\"product type-product post-12443 status-publish first instock product_cat-blumenwiese product_cat-speziale has-post-thumbnail taxable shipping-taxable product-type-simple\">\n\t<div class=\"container\">\n\t\t<div class=\"row\">\n\t\t\t<div class=\"col-12 col-md-5\">\n\t\t\t\t<div class=\"single-product-image\">\n\t\t\t\t\t<div class=\"woocommerce-product-gallery woocommerce-product-gallery--with-images woocommerce-product-gallery--columns-4 images\" data-columns=\"4\" style=\"opacity: 0; transition: opacity .25s ease-in-out;\">\n\t<div class=\"woocommerce-product-gallery__wrapper\">\n\t\t<div data-thumb=\"https:\/\/www.comagricola.com\/wp-content\/uploads\/2020\/12\/bordi-fioriti-100x100.jpg\" data-thumb-alt=\"Blumenrabatten\" data-thumb-srcset=\"https:\/\/www.comagricola.com\/wp-content\/uploads\/2020\/12\/bordi-fioriti-100x100.jpg 100w, https:\/\/www.comagricola.com\/wp-content\/uploads\/2020\/12\/bordi-fioriti-150x150.jpg 150w, https:\/\/www.comagricola.com\/wp-content\/uploads\/2020\/12\/bordi-fioriti-300x300.jpg 300w\"  data-thumb-sizes=\"(max-width: 100px) 100vw, 100px\" class=\"woocommerce-product-gallery__image\"><a data-rel=\"lightbox-gallery-1\" href=\"https:\/\/www.comagricola.com\/wp-content\/uploads\/2020\/12\/bordi-fioriti.jpg\"><img loading=\"lazy\" decoding=\"async\" width=\"427\" height=\"320\" src=\"https:\/\/www.comagricola.com\/wp-content\/uploads\/2020\/12\/bordi-fioriti.jpg\" class=\"wp-post-image\" alt=\"Blumenrabatten\" data-caption=\"\" data-src=\"https:\/\/www.comagricola.com\/wp-content\/uploads\/2020\/12\/bordi-fioriti.jpg\" data-large_image=\"https:\/\/www.comagricola.com\/wp-content\/uploads\/2020\/12\/bordi-fioriti.jpg\" data-large_image_width=\"427\" data-large_image_height=\"320\" srcset=\"https:\/\/www.comagricola.com\/wp-content\/uploads\/2020\/12\/bordi-fioriti.jpg 427w, https:\/\/www.comagricola.com\/wp-content\/uploads\/2020\/12\/bordi-fioriti-300x225.jpg 300w\" sizes=\"auto, (max-width: 427px) 100vw, 427px\" \/><\/a><\/div>\t<\/div>\n<\/div>\n\t\t\t\t<\/div>\n\n\t\t\t<\/div>\n\t\t\t<div class=\"col-12 col-md-7\">\n\t\t\t\t<div class=\"summary entry-summary single-product-info\">\n\t\t\t\t\t<div class=\"product-nav\">\n\t\t\t\t\t\t<div class=\"next-prev\">\n\t\t\t\t\t\t\t<div class=\"prev\"><a href=\"https:\/\/www.comagricola.com\/de\/prodotto\/schatten-blumen\/\" rel=\"prev\">Schatten Blumen<\/a><\/div>\n\t\t\t\t\t\t\t<div class=\"next\"><a href=\"https:\/\/www.comagricola.com\/de\/prodotto\/blumenparks\/\" rel=\"next\">Blumenparks<\/a><\/div>\n\t\t\t\t\t\t<\/div>\n\t\t\t\t\t<\/div>\n\t\t\t\t\n\t\t\t\t\t<h2 class=\"product_title entry-title\">Blumenrabatten<\/h2>\t\t\t\t<style type=\"text\/css\">\n\t\t\t\t\tp.ywcrbp_custom_message {\n\t\t\t\t\t\tcolor: #ff0000;\n\t\t\t\t\t}\n\t\t\t\t<\/style>\n\t\t\t\t<p class=\"ywcrbp_custom_message\"><\/p><p class=\"price\"> <\/p>\n<div class=\"woocommerce-product-details__short-description\">\n\t<h3>\u00c4sthetik<\/h3>\n<p>Mischung zur Aufwertung von Wegr\u00e4ndern oder Z\u00e4unen durch eine fr\u00fche Bl\u00fcte und eine \u00fcppige und helle H\u00f6he zwischen 60 und 100 cm.<br \/>\nSehr gut geeignet f\u00fcr urbane Umgebungen.<\/p>\n<\/div>\n<div class=\"product_meta\">\n\n\t\n\t\n\t<span class=\"posted_in\">Kategorien: <a href=\"https:\/\/www.comagricola.com\/de\/categoria-prodotto\/blumenwiese\/\" rel=\"tag\">Blumenwiese<\/a>, <a href=\"https:\/\/www.comagricola.com\/de\/categoria-prodotto\/blumenwiese\/speziale\/\" rel=\"tag\">Speziale<\/a><\/span>\n\t\n\t\n<\/div>\n\t\t<div class=\"share_buttons\">\n\t\t\t\t\t<\/div>\n\t\t\t\t\t\t<div class=\"single-product-sharing\">\n\t\t\t\t\t\t    <div class=\"widget widget_socialsharing_widget\"> \n        <ul class=\"social-icons\">\n            <li><a class=\"facebook social-icon\" href=\"#\" onclick=\"javascript: window.open('https:\/\/www.facebook.com\/sharer\/sharer.php?u=https:\/\/www.comagricola.com\/de\/prodotto\/blumenrabatten\/'); return false;\" title=\"Facebook\" target=\"_blank\"><i class=\"fa fa-facebook\"><\/i><\/a><\/li>\n            <li><a class=\"twitter social-icon\" href=\"#\" title=\"Twitter\" onclick=\"javascript: window.open('https:\/\/twitter.com\/home?status=Blumenrabatten&nbsp;https:\/\/www.comagricola.com\/de\/prodotto\/blumenrabatten\/'); return false;\" target=\"_blank\"><i class=\"fa fa-twitter\"><\/i><\/a><\/li>\n            <li><a class=\"pinterest social-icon\" href=\"#\" onclick=\"javascript: window.open('https:\/\/pinterest.com\/pin\/create\/button\/?url=https:\/\/www.comagricola.com\/de\/prodotto\/blumenrabatten\/&amp;media=https:\/\/www.comagricola.com\/wp-content\/uploads\/2020\/12\/bordi-fioriti.jpg&amp;description=Blumenrabatten'); return false;\" title=\"Pinterest\" target=\"_blank\"><i class=\"fa fa-pinterest\"><\/i><\/a><\/li>\n            <li><a class=\"gplus social-icon\" href=\"#\" onclick=\"javascript: window.open('https:\/\/plus.google.com\/share?url=https:\/\/www.comagricola.com\/de\/prodotto\/blumenrabatten\/'); return false;\" title=\"Google +\" target=\"_blank\"><i class=\"fa fa-google-plus\"><\/i><\/a><\/li>\n            <li><a class=\"linkedin social-icon\" href=\"#\" onclick=\"javascript: window.open('https:\/\/www.linkedin.com\/shareArticle?mini=true&amp;url=https:\/\/www.comagricola.com\/de\/prodotto\/blumenrabatten\/&amp;title=Blumenrabatten'); return false;\" title=\"LinkedIn\" target=\"_blank\"><i class=\"fa fa-linkedin\"><\/i><\/a><\/li>\n        <\/ul>\n    <\/div>\n    \t\t\t\t\t<\/div>\n\n\t\t\t\t<\/div><!-- .summary -->\n\t\t\t<\/div> \n\t\t<\/div>\n\t<\/div>\n\t\n\t<div class=\"container\">\n\t\t\n\t<div class=\"woocommerce-tabs wc-tabs-wrapper\">\n\t\t<ul class=\"tabs wc-tabs\" role=\"tablist\">\n\t\t\t\t\t\t\t<li role=\"presentation\" class=\"description_tab\" id=\"tab-title-description\">\n\t\t\t\t\t<a href=\"#tab-description\" role=\"tab\" aria-controls=\"tab-description\">\n\t\t\t\t\t\tBeschreibung\t\t\t\t\t<\/a>\n\t\t\t\t<\/li>\n\t\t\t\t\t\t\t<li role=\"presentation\" class=\"additional_information_tab\" id=\"tab-title-additional_information\">\n\t\t\t\t\t<a href=\"#tab-additional_information\" role=\"tab\" aria-controls=\"tab-additional_information\">\n\t\t\t\t\t\tZus\u00e4tzliche Informationen\t\t\t\t\t<\/a>\n\t\t\t\t<\/li>\n\t\t\t\t\t<\/ul>\n\t\t\t\t\t<div class=\"woocommerce-Tabs-panel woocommerce-Tabs-panel--description panel entry-content wc-tab\" id=\"tab-description\" role=\"tabpanel\" aria-labelledby=\"tab-title-description\">\n\t\t\t\t\n\t<h2>Beschreibung<\/h2>\n\n[vc_row][vc_column width=&#8221;3\/12&#8243;][vc_column_text]\n<h4>Dosierung S\u00e4en<\/h4>\n<p>von 1,5 bis 3 gr\/qm[\/vc_column_text][\/vc_column][vc_column width=&#8221;9\/12&#8243;][vc_column_text]\n<table style=\"width: 100%; border-collapse: collapse; border-style: none;\" border=\"0\" cellspacing=\"0\" cellpadding=\"0\">\n<tbody>\n<tr>\n<td style=\"width: 151px; padding-right: 20px; border-style: none; vertical-align: top;\">\n<h4>ZUSAMMENSETZUNG<\/h4>\n<\/td>\n<td style=\"width: 166px; padding-right: 20px; vertical-align: top; border-style: none;\"><\/td>\n<td style=\"width: 166px; padding-right: 20px; vertical-align: top; border-style: none;\"><\/td>\n<\/tr>\n<tr>\n<td style=\"border-style: none; width: 33%; padding-right: 20px; vertical-align: top;\">Lotus corniculatus<br \/>\nAchillea millefolium<br \/>\n<strong>Alcea rosea<\/strong><br \/>\n<strong>Anthemis maritima<\/strong><br \/>\nBorago officinalis<br \/>\nCalendula arvensis<br \/>\nCapsella bursa pastoris<br \/>\n<strong>Centaurea cyanus<\/strong><br \/>\nCentranthus ruber<\/td>\n<td style=\"border-style: none; width: 33%; padding-right: 20px; vertical-align: top;\">Erysimum cheirantoides<br \/>\n<strong>Erysimum cheiri<\/strong><br \/>\nGlebionis segetum<br \/>\n<strong>Gypsophila repens<\/strong><br \/>\nHesperis matronalis<br \/>\nHypericum perforatum<br \/>\nIberis sempervirens<br \/>\nIsatis tinctoria<br \/>\nLobularia maritima<\/td>\n<td style=\"border-style: none; width: 33%; padding-right: 20px; vertical-align: top;\">Lonaris biennis<br \/>\nMatricaria maritima<br \/>\nMelica ciliata<br \/>\nNigella sativa<br \/>\nOenathera biennis<br \/>\nPapaver rhoeas<br \/>\n<strong>Saponaria ocymoides<\/strong><\/td>\n<\/tr>\n<\/tbody>\n<\/table>\n[\/vc_column_text][\/vc_column][\/vc_row]\n\t\t\t<\/div>\n\t\t\t\t\t<div class=\"woocommerce-Tabs-panel woocommerce-Tabs-panel--additional_information panel entry-content wc-tab\" id=\"tab-additional_information\" role=\"tabpanel\" aria-labelledby=\"tab-title-additional_information\">\n\t\t\t\t\n\t<h2>Zus\u00e4tzliche Informationen<\/h2>\n\n<table class=\"woocommerce-product-attributes shop_attributes\" aria-label=\"Produktdetails\">\n\t\t\t<tr class=\"woocommerce-product-attributes-item woocommerce-product-attributes-item--attribute_pa_confezione\">\n\t\t\t<th class=\"woocommerce-product-attributes-item__label\" scope=\"row\">Verpackung Beutel<\/th>\n\t\t\t<td class=\"woocommerce-product-attributes-item__value\"><p>Verpackung Beutel kg. 1<\/p>\n<\/td>\n\t\t<\/tr>\n\t<\/table>\n\t\t\t<\/div>\n\t\t\n\t\t\t<\/div>\n\n\n\t<section class=\"related products\">\n\t\t<div class=\"title1\"><h3><span>Potrebbero interessarti<\/span><\/h3><\/div> \n\n\t\t<div class=\"shop-products products row grid-view sidebar\">\n\t\t\t\n\t\t\t\t\n\n<div class=\" item-col col-12 col-full-hd col-md-12 post-12414 product type-product status-publish has-post-thumbnail product_cat-blumenwiese product_cat-landschaft first instock taxable shipping-taxable product-type-simple\">\n\t<div class=\"product-wrapper\">\n\t\t\n\t\t<div class=\"list-col4\"> \n\t\t\t<div class=\"product-image\">\n\t\t\t\t\t\t\t\t\t\t\t\t\t  \n\t\t\t\t<a href=\"https:\/\/www.comagricola.com\/de\/prodotto\/jahrliche-landschaft\/\" class=\"woocommerce-LoopProduct-link woocommerce-loop-product__link\">\t\t\t\t\t<img loading=\"lazy\" decoding=\"async\" width=\"300\" height=\"300\" src=\"https:\/\/www.comagricola.com\/wp-content\/uploads\/2020\/12\/paesaggio-annuale-300x300.jpg\" class=\"primary_image\" alt=\"J\u00e4hrliche Landschaft\" srcset=\"https:\/\/www.comagricola.com\/wp-content\/uploads\/2020\/12\/paesaggio-annuale-300x300.jpg 300w, https:\/\/www.comagricola.com\/wp-content\/uploads\/2020\/12\/paesaggio-annuale-150x150.jpg 150w, https:\/\/www.comagricola.com\/wp-content\/uploads\/2020\/12\/paesaggio-annuale-100x100.jpg 100w\" sizes=\"auto, (max-width: 300px) 100vw, 300px\" \/>\t\t\t\t\t<span class=\"shadow\"><\/span> \n\t\t\t\t<\/a>   \n\t\t\t\t<div class=\"box-hover\">   \n\t\t\t\t\t<ul class=\"add-to-links\">\n\t\t\t\t\t\t<li> \n\t\t\t\t\t\t\t\t\t\t\t\t\t<\/li>  \n\t\t\t\t\t\t<li>\n\t\t\t\t\t\t\t\t\t\t\t\t\t<\/li> \n\t\t\t\t\t\t  \n\t\t\t\t\t<\/ul> \n\t\t\t\t<\/div>\n\t\t\t\t<div class=\"count-down\">\n\t\t\t\t\t\t\t\t\t\t\t\t\t\t<\/div>  \n\t\t\t<\/div>\n\t\t<\/div>\n\t\t<div class=\"list-col8\">\n\t\t\t<div class=\"gridview\"> \n\t\t\t \t \n\t\t\t\t<h2 class=\"product-name\">\n\t\t\t\t\t<a href=\"https:\/\/www.comagricola.com\/de\/prodotto\/jahrliche-landschaft\/\">J\u00e4hrliche Landschaft<\/a>\n\t\t\t\t<\/h2>    \n\t\t\t\t<div class=\"price-box\"> <\/div>  \n\t\t\t\t<div class=\"actions clearfix\">  \n\t\t\t\t\t<div class=\"add-to-cart\">\n\t\t\t\t\t\t<p class=\"product woocommerce add_to_cart_inline \" style=\"border:4px solid #ccc; padding: 12px;\"> \t<span id=\"woocommerce_loop_add_to_cart_link_describedby_12414\" class=\"screen-reader-text\">\n\t\t\t<\/span>\n<\/p>\t\t\t\t\t<\/div> \n\t\t\t\t<\/div>  \n\t\t\t<\/div>\n\t\t<\/div>\n\t\t<div class=\"clearfix\"><\/div>\n\t\t\n\t<\/div>\n<\/div>\n\n\t\t\t\n\t\t\t\t\n\n<div class=\" item-col col-12 col-full-hd col-md-12 post-12412 product type-product status-publish has-post-thumbnail product_cat-blumenwiese product_cat-landschaft first instock taxable shipping-taxable product-type-simple\">\n\t<div class=\"product-wrapper\">\n\t\t\n\t\t<div class=\"list-col4\"> \n\t\t\t<div class=\"product-image\">\n\t\t\t\t\t\t\t\t\t\t\t\t\t  \n\t\t\t\t<a href=\"https:\/\/www.comagricola.com\/de\/prodotto\/feldteppich\/\" class=\"woocommerce-LoopProduct-link woocommerce-loop-product__link\">\t\t\t\t\t<img loading=\"lazy\" decoding=\"async\" width=\"300\" height=\"300\" src=\"https:\/\/www.comagricola.com\/wp-content\/uploads\/2020\/12\/Tappeto-campestre-300x300.jpg\" class=\"primary_image\" alt=\"Feldteppich\" srcset=\"https:\/\/www.comagricola.com\/wp-content\/uploads\/2020\/12\/Tappeto-campestre-300x300.jpg 300w, https:\/\/www.comagricola.com\/wp-content\/uploads\/2020\/12\/Tappeto-campestre-150x150.jpg 150w, https:\/\/www.comagricola.com\/wp-content\/uploads\/2020\/12\/Tappeto-campestre-100x100.jpg 100w\" sizes=\"auto, (max-width: 300px) 100vw, 300px\" \/>\t\t\t\t\t<span class=\"shadow\"><\/span> \n\t\t\t\t<\/a>   \n\t\t\t\t<div class=\"box-hover\">   \n\t\t\t\t\t<ul class=\"add-to-links\">\n\t\t\t\t\t\t<li> \n\t\t\t\t\t\t\t\t\t\t\t\t\t<\/li>  \n\t\t\t\t\t\t<li>\n\t\t\t\t\t\t\t\t\t\t\t\t\t<\/li> \n\t\t\t\t\t\t  \n\t\t\t\t\t<\/ul> \n\t\t\t\t<\/div>\n\t\t\t\t<div class=\"count-down\">\n\t\t\t\t\t\t\t\t\t\t\t\t\t\t<\/div>  \n\t\t\t<\/div>\n\t\t<\/div>\n\t\t<div class=\"list-col8\">\n\t\t\t<div class=\"gridview\"> \n\t\t\t \t \n\t\t\t\t<h2 class=\"product-name\">\n\t\t\t\t\t<a href=\"https:\/\/www.comagricola.com\/de\/prodotto\/feldteppich\/\">Feldteppich<\/a>\n\t\t\t\t<\/h2>    \n\t\t\t\t<div class=\"price-box\"> <\/div>  \n\t\t\t\t<div class=\"actions clearfix\">  \n\t\t\t\t\t<div class=\"add-to-cart\">\n\t\t\t\t\t\t<p class=\"product woocommerce add_to_cart_inline \" style=\"border:4px solid #ccc; padding: 12px;\"> \t<span id=\"woocommerce_loop_add_to_cart_link_describedby_12412\" class=\"screen-reader-text\">\n\t\t\t<\/span>\n<\/p>\t\t\t\t\t<\/div> \n\t\t\t\t<\/div>  \n\t\t\t<\/div>\n\t\t<\/div>\n\t\t<div class=\"clearfix\"><\/div>\n\t\t\n\t<\/div>\n<\/div>\n\n\t\t\t\n\t\t\t\t\n\n<div class=\" item-col col-12 col-full-hd col-md-12 post-12436 product type-product status-publish has-post-thumbnail product_cat-blumenwiese product_cat-speziale first instock taxable shipping-taxable product-type-simple\">\n\t<div class=\"product-wrapper\">\n\t\t\n\t\t<div class=\"list-col4\"> \n\t\t\t<div class=\"product-image\">\n\t\t\t\t\t\t\t\t\t\t\t\t\t  \n\t\t\t\t<a href=\"https:\/\/www.comagricola.com\/de\/prodotto\/bluhende-wuste\/\" class=\"woocommerce-LoopProduct-link woocommerce-loop-product__link\">\t\t\t\t\t<img loading=\"lazy\" decoding=\"async\" width=\"300\" height=\"300\" src=\"https:\/\/www.comagricola.com\/wp-content\/uploads\/2020\/12\/deserto-fiorito-e1612341567177-300x300.jpg\" class=\"primary_image\" alt=\"Bl\u00fchende W\u00fcste\" srcset=\"https:\/\/www.comagricola.com\/wp-content\/uploads\/2020\/12\/deserto-fiorito-e1612341567177-300x300.jpg 300w, https:\/\/www.comagricola.com\/wp-content\/uploads\/2020\/12\/deserto-fiorito-e1612341567177-150x150.jpg 150w, https:\/\/www.comagricola.com\/wp-content\/uploads\/2020\/12\/deserto-fiorito-e1612341567177-100x100.jpg 100w\" sizes=\"auto, (max-width: 300px) 100vw, 300px\" \/>\t\t\t\t\t<span class=\"shadow\"><\/span> \n\t\t\t\t<\/a>   \n\t\t\t\t<div class=\"box-hover\">   \n\t\t\t\t\t<ul class=\"add-to-links\">\n\t\t\t\t\t\t<li> \n\t\t\t\t\t\t\t\t\t\t\t\t\t<\/li>  \n\t\t\t\t\t\t<li>\n\t\t\t\t\t\t\t\t\t\t\t\t\t<\/li> \n\t\t\t\t\t\t  \n\t\t\t\t\t<\/ul> \n\t\t\t\t<\/div>\n\t\t\t\t<div class=\"count-down\">\n\t\t\t\t\t\t\t\t\t\t\t\t\t\t<\/div>  \n\t\t\t<\/div>\n\t\t<\/div>\n\t\t<div class=\"list-col8\">\n\t\t\t<div class=\"gridview\"> \n\t\t\t \t \n\t\t\t\t<h2 class=\"product-name\">\n\t\t\t\t\t<a href=\"https:\/\/www.comagricola.com\/de\/prodotto\/bluhende-wuste\/\">Bl\u00fchende W\u00fcste<\/a>\n\t\t\t\t<\/h2>    \n\t\t\t\t<div class=\"price-box\"> <\/div>  \n\t\t\t\t<div class=\"actions clearfix\">  \n\t\t\t\t\t<div class=\"add-to-cart\">\n\t\t\t\t\t\t<p class=\"product woocommerce add_to_cart_inline \" style=\"border:4px solid #ccc; padding: 12px;\"> \t<span id=\"woocommerce_loop_add_to_cart_link_describedby_12436\" class=\"screen-reader-text\">\n\t\t\t<\/span>\n<\/p>\t\t\t\t\t<\/div> \n\t\t\t\t<\/div>  \n\t\t\t<\/div>\n\t\t<\/div>\n\t\t<div class=\"clearfix\"><\/div>\n\t\t\n\t<\/div>\n<\/div>\n\n\t\t\t\n\t\t\t\t\n\n<div class=\" item-col col-12 col-full-hd col-md-12 post-12454 product type-product status-publish has-post-thumbnail product_cat-blumenwiese product_cat-insektenpopulation first instock taxable shipping-taxable product-type-simple\">\n\t<div class=\"product-wrapper\">\n\t\t\n\t\t<div class=\"list-col4\"> \n\t\t\t<div class=\"product-image\">\n\t\t\t\t\t\t\t\t\t\t\t\t\t  \n\t\t\t\t<a href=\"https:\/\/www.comagricola.com\/de\/prodotto\/schmetterling-blumen\/\" class=\"woocommerce-LoopProduct-link woocommerce-loop-product__link\">\t\t\t\t\t<img loading=\"lazy\" decoding=\"async\" width=\"300\" height=\"300\" src=\"https:\/\/www.comagricola.com\/wp-content\/uploads\/2020\/12\/Melange-attrait-papillon-1-300x300.jpg\" class=\"primary_image\" alt=\"Schmetterling Blumen\" srcset=\"https:\/\/www.comagricola.com\/wp-content\/uploads\/2020\/12\/Melange-attrait-papillon-1-300x300.jpg 300w, https:\/\/www.comagricola.com\/wp-content\/uploads\/2020\/12\/Melange-attrait-papillon-1-150x150.jpg 150w, https:\/\/www.comagricola.com\/wp-content\/uploads\/2020\/12\/Melange-attrait-papillon-1-100x100.jpg 100w\" sizes=\"auto, (max-width: 300px) 100vw, 300px\" \/>\t\t\t\t\t<span class=\"shadow\"><\/span> \n\t\t\t\t<\/a>   \n\t\t\t\t<div class=\"box-hover\">   \n\t\t\t\t\t<ul class=\"add-to-links\">\n\t\t\t\t\t\t<li> \n\t\t\t\t\t\t\t\t\t\t\t\t\t<\/li>  \n\t\t\t\t\t\t<li>\n\t\t\t\t\t\t\t\t\t\t\t\t\t<\/li> \n\t\t\t\t\t\t  \n\t\t\t\t\t<\/ul> \n\t\t\t\t<\/div>\n\t\t\t\t<div class=\"count-down\">\n\t\t\t\t\t\t\t\t\t\t\t\t\t\t<\/div>  \n\t\t\t<\/div>\n\t\t<\/div>\n\t\t<div class=\"list-col8\">\n\t\t\t<div class=\"gridview\"> \n\t\t\t \t \n\t\t\t\t<h2 class=\"product-name\">\n\t\t\t\t\t<a href=\"https:\/\/www.comagricola.com\/de\/prodotto\/schmetterling-blumen\/\">Schmetterling Blumen<\/a>\n\t\t\t\t<\/h2>    \n\t\t\t\t<div class=\"price-box\"> <\/div>  \n\t\t\t\t<div class=\"actions clearfix\">  \n\t\t\t\t\t<div class=\"add-to-cart\">\n\t\t\t\t\t\t<p class=\"product woocommerce add_to_cart_inline \" style=\"border:4px solid #ccc; padding: 12px;\"> \t<span id=\"woocommerce_loop_add_to_cart_link_describedby_12454\" class=\"screen-reader-text\">\n\t\t\t<\/span>\n<\/p>\t\t\t\t\t<\/div> \n\t\t\t\t<\/div>  \n\t\t\t<\/div>\n\t\t<\/div>\n\t\t<div class=\"clearfix\"><\/div>\n\t\t\n\t<\/div>\n<\/div>\n\n\t\t\t\n\t\t<\/div>\n\t<\/section>\n\n\t\t\n\t\t<meta itemprop=\"url\" content=\"https:\/\/www.comagricola.com\/de\/prodotto\/blumenrabatten\/\" \/>\n\t<\/div>\n<\/div><!-- #product-12443 --> \n\n\n\t\t\t<\/div>\n\t\t\t<\/div>[vc_separator border_width=&#8221;2&#8243;][\/vc_column][\/vc_row][vc_row el_class=&#8221;prodotto&#8221; css=&#8221;.vc_custom_1608109051067{margin-bottom: 0px !important;border-bottom-width: 0px !important;}&#8221;][vc_column el_class=&#8221;descrizione&#8221;]<div class=\"woocommerce\">\t\t\t<div class=\"single-product\" data-product-page-preselected-id=\"0\">\n\t\t\t\t\n<div class=\"container\">\n<div class=\"woocommerce-notices-wrapper\"><\/div><\/div>\n<div id=\"product-12446\" class=\"product type-product post-12446 status-publish first instock product_cat-blumenwiese product_cat-speziale has-post-thumbnail taxable shipping-taxable product-type-simple\">\n\t<div class=\"container\">\n\t\t<div class=\"row\">\n\t\t\t<div class=\"col-12 col-md-5\">\n\t\t\t\t<div class=\"single-product-image\">\n\t\t\t\t\t<div class=\"woocommerce-product-gallery woocommerce-product-gallery--with-images woocommerce-product-gallery--columns-4 images\" data-columns=\"4\" style=\"opacity: 0; transition: opacity .25s ease-in-out;\">\n\t<div class=\"woocommerce-product-gallery__wrapper\">\n\t\t<div data-thumb=\"https:\/\/www.comagricola.com\/wp-content\/uploads\/2020\/12\/Provence-100x100.jpg\" data-thumb-alt=\"Blumenparks\" data-thumb-srcset=\"https:\/\/www.comagricola.com\/wp-content\/uploads\/2020\/12\/Provence-100x100.jpg 100w, https:\/\/www.comagricola.com\/wp-content\/uploads\/2020\/12\/Provence-150x150.jpg 150w, https:\/\/www.comagricola.com\/wp-content\/uploads\/2020\/12\/Provence-300x300.jpg 300w\"  data-thumb-sizes=\"(max-width: 100px) 100vw, 100px\" class=\"woocommerce-product-gallery__image\"><a data-rel=\"lightbox-gallery-1\" href=\"https:\/\/www.comagricola.com\/wp-content\/uploads\/2020\/12\/Provence.jpg\"><img loading=\"lazy\" decoding=\"async\" width=\"533\" height=\"400\" src=\"https:\/\/www.comagricola.com\/wp-content\/uploads\/2020\/12\/Provence.jpg\" class=\"wp-post-image\" alt=\"Blumenparks\" data-caption=\"\" data-src=\"https:\/\/www.comagricola.com\/wp-content\/uploads\/2020\/12\/Provence.jpg\" data-large_image=\"https:\/\/www.comagricola.com\/wp-content\/uploads\/2020\/12\/Provence.jpg\" data-large_image_width=\"533\" data-large_image_height=\"400\" srcset=\"https:\/\/www.comagricola.com\/wp-content\/uploads\/2020\/12\/Provence.jpg 533w, https:\/\/www.comagricola.com\/wp-content\/uploads\/2020\/12\/Provence-300x225.jpg 300w\" sizes=\"auto, (max-width: 533px) 100vw, 533px\" \/><\/a><\/div>\t<\/div>\n<\/div>\n\t\t\t\t<\/div>\n\n\t\t\t<\/div>\n\t\t\t<div class=\"col-12 col-md-7\">\n\t\t\t\t<div class=\"summary entry-summary single-product-info\">\n\t\t\t\t\t<div class=\"product-nav\">\n\t\t\t\t\t\t<div class=\"next-prev\">\n\t\t\t\t\t\t\t<div class=\"prev\"><a href=\"https:\/\/www.comagricola.com\/de\/prodotto\/blumenrabatten\/\" rel=\"prev\">Blumenrabatten<\/a><\/div>\n\t\t\t\t\t\t\t<div class=\"next\"><a href=\"https:\/\/www.comagricola.com\/de\/prodotto\/blumen-der-felsen\/\" rel=\"next\">Blumen der Felsen<\/a><\/div>\n\t\t\t\t\t\t<\/div>\n\t\t\t\t\t<\/div>\n\t\t\t\t\n\t\t\t\t\t<h2 class=\"product_title entry-title\">Blumenparks<\/h2>\t\t\t\t<style type=\"text\/css\">\n\t\t\t\t\tp.ywcrbp_custom_message {\n\t\t\t\t\t\tcolor: #ff0000;\n\t\t\t\t\t}\n\t\t\t\t<\/style>\n\t\t\t\t<p class=\"ywcrbp_custom_message\"><\/p><p class=\"price\"> <\/p>\n<div class=\"woocommerce-product-details__short-description\">\n\t<h3>\u00c4sthetik<\/h3>\n<p>Mischung von Essenzen, die resistent gegen Winde und lange Trockenperioden sind, sie erreicht eine H\u00f6he von 60-70 cm.<br \/>\nSie eignet sich f\u00fcr warm-gem\u00e4\u00dfigte Klimazonen und wiederholt die D\u00fcfte und Farben der mediterranen Umgebung.<\/p>\n<\/div>\n<div class=\"product_meta\">\n\n\t\n\t\n\t<span class=\"posted_in\">Kategorien: <a href=\"https:\/\/www.comagricola.com\/de\/categoria-prodotto\/blumenwiese\/\" rel=\"tag\">Blumenwiese<\/a>, <a href=\"https:\/\/www.comagricola.com\/de\/categoria-prodotto\/blumenwiese\/speziale\/\" rel=\"tag\">Speziale<\/a><\/span>\n\t\n\t\n<\/div>\n\t\t<div class=\"share_buttons\">\n\t\t\t\t\t<\/div>\n\t\t\t\t\t\t<div class=\"single-product-sharing\">\n\t\t\t\t\t\t    <div class=\"widget widget_socialsharing_widget\"> \n        <ul class=\"social-icons\">\n            <li><a class=\"facebook social-icon\" href=\"#\" onclick=\"javascript: window.open('https:\/\/www.facebook.com\/sharer\/sharer.php?u=https:\/\/www.comagricola.com\/de\/prodotto\/blumenparks\/'); return false;\" title=\"Facebook\" target=\"_blank\"><i class=\"fa fa-facebook\"><\/i><\/a><\/li>\n            <li><a class=\"twitter social-icon\" href=\"#\" title=\"Twitter\" onclick=\"javascript: window.open('https:\/\/twitter.com\/home?status=Blumenparks&nbsp;https:\/\/www.comagricola.com\/de\/prodotto\/blumenparks\/'); return false;\" target=\"_blank\"><i class=\"fa fa-twitter\"><\/i><\/a><\/li>\n            <li><a class=\"pinterest social-icon\" href=\"#\" onclick=\"javascript: window.open('https:\/\/pinterest.com\/pin\/create\/button\/?url=https:\/\/www.comagricola.com\/de\/prodotto\/blumenparks\/&amp;media=https:\/\/www.comagricola.com\/wp-content\/uploads\/2020\/12\/Provence.jpg&amp;description=Blumenparks'); return false;\" title=\"Pinterest\" target=\"_blank\"><i class=\"fa fa-pinterest\"><\/i><\/a><\/li>\n            <li><a class=\"gplus social-icon\" href=\"#\" onclick=\"javascript: window.open('https:\/\/plus.google.com\/share?url=https:\/\/www.comagricola.com\/de\/prodotto\/blumenparks\/'); return false;\" title=\"Google +\" target=\"_blank\"><i class=\"fa fa-google-plus\"><\/i><\/a><\/li>\n            <li><a class=\"linkedin social-icon\" href=\"#\" onclick=\"javascript: window.open('https:\/\/www.linkedin.com\/shareArticle?mini=true&amp;url=https:\/\/www.comagricola.com\/de\/prodotto\/blumenparks\/&amp;title=Blumenparks'); return false;\" title=\"LinkedIn\" target=\"_blank\"><i class=\"fa fa-linkedin\"><\/i><\/a><\/li>\n        <\/ul>\n    <\/div>\n    \t\t\t\t\t<\/div>\n\n\t\t\t\t<\/div><!-- .summary -->\n\t\t\t<\/div> \n\t\t<\/div>\n\t<\/div>\n\t\n\t<div class=\"container\">\n\t\t\n\t<div class=\"woocommerce-tabs wc-tabs-wrapper\">\n\t\t<ul class=\"tabs wc-tabs\" role=\"tablist\">\n\t\t\t\t\t\t\t<li role=\"presentation\" class=\"description_tab\" id=\"tab-title-description\">\n\t\t\t\t\t<a href=\"#tab-description\" role=\"tab\" aria-controls=\"tab-description\">\n\t\t\t\t\t\tBeschreibung\t\t\t\t\t<\/a>\n\t\t\t\t<\/li>\n\t\t\t\t\t\t\t<li role=\"presentation\" class=\"additional_information_tab\" id=\"tab-title-additional_information\">\n\t\t\t\t\t<a href=\"#tab-additional_information\" role=\"tab\" aria-controls=\"tab-additional_information\">\n\t\t\t\t\t\tZus\u00e4tzliche Informationen\t\t\t\t\t<\/a>\n\t\t\t\t<\/li>\n\t\t\t\t\t<\/ul>\n\t\t\t\t\t<div class=\"woocommerce-Tabs-panel woocommerce-Tabs-panel--description panel entry-content wc-tab\" id=\"tab-description\" role=\"tabpanel\" aria-labelledby=\"tab-title-description\">\n\t\t\t\t\n\t<h2>Beschreibung<\/h2>\n\n[vc_row][vc_column width=&#8221;3\/12&#8243;][vc_column_text]\n<h4>Dosierung S\u00e4en<\/h4>\n<p>von 1,5 bis 3 gr\/qm[\/vc_column_text][\/vc_column][vc_column width=&#8221;9\/12&#8243;][vc_column_text]\n<table style=\"width: 100%; border-collapse: collapse; border-style: none;\" border=\"0\" cellspacing=\"0\" cellpadding=\"0\">\n<tbody>\n<tr>\n<td style=\"width: 151px; padding-right: 20px; border-style: none; vertical-align: top;\">\n<h4>ZUSAMMENSETZUNG<\/h4>\n<\/td>\n<td style=\"width: 166px; padding-right: 20px; vertical-align: top; border-style: none;\"><\/td>\n<td style=\"width: 166px; padding-right: 20px; vertical-align: top; border-style: none;\"><\/td>\n<\/tr>\n<tr>\n<td style=\"border-style: none; width: 33%; padding-right: 20px; vertical-align: top;\">Achillea millefolium<br \/>\nAlyssum maritimum\/Lobularia<br \/>\n<strong>Anthemis maritima<\/strong><br \/>\nAnthemis tinctoria<br \/>\nAnthyllis vulneraria<br \/>\nAntirrhinum majus<br \/>\n<strong>Bellis perennis<\/strong><br \/>\nCalendula officinalis<br \/>\n<strong>Centaurea cyanus mix<\/strong><\/td>\n<td style=\"border-style: none; width: 33%; padding-right: 20px; vertical-align: top;\">Centranthus ruber<br \/>\n<strong>Cerastium biebersteinii<\/strong><br \/>\nCheiranthus cheiri<br \/>\nChrusanthemum segetum<br \/>\nDianthus carthusianorum<br \/>\nGalium verum<br \/>\nGypsophila repens<br \/>\nHelianthemum appeninum<br \/>\n<strong>Leucanthemum vulgare<\/strong><\/td>\n<td style=\"border-style: none; width: 33%; padding-right: 20px; vertical-align: top;\"><strong>Linum perenne<\/strong><br \/>\n<strong>Linum grandiflorum<\/strong><br \/>\nMalva moschata<br \/>\nNigella sativa<br \/>\nPapaver rhoeas sauvage<br \/>\nPsoralea bituminosa<br \/>\n<strong>Saponaria ocymoides<\/strong><br \/>\nScabiosa maritima<\/td>\n<\/tr>\n<\/tbody>\n<\/table>\n[\/vc_column_text][\/vc_column][\/vc_row]\n\t\t\t<\/div>\n\t\t\t\t\t<div class=\"woocommerce-Tabs-panel woocommerce-Tabs-panel--additional_information panel entry-content wc-tab\" id=\"tab-additional_information\" role=\"tabpanel\" aria-labelledby=\"tab-title-additional_information\">\n\t\t\t\t\n\t<h2>Zus\u00e4tzliche Informationen<\/h2>\n\n<table class=\"woocommerce-product-attributes shop_attributes\" aria-label=\"Produktdetails\">\n\t\t\t<tr class=\"woocommerce-product-attributes-item woocommerce-product-attributes-item--attribute_pa_confezione\">\n\t\t\t<th class=\"woocommerce-product-attributes-item__label\" scope=\"row\">Verpackung Beutel<\/th>\n\t\t\t<td class=\"woocommerce-product-attributes-item__value\"><p>Verpackung Beutel kg. 1<\/p>\n<\/td>\n\t\t<\/tr>\n\t<\/table>\n\t\t\t<\/div>\n\t\t\n\t\t\t<\/div>\n\n\n\t<section class=\"related products\">\n\t\t<div class=\"title1\"><h3><span>Potrebbero interessarti<\/span><\/h3><\/div> \n\n\t\t<div class=\"shop-products products row grid-view sidebar\">\n\t\t\t\n\t\t\t\t\n\n<div class=\" item-col col-12 col-full-hd col-md-12 post-12427 product type-product status-publish has-post-thumbnail product_cat-blumenwiese product_cat-ornamentalien first instock taxable shipping-taxable product-type-simple\">\n\t<div class=\"product-wrapper\">\n\t\t\n\t\t<div class=\"list-col4\"> \n\t\t\t<div class=\"product-image\">\n\t\t\t\t\t\t\t\t\t\t\t\t\t  \n\t\t\t\t<a href=\"https:\/\/www.comagricola.com\/de\/prodotto\/einfarbig-jahrlich\/\" class=\"woocommerce-LoopProduct-link woocommerce-loop-product__link\">\t\t\t\t\t<img loading=\"lazy\" decoding=\"async\" width=\"300\" height=\"300\" src=\"https:\/\/www.comagricola.com\/wp-content\/uploads\/2020\/12\/ornamentali-annuali-300x300.jpg\" class=\"primary_image\" alt=\"Einfarbig j\u00e4hrlich\" srcset=\"https:\/\/www.comagricola.com\/wp-content\/uploads\/2020\/12\/ornamentali-annuali-300x300.jpg 300w, https:\/\/www.comagricola.com\/wp-content\/uploads\/2020\/12\/ornamentali-annuali-150x150.jpg 150w, https:\/\/www.comagricola.com\/wp-content\/uploads\/2020\/12\/ornamentali-annuali-100x100.jpg 100w\" sizes=\"auto, (max-width: 300px) 100vw, 300px\" \/>\t\t\t\t\t<span class=\"shadow\"><\/span> \n\t\t\t\t<\/a>   \n\t\t\t\t<div class=\"box-hover\">   \n\t\t\t\t\t<ul class=\"add-to-links\">\n\t\t\t\t\t\t<li> \n\t\t\t\t\t\t\t\t\t\t\t\t\t<\/li>  \n\t\t\t\t\t\t<li>\n\t\t\t\t\t\t\t\t\t\t\t\t\t<\/li> \n\t\t\t\t\t\t  \n\t\t\t\t\t<\/ul> \n\t\t\t\t<\/div>\n\t\t\t\t<div class=\"count-down\">\n\t\t\t\t\t\t\t\t\t\t\t\t\t\t<\/div>  \n\t\t\t<\/div>\n\t\t<\/div>\n\t\t<div class=\"list-col8\">\n\t\t\t<div class=\"gridview\"> \n\t\t\t \t \n\t\t\t\t<h2 class=\"product-name\">\n\t\t\t\t\t<a href=\"https:\/\/www.comagricola.com\/de\/prodotto\/einfarbig-jahrlich\/\">Einfarbig j\u00e4hrlich<\/a>\n\t\t\t\t<\/h2>    \n\t\t\t\t<div class=\"price-box\"><\/div>  \n\t\t\t\t<div class=\"actions clearfix\">  \n\t\t\t\t\t<div class=\"add-to-cart\">\n\t\t\t\t\t\t<p class=\"product woocommerce add_to_cart_inline \" style=\"border:4px solid #ccc; padding: 12px;\">\t<span id=\"woocommerce_loop_add_to_cart_link_describedby_12427\" class=\"screen-reader-text\">\n\t\t\t<\/span>\n<\/p>\t\t\t\t\t<\/div> \n\t\t\t\t<\/div>  \n\t\t\t<\/div>\n\t\t<\/div>\n\t\t<div class=\"clearfix\"><\/div>\n\t\t\n\t<\/div>\n<\/div>\n\n\t\t\t\n\t\t\t\t\n\n<div class=\" item-col col-12 col-full-hd col-md-12 post-12420 product type-product status-publish has-post-thumbnail product_cat-blumenwiese product_cat-ornamentalien first instock taxable shipping-taxable product-type-simple\">\n\t<div class=\"product-wrapper\">\n\t\t\n\t\t<div class=\"list-col4\"> \n\t\t\t<div class=\"product-image\">\n\t\t\t\t\t\t\t\t\t\t\t\t\t  \n\t\t\t\t<a href=\"https:\/\/www.comagricola.com\/de\/prodotto\/jahrliche-grenze\/\" class=\"woocommerce-LoopProduct-link woocommerce-loop-product__link\">\t\t\t\t\t<img loading=\"lazy\" decoding=\"async\" width=\"300\" height=\"300\" src=\"https:\/\/www.comagricola.com\/wp-content\/uploads\/2020\/12\/Annuali-nani-300x300.jpg\" class=\"primary_image\" alt=\"J\u00e4hrliche Grenze\" srcset=\"https:\/\/www.comagricola.com\/wp-content\/uploads\/2020\/12\/Annuali-nani-300x300.jpg 300w, https:\/\/www.comagricola.com\/wp-content\/uploads\/2020\/12\/Annuali-nani-150x150.jpg 150w, https:\/\/www.comagricola.com\/wp-content\/uploads\/2020\/12\/Annuali-nani-100x100.jpg 100w\" sizes=\"auto, (max-width: 300px) 100vw, 300px\" \/>\t\t\t\t\t<span class=\"shadow\"><\/span> \n\t\t\t\t<\/a>   \n\t\t\t\t<div class=\"box-hover\">   \n\t\t\t\t\t<ul class=\"add-to-links\">\n\t\t\t\t\t\t<li> \n\t\t\t\t\t\t\t\t\t\t\t\t\t<\/li>  \n\t\t\t\t\t\t<li>\n\t\t\t\t\t\t\t\t\t\t\t\t\t<\/li> \n\t\t\t\t\t\t  \n\t\t\t\t\t<\/ul> \n\t\t\t\t<\/div>\n\t\t\t\t<div class=\"count-down\">\n\t\t\t\t\t\t\t\t\t\t\t\t\t\t<\/div>  \n\t\t\t<\/div>\n\t\t<\/div>\n\t\t<div class=\"list-col8\">\n\t\t\t<div class=\"gridview\"> \n\t\t\t \t \n\t\t\t\t<h2 class=\"product-name\">\n\t\t\t\t\t<a href=\"https:\/\/www.comagricola.com\/de\/prodotto\/jahrliche-grenze\/\">J\u00e4hrliche Grenze<\/a>\n\t\t\t\t<\/h2>    \n\t\t\t\t<div class=\"price-box\"> <\/div>  \n\t\t\t\t<div class=\"actions clearfix\">  \n\t\t\t\t\t<div class=\"add-to-cart\">\n\t\t\t\t\t\t<p class=\"product woocommerce add_to_cart_inline \" style=\"border:4px solid #ccc; padding: 12px;\"> \t<span id=\"woocommerce_loop_add_to_cart_link_describedby_12420\" class=\"screen-reader-text\">\n\t\t\t<\/span>\n<\/p>\t\t\t\t\t<\/div> \n\t\t\t\t<\/div>  \n\t\t\t<\/div>\n\t\t<\/div>\n\t\t<div class=\"clearfix\"><\/div>\n\t\t\n\t<\/div>\n<\/div>\n\n\t\t\t\n\t\t\t\t\n\n<div class=\" item-col col-12 col-full-hd col-md-12 post-12451 product type-product status-publish has-post-thumbnail product_cat-blumenwiese product_cat-speziale first instock taxable shipping-taxable product-type-simple\">\n\t<div class=\"product-wrapper\">\n\t\t\n\t\t<div class=\"list-col4\"> \n\t\t\t<div class=\"product-image\">\n\t\t\t\t\t\t\t\t\t\t\t\t\t  \n\t\t\t\t<a href=\"https:\/\/www.comagricola.com\/de\/prodotto\/mineralische-zonen\/\" class=\"woocommerce-LoopProduct-link woocommerce-loop-product__link\">\t\t\t\t\t<img loading=\"lazy\" decoding=\"async\" width=\"300\" height=\"300\" src=\"https:\/\/www.comagricola.com\/wp-content\/uploads\/2020\/12\/zone-minerali-300x300.jpg\" class=\"primary_image\" alt=\"Mineralische Zonen\" srcset=\"https:\/\/www.comagricola.com\/wp-content\/uploads\/2020\/12\/zone-minerali-300x300.jpg 300w, https:\/\/www.comagricola.com\/wp-content\/uploads\/2020\/12\/zone-minerali-150x150.jpg 150w, https:\/\/www.comagricola.com\/wp-content\/uploads\/2020\/12\/zone-minerali-100x100.jpg 100w\" sizes=\"auto, (max-width: 300px) 100vw, 300px\" \/>\t\t\t\t\t<span class=\"shadow\"><\/span> \n\t\t\t\t<\/a>   \n\t\t\t\t<div class=\"box-hover\">   \n\t\t\t\t\t<ul class=\"add-to-links\">\n\t\t\t\t\t\t<li> \n\t\t\t\t\t\t\t\t\t\t\t\t\t<\/li>  \n\t\t\t\t\t\t<li>\n\t\t\t\t\t\t\t\t\t\t\t\t\t<\/li> \n\t\t\t\t\t\t  \n\t\t\t\t\t<\/ul> \n\t\t\t\t<\/div>\n\t\t\t\t<div class=\"count-down\">\n\t\t\t\t\t\t\t\t\t\t\t\t\t\t<\/div>  \n\t\t\t<\/div>\n\t\t<\/div>\n\t\t<div class=\"list-col8\">\n\t\t\t<div class=\"gridview\"> \n\t\t\t \t \n\t\t\t\t<h2 class=\"product-name\">\n\t\t\t\t\t<a href=\"https:\/\/www.comagricola.com\/de\/prodotto\/mineralische-zonen\/\">Mineralische Zonen<\/a>\n\t\t\t\t<\/h2>    \n\t\t\t\t<div class=\"price-box\"> <\/div>  \n\t\t\t\t<div class=\"actions clearfix\">  \n\t\t\t\t\t<div class=\"add-to-cart\">\n\t\t\t\t\t\t<p class=\"product woocommerce add_to_cart_inline \" style=\"border:4px solid #ccc; padding: 12px;\"> \t<span id=\"woocommerce_loop_add_to_cart_link_describedby_12451\" class=\"screen-reader-text\">\n\t\t\t<\/span>\n<\/p>\t\t\t\t\t<\/div> \n\t\t\t\t<\/div>  \n\t\t\t<\/div>\n\t\t<\/div>\n\t\t<div class=\"clearfix\"><\/div>\n\t\t\n\t<\/div>\n<\/div>\n\n\t\t\t\n\t\t\t\t\n\n<div class=\" item-col col-12 col-full-hd col-md-12 post-12448 product type-product status-publish has-post-thumbnail product_cat-blumenwiese product_cat-speziale first instock taxable shipping-taxable product-type-simple\">\n\t<div class=\"product-wrapper\">\n\t\t\n\t\t<div class=\"list-col4\"> \n\t\t\t<div class=\"product-image\">\n\t\t\t\t\t\t\t\t\t\t\t\t\t  \n\t\t\t\t<a href=\"https:\/\/www.comagricola.com\/de\/prodotto\/blumen-der-felsen\/\" class=\"woocommerce-LoopProduct-link woocommerce-loop-product__link\">\t\t\t\t\t<img loading=\"lazy\" decoding=\"async\" width=\"300\" height=\"300\" src=\"https:\/\/www.comagricola.com\/wp-content\/uploads\/2020\/12\/fiori-delle-rocce-300x300.jpg\" class=\"primary_image\" alt=\"Blumen der Felsen\" srcset=\"https:\/\/www.comagricola.com\/wp-content\/uploads\/2020\/12\/fiori-delle-rocce-300x300.jpg 300w, https:\/\/www.comagricola.com\/wp-content\/uploads\/2020\/12\/fiori-delle-rocce-150x150.jpg 150w, https:\/\/www.comagricola.com\/wp-content\/uploads\/2020\/12\/fiori-delle-rocce-100x100.jpg 100w\" sizes=\"auto, (max-width: 300px) 100vw, 300px\" \/>\t\t\t\t\t<span class=\"shadow\"><\/span> \n\t\t\t\t<\/a>   \n\t\t\t\t<div class=\"box-hover\">   \n\t\t\t\t\t<ul class=\"add-to-links\">\n\t\t\t\t\t\t<li> \n\t\t\t\t\t\t\t\t\t\t\t\t\t<\/li>  \n\t\t\t\t\t\t<li>\n\t\t\t\t\t\t\t\t\t\t\t\t\t<\/li> \n\t\t\t\t\t\t  \n\t\t\t\t\t<\/ul> \n\t\t\t\t<\/div>\n\t\t\t\t<div class=\"count-down\">\n\t\t\t\t\t\t\t\t\t\t\t\t\t\t<\/div>  \n\t\t\t<\/div>\n\t\t<\/div>\n\t\t<div class=\"list-col8\">\n\t\t\t<div class=\"gridview\"> \n\t\t\t \t \n\t\t\t\t<h2 class=\"product-name\">\n\t\t\t\t\t<a href=\"https:\/\/www.comagricola.com\/de\/prodotto\/blumen-der-felsen\/\">Blumen der Felsen<\/a>\n\t\t\t\t<\/h2>    \n\t\t\t\t<div class=\"price-box\"> <\/div>  \n\t\t\t\t<div class=\"actions clearfix\">  \n\t\t\t\t\t<div class=\"add-to-cart\">\n\t\t\t\t\t\t<p class=\"product woocommerce add_to_cart_inline \" style=\"border:4px solid #ccc; padding: 12px;\"> \t<span id=\"woocommerce_loop_add_to_cart_link_describedby_12448\" class=\"screen-reader-text\">\n\t\t\t<\/span>\n<\/p>\t\t\t\t\t<\/div> \n\t\t\t\t<\/div>  \n\t\t\t<\/div>\n\t\t<\/div>\n\t\t<div class=\"clearfix\"><\/div>\n\t\t\n\t<\/div>\n<\/div>\n\n\t\t\t\n\t\t<\/div>\n\t<\/section>\n\n\t\t\n\t\t<meta itemprop=\"url\" content=\"https:\/\/www.comagricola.com\/de\/prodotto\/blumenparks\/\" \/>\n\t<\/div>\n<\/div><!-- #product-12446 --> \n\n\n\t\t\t<\/div>\n\t\t\t<\/div>[vc_separator border_width=&#8221;2&#8243;][\/vc_column][\/vc_row][vc_row el_class=&#8221;prodotto&#8221; css=&#8221;.vc_custom_1608109051067{margin-bottom: 0px !important;border-bottom-width: 0px !important;}&#8221;][vc_column el_class=&#8221;descrizione&#8221;]<div class=\"woocommerce\">\t\t\t<div class=\"single-product\" data-product-page-preselected-id=\"0\">\n\t\t\t\t\n<div class=\"container\">\n<div class=\"woocommerce-notices-wrapper\"><\/div><\/div>\n<div id=\"product-12448\" class=\"product type-product post-12448 status-publish first instock product_cat-blumenwiese product_cat-speziale has-post-thumbnail taxable shipping-taxable product-type-simple\">\n\t<div class=\"container\">\n\t\t<div class=\"row\">\n\t\t\t<div class=\"col-12 col-md-5\">\n\t\t\t\t<div class=\"single-product-image\">\n\t\t\t\t\t<div class=\"woocommerce-product-gallery woocommerce-product-gallery--with-images woocommerce-product-gallery--columns-4 images\" data-columns=\"4\" style=\"opacity: 0; transition: opacity .25s ease-in-out;\">\n\t<div class=\"woocommerce-product-gallery__wrapper\">\n\t\t<div data-thumb=\"https:\/\/www.comagricola.com\/wp-content\/uploads\/2020\/12\/fiori-delle-rocce-100x100.jpg\" data-thumb-alt=\"Blumen der Felsen\" data-thumb-srcset=\"https:\/\/www.comagricola.com\/wp-content\/uploads\/2020\/12\/fiori-delle-rocce-100x100.jpg 100w, https:\/\/www.comagricola.com\/wp-content\/uploads\/2020\/12\/fiori-delle-rocce-150x150.jpg 150w, https:\/\/www.comagricola.com\/wp-content\/uploads\/2020\/12\/fiori-delle-rocce-300x300.jpg 300w\"  data-thumb-sizes=\"(max-width: 100px) 100vw, 100px\" class=\"woocommerce-product-gallery__image\"><a data-rel=\"lightbox-gallery-1\" href=\"https:\/\/www.comagricola.com\/wp-content\/uploads\/2020\/12\/fiori-delle-rocce.jpg\"><img loading=\"lazy\" decoding=\"async\" width=\"436\" height=\"360\" src=\"https:\/\/www.comagricola.com\/wp-content\/uploads\/2020\/12\/fiori-delle-rocce.jpg\" class=\"wp-post-image\" alt=\"Blumen der Felsen\" data-caption=\"\" data-src=\"https:\/\/www.comagricola.com\/wp-content\/uploads\/2020\/12\/fiori-delle-rocce.jpg\" data-large_image=\"https:\/\/www.comagricola.com\/wp-content\/uploads\/2020\/12\/fiori-delle-rocce.jpg\" data-large_image_width=\"436\" data-large_image_height=\"360\" srcset=\"https:\/\/www.comagricola.com\/wp-content\/uploads\/2020\/12\/fiori-delle-rocce.jpg 436w, https:\/\/www.comagricola.com\/wp-content\/uploads\/2020\/12\/fiori-delle-rocce-300x248.jpg 300w\" sizes=\"auto, (max-width: 436px) 100vw, 436px\" \/><\/a><\/div>\t<\/div>\n<\/div>\n\t\t\t\t<\/div>\n\n\t\t\t<\/div>\n\t\t\t<div class=\"col-12 col-md-7\">\n\t\t\t\t<div class=\"summary entry-summary single-product-info\">\n\t\t\t\t\t<div class=\"product-nav\">\n\t\t\t\t\t\t<div class=\"next-prev\">\n\t\t\t\t\t\t\t<div class=\"prev\"><a href=\"https:\/\/www.comagricola.com\/de\/prodotto\/blumenparks\/\" rel=\"prev\">Blumenparks<\/a><\/div>\n\t\t\t\t\t\t\t<div class=\"next\"><a href=\"https:\/\/www.comagricola.com\/de\/prodotto\/mineralische-zonen\/\" rel=\"next\">Mineralische Zonen<\/a><\/div>\n\t\t\t\t\t\t<\/div>\n\t\t\t\t\t<\/div>\n\t\t\t\t\n\t\t\t\t\t<h2 class=\"product_title entry-title\">Blumen der Felsen<\/h2>\t\t\t\t<style type=\"text\/css\">\n\t\t\t\t\tp.ywcrbp_custom_message {\n\t\t\t\t\t\tcolor: #ff0000;\n\t\t\t\t\t}\n\t\t\t\t<\/style>\n\t\t\t\t<p class=\"ywcrbp_custom_message\"><\/p><p class=\"price\"> <\/p>\n<div class=\"woocommerce-product-details__short-description\">\n\t<h3>\u00c4sthetik<\/h3>\n<p>Mischung aus 8 bunten, rustikalen Blumen mit Bodendeckerverhalten zur Versch\u00f6nerung von Terrassen, Rabatten oder Beeten.<br \/>\nTrockentolerant, erreicht eine H\u00f6he von 25-30 cm.<\/p>\n<\/div>\n<div class=\"product_meta\">\n\n\t\n\t\n\t<span class=\"posted_in\">Kategorien: <a href=\"https:\/\/www.comagricola.com\/de\/categoria-prodotto\/blumenwiese\/\" rel=\"tag\">Blumenwiese<\/a>, <a href=\"https:\/\/www.comagricola.com\/de\/categoria-prodotto\/blumenwiese\/speziale\/\" rel=\"tag\">Speziale<\/a><\/span>\n\t\n\t\n<\/div>\n\t\t<div class=\"share_buttons\">\n\t\t\t\t\t<\/div>\n\t\t\t\t\t\t<div class=\"single-product-sharing\">\n\t\t\t\t\t\t    <div class=\"widget widget_socialsharing_widget\"> \n        <ul class=\"social-icons\">\n            <li><a class=\"facebook social-icon\" href=\"#\" onclick=\"javascript: window.open('https:\/\/www.facebook.com\/sharer\/sharer.php?u=https:\/\/www.comagricola.com\/de\/prodotto\/blumen-der-felsen\/'); return false;\" title=\"Facebook\" target=\"_blank\"><i class=\"fa fa-facebook\"><\/i><\/a><\/li>\n            <li><a class=\"twitter social-icon\" href=\"#\" title=\"Twitter\" onclick=\"javascript: window.open('https:\/\/twitter.com\/home?status=Blumen der Felsen&nbsp;https:\/\/www.comagricola.com\/de\/prodotto\/blumen-der-felsen\/'); return false;\" target=\"_blank\"><i class=\"fa fa-twitter\"><\/i><\/a><\/li>\n            <li><a class=\"pinterest social-icon\" href=\"#\" onclick=\"javascript: window.open('https:\/\/pinterest.com\/pin\/create\/button\/?url=https:\/\/www.comagricola.com\/de\/prodotto\/blumen-der-felsen\/&amp;media=https:\/\/www.comagricola.com\/wp-content\/uploads\/2020\/12\/fiori-delle-rocce.jpg&amp;description=Blumen der Felsen'); return false;\" title=\"Pinterest\" target=\"_blank\"><i class=\"fa fa-pinterest\"><\/i><\/a><\/li>\n            <li><a class=\"gplus social-icon\" href=\"#\" onclick=\"javascript: window.open('https:\/\/plus.google.com\/share?url=https:\/\/www.comagricola.com\/de\/prodotto\/blumen-der-felsen\/'); return false;\" title=\"Google +\" target=\"_blank\"><i class=\"fa fa-google-plus\"><\/i><\/a><\/li>\n            <li><a class=\"linkedin social-icon\" href=\"#\" onclick=\"javascript: window.open('https:\/\/www.linkedin.com\/shareArticle?mini=true&amp;url=https:\/\/www.comagricola.com\/de\/prodotto\/blumen-der-felsen\/&amp;title=Blumen der Felsen'); return false;\" title=\"LinkedIn\" target=\"_blank\"><i class=\"fa fa-linkedin\"><\/i><\/a><\/li>\n        <\/ul>\n    <\/div>\n    \t\t\t\t\t<\/div>\n\n\t\t\t\t<\/div><!-- .summary -->\n\t\t\t<\/div> \n\t\t<\/div>\n\t<\/div>\n\t\n\t<div class=\"container\">\n\t\t\n\t<div class=\"woocommerce-tabs wc-tabs-wrapper\">\n\t\t<ul class=\"tabs wc-tabs\" role=\"tablist\">\n\t\t\t\t\t\t\t<li role=\"presentation\" class=\"description_tab\" id=\"tab-title-description\">\n\t\t\t\t\t<a href=\"#tab-description\" role=\"tab\" aria-controls=\"tab-description\">\n\t\t\t\t\t\tBeschreibung\t\t\t\t\t<\/a>\n\t\t\t\t<\/li>\n\t\t\t\t\t\t\t<li role=\"presentation\" class=\"additional_information_tab\" id=\"tab-title-additional_information\">\n\t\t\t\t\t<a href=\"#tab-additional_information\" role=\"tab\" aria-controls=\"tab-additional_information\">\n\t\t\t\t\t\tZus\u00e4tzliche Informationen\t\t\t\t\t<\/a>\n\t\t\t\t<\/li>\n\t\t\t\t\t<\/ul>\n\t\t\t\t\t<div class=\"woocommerce-Tabs-panel woocommerce-Tabs-panel--description panel entry-content wc-tab\" id=\"tab-description\" role=\"tabpanel\" aria-labelledby=\"tab-title-description\">\n\t\t\t\t\n\t<h2>Beschreibung<\/h2>\n\n[vc_row][vc_column width=&#8221;3\/12&#8243;][vc_column_text]\n<h4>Dosierung S\u00e4en<\/h4>\n<p>von 0,5 bis 1 gr\/mq[\/vc_column_text][\/vc_column][vc_column width=&#8221;9\/12&#8243;][vc_column_text]\n<table style=\"width: auto; border-collapse: collapse; border-style: none;\" border=\"0\" cellspacing=\"0\" cellpadding=\"0\">\n<tbody>\n<tr>\n<td style=\"width: 151px; padding-right: 20px; border-style: none; vertical-align: top;\">\n<h4>ZUSAMMENSETZUNG<\/h4>\n<\/td>\n<td style=\"width: 166px; padding-right: 20px; vertical-align: top; border-style: none;\"><\/td>\n<\/tr>\n<tr>\n<td style=\"vertical-align: top; border-style: none; width: 50%; padding-right: 20px;\">Alyssum saxatile<br \/>\nArmeria marittima<br \/>\n<strong>Bellis perennis<\/strong><br \/>\n<strong>Cerastium tormentosum<\/strong><\/td>\n<td style=\"vertical-align: top; border-style: none; width: 50%; padding-right: 20px;\"><strong>Gypsophila repens<\/strong><br \/>\n<strong>Primula veris\/eliator<\/strong><br \/>\n<strong>Saponaria ocymoides<\/strong><br \/>\nSaxifraga arendsii<\/td>\n<\/tr>\n<\/tbody>\n<\/table>\n[\/vc_column_text][\/vc_column][\/vc_row]\n\t\t\t<\/div>\n\t\t\t\t\t<div class=\"woocommerce-Tabs-panel woocommerce-Tabs-panel--additional_information panel entry-content wc-tab\" id=\"tab-additional_information\" role=\"tabpanel\" aria-labelledby=\"tab-title-additional_information\">\n\t\t\t\t\n\t<h2>Zus\u00e4tzliche Informationen<\/h2>\n\n<table class=\"woocommerce-product-attributes shop_attributes\" aria-label=\"Produktdetails\">\n\t\t\t<tr class=\"woocommerce-product-attributes-item woocommerce-product-attributes-item--attribute_pa_confezione\">\n\t\t\t<th class=\"woocommerce-product-attributes-item__label\" scope=\"row\">Verpackung Beutel<\/th>\n\t\t\t<td class=\"woocommerce-product-attributes-item__value\"><p>Verpackung Beutel kg. 1<\/p>\n<\/td>\n\t\t<\/tr>\n\t<\/table>\n\t\t\t<\/div>\n\t\t\n\t\t\t<\/div>\n\n\n\t<section class=\"related products\">\n\t\t<div class=\"title1\"><h3><span>Potrebbero interessarti<\/span><\/h3><\/div> \n\n\t\t<div class=\"shop-products products row grid-view sidebar\">\n\t\t\t\n\t\t\t\t\n\n<div class=\" item-col col-12 col-full-hd col-md-12 post-12748 product type-product status-publish has-post-thumbnail product_cat-blumenwiese product_cat-speziale first instock taxable shipping-taxable product-type-simple\">\n\t<div class=\"product-wrapper\">\n\t\t\n\t\t<div class=\"list-col4\"> \n\t\t\t<div class=\"product-image\">\n\t\t\t\t\t\t\t\t\t\t\t\t\t  \n\t\t\t\t<a href=\"https:\/\/www.comagricola.com\/de\/prodotto\/schatten-blumen\/\" class=\"woocommerce-LoopProduct-link woocommerce-loop-product__link\">\t\t\t\t\t<img loading=\"lazy\" decoding=\"async\" width=\"300\" height=\"300\" src=\"https:\/\/www.comagricola.com\/wp-content\/uploads\/2020\/12\/Ombre-fleuri-300x300.jpg\" class=\"primary_image\" alt=\"Schatten Blumen\" srcset=\"https:\/\/www.comagricola.com\/wp-content\/uploads\/2020\/12\/Ombre-fleuri-300x300.jpg 300w, https:\/\/www.comagricola.com\/wp-content\/uploads\/2020\/12\/Ombre-fleuri-150x150.jpg 150w, https:\/\/www.comagricola.com\/wp-content\/uploads\/2020\/12\/Ombre-fleuri-100x100.jpg 100w\" sizes=\"auto, (max-width: 300px) 100vw, 300px\" \/>\t\t\t\t\t<span class=\"shadow\"><\/span> \n\t\t\t\t<\/a>   \n\t\t\t\t<div class=\"box-hover\">   \n\t\t\t\t\t<ul class=\"add-to-links\">\n\t\t\t\t\t\t<li> \n\t\t\t\t\t\t\t\t\t\t\t\t\t<\/li>  \n\t\t\t\t\t\t<li>\n\t\t\t\t\t\t\t\t\t\t\t\t\t<\/li> \n\t\t\t\t\t\t  \n\t\t\t\t\t<\/ul> \n\t\t\t\t<\/div>\n\t\t\t\t<div class=\"count-down\">\n\t\t\t\t\t\t\t\t\t\t\t\t\t\t<\/div>  \n\t\t\t<\/div>\n\t\t<\/div>\n\t\t<div class=\"list-col8\">\n\t\t\t<div class=\"gridview\"> \n\t\t\t \t \n\t\t\t\t<h2 class=\"product-name\">\n\t\t\t\t\t<a href=\"https:\/\/www.comagricola.com\/de\/prodotto\/schatten-blumen\/\">Schatten Blumen<\/a>\n\t\t\t\t<\/h2>    \n\t\t\t\t<div class=\"price-box\"> <\/div>  \n\t\t\t\t<div class=\"actions clearfix\">  \n\t\t\t\t\t<div class=\"add-to-cart\">\n\t\t\t\t\t\t<p class=\"product woocommerce add_to_cart_inline \" style=\"border:4px solid #ccc; padding: 12px;\"> \t<span id=\"woocommerce_loop_add_to_cart_link_describedby_12748\" class=\"screen-reader-text\">\n\t\t\t<\/span>\n<\/p>\t\t\t\t\t<\/div> \n\t\t\t\t<\/div>  \n\t\t\t<\/div>\n\t\t<\/div>\n\t\t<div class=\"clearfix\"><\/div>\n\t\t\n\t<\/div>\n<\/div>\n\n\t\t\t\n\t\t\t\t\n\n<div class=\" item-col col-12 col-full-hd col-md-12 post-12429 product type-product status-publish has-post-thumbnail product_cat-blumenwiese product_cat-ornamentalien first instock taxable shipping-taxable product-type-simple\">\n\t<div class=\"product-wrapper\">\n\t\t\n\t\t<div class=\"list-col4\"> \n\t\t\t<div class=\"product-image\">\n\t\t\t\t\t\t\t\t\t\t\t\t\t  \n\t\t\t\t<a href=\"https:\/\/www.comagricola.com\/de\/prodotto\/monochrome-stauden\/\" class=\"woocommerce-LoopProduct-link woocommerce-loop-product__link\">\t\t\t\t\t<img loading=\"lazy\" decoding=\"async\" width=\"260\" height=\"194\" src=\"https:\/\/www.comagricola.com\/wp-content\/uploads\/2020\/12\/ornamentali-poliannuali.jpg\" class=\"primary_image\" alt=\"Monochrome Stauden\" \/>\t\t\t\t\t<span class=\"shadow\"><\/span> \n\t\t\t\t<\/a>   \n\t\t\t\t<div class=\"box-hover\">   \n\t\t\t\t\t<ul class=\"add-to-links\">\n\t\t\t\t\t\t<li> \n\t\t\t\t\t\t\t\t\t\t\t\t\t<\/li>  \n\t\t\t\t\t\t<li>\n\t\t\t\t\t\t\t\t\t\t\t\t\t<\/li> \n\t\t\t\t\t\t  \n\t\t\t\t\t<\/ul> \n\t\t\t\t<\/div>\n\t\t\t\t<div class=\"count-down\">\n\t\t\t\t\t\t\t\t\t\t\t\t\t\t<\/div>  \n\t\t\t<\/div>\n\t\t<\/div>\n\t\t<div class=\"list-col8\">\n\t\t\t<div class=\"gridview\"> \n\t\t\t \t \n\t\t\t\t<h2 class=\"product-name\">\n\t\t\t\t\t<a href=\"https:\/\/www.comagricola.com\/de\/prodotto\/monochrome-stauden\/\">Monochrome Stauden<\/a>\n\t\t\t\t<\/h2>    \n\t\t\t\t<div class=\"price-box\"><\/div>  \n\t\t\t\t<div class=\"actions clearfix\">  \n\t\t\t\t\t<div class=\"add-to-cart\">\n\t\t\t\t\t\t<p class=\"product woocommerce add_to_cart_inline \" style=\"border:4px solid #ccc; padding: 12px;\">\t<span id=\"woocommerce_loop_add_to_cart_link_describedby_12429\" class=\"screen-reader-text\">\n\t\t\t<\/span>\n<\/p>\t\t\t\t\t<\/div> \n\t\t\t\t<\/div>  \n\t\t\t<\/div>\n\t\t<\/div>\n\t\t<div class=\"clearfix\"><\/div>\n\t\t\n\t<\/div>\n<\/div>\n\n\t\t\t\n\t\t\t\t\n\n<div class=\" item-col col-12 col-full-hd col-md-12 post-12466 product type-product status-publish has-post-thumbnail product_cat-blumenwiese product_cat-insektenpopulation first instock taxable shipping-taxable product-type-simple\">\n\t<div class=\"product-wrapper\">\n\t\t\n\t\t<div class=\"list-col4\"> \n\t\t\t<div class=\"product-image\">\n\t\t\t\t\t\t\t\t\t\t\t\t\t  \n\t\t\t\t<a href=\"https:\/\/www.comagricola.com\/de\/prodotto\/biene-blumen\/\" class=\"woocommerce-LoopProduct-link woocommerce-loop-product__link\">\t\t\t\t\t<img loading=\"lazy\" decoding=\"async\" width=\"300\" height=\"300\" src=\"https:\/\/www.comagricola.com\/wp-content\/uploads\/2020\/12\/fiori-delle-api-2-300x300.jpg\" class=\"primary_image\" alt=\"Biene Blumen\" srcset=\"https:\/\/www.comagricola.com\/wp-content\/uploads\/2020\/12\/fiori-delle-api-2-300x300.jpg 300w, https:\/\/www.comagricola.com\/wp-content\/uploads\/2020\/12\/fiori-delle-api-2-150x150.jpg 150w, https:\/\/www.comagricola.com\/wp-content\/uploads\/2020\/12\/fiori-delle-api-2-100x100.jpg 100w\" sizes=\"auto, (max-width: 300px) 100vw, 300px\" \/>\t\t\t\t\t<span class=\"shadow\"><\/span> \n\t\t\t\t<\/a>   \n\t\t\t\t<div class=\"box-hover\">   \n\t\t\t\t\t<ul class=\"add-to-links\">\n\t\t\t\t\t\t<li> \n\t\t\t\t\t\t\t\t\t\t\t\t\t<\/li>  \n\t\t\t\t\t\t<li>\n\t\t\t\t\t\t\t\t\t\t\t\t\t<\/li> \n\t\t\t\t\t\t  \n\t\t\t\t\t<\/ul> \n\t\t\t\t<\/div>\n\t\t\t\t<div class=\"count-down\">\n\t\t\t\t\t\t\t\t\t\t\t\t\t\t<\/div>  \n\t\t\t<\/div>\n\t\t<\/div>\n\t\t<div class=\"list-col8\">\n\t\t\t<div class=\"gridview\"> \n\t\t\t \t \n\t\t\t\t<h2 class=\"product-name\">\n\t\t\t\t\t<a href=\"https:\/\/www.comagricola.com\/de\/prodotto\/biene-blumen\/\">Biene Blumen<\/a>\n\t\t\t\t<\/h2>    \n\t\t\t\t<div class=\"price-box\"> <\/div>  \n\t\t\t\t<div class=\"actions clearfix\">  \n\t\t\t\t\t<div class=\"add-to-cart\">\n\t\t\t\t\t\t<p class=\"product woocommerce add_to_cart_inline \" style=\"border:4px solid #ccc; padding: 12px;\"> \t<span id=\"woocommerce_loop_add_to_cart_link_describedby_12466\" class=\"screen-reader-text\">\n\t\t\t<\/span>\n<\/p>\t\t\t\t\t<\/div> \n\t\t\t\t<\/div>  \n\t\t\t<\/div>\n\t\t<\/div>\n\t\t<div class=\"clearfix\"><\/div>\n\t\t\n\t<\/div>\n<\/div>\n\n\t\t\t\n\t\t\t\t\n\n<div class=\" item-col col-12 col-full-hd col-md-12 post-12461 product type-product status-publish has-post-thumbnail product_cat-blumenwiese product_cat-insektenpopulation first instock taxable shipping-taxable product-type-simple\">\n\t<div class=\"product-wrapper\">\n\t\t\n\t\t<div class=\"list-col4\"> \n\t\t\t<div class=\"product-image\">\n\t\t\t\t\t\t\t\t\t\t\t\t\t  \n\t\t\t\t<a href=\"https:\/\/www.comagricola.com\/de\/prodotto\/insekt-blumen\/\" class=\"woocommerce-LoopProduct-link woocommerce-loop-product__link\">\t\t\t\t\t<img loading=\"lazy\" decoding=\"async\" width=\"300\" height=\"300\" src=\"https:\/\/www.comagricola.com\/wp-content\/uploads\/2020\/12\/fiori-degli-insetti-2-300x300.jpg\" class=\"primary_image\" alt=\"Insekt Blumen\" srcset=\"https:\/\/www.comagricola.com\/wp-content\/uploads\/2020\/12\/fiori-degli-insetti-2-300x300.jpg 300w, https:\/\/www.comagricola.com\/wp-content\/uploads\/2020\/12\/fiori-degli-insetti-2-150x150.jpg 150w, https:\/\/www.comagricola.com\/wp-content\/uploads\/2020\/12\/fiori-degli-insetti-2-100x100.jpg 100w\" sizes=\"auto, (max-width: 300px) 100vw, 300px\" \/>\t\t\t\t\t<span class=\"shadow\"><\/span> \n\t\t\t\t<\/a>   \n\t\t\t\t<div class=\"box-hover\">   \n\t\t\t\t\t<ul class=\"add-to-links\">\n\t\t\t\t\t\t<li> \n\t\t\t\t\t\t\t\t\t\t\t\t\t<\/li>  \n\t\t\t\t\t\t<li>\n\t\t\t\t\t\t\t\t\t\t\t\t\t<\/li> \n\t\t\t\t\t\t  \n\t\t\t\t\t<\/ul> \n\t\t\t\t<\/div>\n\t\t\t\t<div class=\"count-down\">\n\t\t\t\t\t\t\t\t\t\t\t\t\t\t<\/div>  \n\t\t\t<\/div>\n\t\t<\/div>\n\t\t<div class=\"list-col8\">\n\t\t\t<div class=\"gridview\"> \n\t\t\t \t \n\t\t\t\t<h2 class=\"product-name\">\n\t\t\t\t\t<a href=\"https:\/\/www.comagricola.com\/de\/prodotto\/insekt-blumen\/\">Insekt Blumen<\/a>\n\t\t\t\t<\/h2>    \n\t\t\t\t<div class=\"price-box\"> <\/div>  \n\t\t\t\t<div class=\"actions clearfix\">  \n\t\t\t\t\t<div class=\"add-to-cart\">\n\t\t\t\t\t\t<p class=\"product woocommerce add_to_cart_inline \" style=\"border:4px solid #ccc; padding: 12px;\"> \t<span id=\"woocommerce_loop_add_to_cart_link_describedby_12461\" class=\"screen-reader-text\">\n\t\t\t<\/span>\n<\/p>\t\t\t\t\t<\/div> \n\t\t\t\t<\/div>  \n\t\t\t<\/div>\n\t\t<\/div>\n\t\t<div class=\"clearfix\"><\/div>\n\t\t\n\t<\/div>\n<\/div>\n\n\t\t\t\n\t\t<\/div>\n\t<\/section>\n\n\t\t\n\t\t<meta itemprop=\"url\" content=\"https:\/\/www.comagricola.com\/de\/prodotto\/blumen-der-felsen\/\" \/>\n\t<\/div>\n<\/div><!-- #product-12448 --> \n\n\n\t\t\t<\/div>\n\t\t\t<\/div>[vc_separator border_width=&#8221;2&#8243;][\/vc_column][\/vc_row][vc_row el_class=&#8221;prodotto&#8221; css=&#8221;.vc_custom_1608109051067{margin-bottom: 0px !important;border-bottom-width: 0px !important;}&#8221;][vc_column el_class=&#8221;descrizione&#8221;]<div class=\"woocommerce\">\t\t\t<div class=\"single-product\" data-product-page-preselected-id=\"0\">\n\t\t\t\t\n<div class=\"container\">\n<div class=\"woocommerce-notices-wrapper\"><\/div><\/div>\n<div id=\"product-12451\" class=\"product type-product post-12451 status-publish first instock product_cat-blumenwiese product_cat-speziale has-post-thumbnail taxable shipping-taxable product-type-simple\">\n\t<div class=\"container\">\n\t\t<div class=\"row\">\n\t\t\t<div class=\"col-12 col-md-5\">\n\t\t\t\t<div class=\"single-product-image\">\n\t\t\t\t\t<div class=\"woocommerce-product-gallery woocommerce-product-gallery--with-images woocommerce-product-gallery--columns-4 images\" data-columns=\"4\" style=\"opacity: 0; transition: opacity .25s ease-in-out;\">\n\t<div class=\"woocommerce-product-gallery__wrapper\">\n\t\t<div data-thumb=\"https:\/\/www.comagricola.com\/wp-content\/uploads\/2020\/12\/zone-minerali-100x100.jpg\" data-thumb-alt=\"Mineralische Zonen\" data-thumb-srcset=\"https:\/\/www.comagricola.com\/wp-content\/uploads\/2020\/12\/zone-minerali-100x100.jpg 100w, https:\/\/www.comagricola.com\/wp-content\/uploads\/2020\/12\/zone-minerali-150x150.jpg 150w, https:\/\/www.comagricola.com\/wp-content\/uploads\/2020\/12\/zone-minerali-300x300.jpg 300w\"  data-thumb-sizes=\"(max-width: 100px) 100vw, 100px\" class=\"woocommerce-product-gallery__image\"><a data-rel=\"lightbox-gallery-1\" href=\"https:\/\/www.comagricola.com\/wp-content\/uploads\/2020\/12\/zone-minerali.jpg\"><img loading=\"lazy\" decoding=\"async\" width=\"404\" height=\"346\" src=\"https:\/\/www.comagricola.com\/wp-content\/uploads\/2020\/12\/zone-minerali.jpg\" class=\"wp-post-image\" alt=\"Mineralische Zonen\" data-caption=\"\" data-src=\"https:\/\/www.comagricola.com\/wp-content\/uploads\/2020\/12\/zone-minerali.jpg\" data-large_image=\"https:\/\/www.comagricola.com\/wp-content\/uploads\/2020\/12\/zone-minerali.jpg\" data-large_image_width=\"404\" data-large_image_height=\"346\" srcset=\"https:\/\/www.comagricola.com\/wp-content\/uploads\/2020\/12\/zone-minerali.jpg 404w, https:\/\/www.comagricola.com\/wp-content\/uploads\/2020\/12\/zone-minerali-300x257.jpg 300w\" sizes=\"auto, (max-width: 404px) 100vw, 404px\" \/><\/a><\/div>\t<\/div>\n<\/div>\n\t\t\t\t<\/div>\n\n\t\t\t<\/div>\n\t\t\t<div class=\"col-12 col-md-7\">\n\t\t\t\t<div class=\"summary entry-summary single-product-info\">\n\t\t\t\t\t<div class=\"product-nav\">\n\t\t\t\t\t\t<div class=\"next-prev\">\n\t\t\t\t\t\t\t<div class=\"prev\"><a href=\"https:\/\/www.comagricola.com\/de\/prodotto\/blumen-der-felsen\/\" rel=\"prev\">Blumen der Felsen<\/a><\/div>\n\t\t\t\t\t\t\t<div class=\"next\"><a href=\"https:\/\/www.comagricola.com\/de\/prodotto\/schmetterling-blumen\/\" rel=\"next\">Schmetterling Blumen<\/a><\/div>\n\t\t\t\t\t\t<\/div>\n\t\t\t\t\t<\/div>\n\t\t\t\t\n\t\t\t\t\t<h2 class=\"product_title entry-title\">Mineralische Zonen<\/h2>\t\t\t\t<style type=\"text\/css\">\n\t\t\t\t\tp.ywcrbp_custom_message {\n\t\t\t\t\t\tcolor: #ff0000;\n\t\t\t\t\t}\n\t\t\t\t<\/style>\n\t\t\t\t<p class=\"ywcrbp_custom_message\"><\/p><p class=\"price\"> <\/p>\n<div class=\"woocommerce-product-details__short-description\">\n\t<h3>\u00c4sthetik<\/h3>\n<p>Mischung aus Essenzen, die sowohl f\u00fcr stark drainierende als auch f\u00fcr kompakte B\u00f6den geeignet sind, um eine dichte und vielf\u00e4ltige Bodenbedeckung zu erhalten.<br \/>\nIdeal zum Anlegen von mehrj\u00e4hrigen Blumenteppichen mit einer durchschnittlichen H\u00f6he von 20 cm auf sandigen Fl\u00e4chen, Friedh\u00f6fen, D\u00e4chern &#8230;<\/p>\n<\/div>\n<div class=\"product_meta\">\n\n\t\n\t\n\t<span class=\"posted_in\">Kategorien: <a href=\"https:\/\/www.comagricola.com\/de\/categoria-prodotto\/blumenwiese\/\" rel=\"tag\">Blumenwiese<\/a>, <a href=\"https:\/\/www.comagricola.com\/de\/categoria-prodotto\/blumenwiese\/speziale\/\" rel=\"tag\">Speziale<\/a><\/span>\n\t\n\t\n<\/div>\n\t\t<div class=\"share_buttons\">\n\t\t\t\t\t<\/div>\n\t\t\t\t\t\t<div class=\"single-product-sharing\">\n\t\t\t\t\t\t    <div class=\"widget widget_socialsharing_widget\"> \n        <ul class=\"social-icons\">\n            <li><a class=\"facebook social-icon\" href=\"#\" onclick=\"javascript: window.open('https:\/\/www.facebook.com\/sharer\/sharer.php?u=https:\/\/www.comagricola.com\/de\/prodotto\/mineralische-zonen\/'); return false;\" title=\"Facebook\" target=\"_blank\"><i class=\"fa fa-facebook\"><\/i><\/a><\/li>\n            <li><a class=\"twitter social-icon\" href=\"#\" title=\"Twitter\" onclick=\"javascript: window.open('https:\/\/twitter.com\/home?status=Mineralische Zonen&nbsp;https:\/\/www.comagricola.com\/de\/prodotto\/mineralische-zonen\/'); return false;\" target=\"_blank\"><i class=\"fa fa-twitter\"><\/i><\/a><\/li>\n            <li><a class=\"pinterest social-icon\" href=\"#\" onclick=\"javascript: window.open('https:\/\/pinterest.com\/pin\/create\/button\/?url=https:\/\/www.comagricola.com\/de\/prodotto\/mineralische-zonen\/&amp;media=https:\/\/www.comagricola.com\/wp-content\/uploads\/2020\/12\/zone-minerali.jpg&amp;description=Mineralische Zonen'); return false;\" title=\"Pinterest\" target=\"_blank\"><i class=\"fa fa-pinterest\"><\/i><\/a><\/li>\n            <li><a class=\"gplus social-icon\" href=\"#\" onclick=\"javascript: window.open('https:\/\/plus.google.com\/share?url=https:\/\/www.comagricola.com\/de\/prodotto\/mineralische-zonen\/'); return false;\" title=\"Google +\" target=\"_blank\"><i class=\"fa fa-google-plus\"><\/i><\/a><\/li>\n            <li><a class=\"linkedin social-icon\" href=\"#\" onclick=\"javascript: window.open('https:\/\/www.linkedin.com\/shareArticle?mini=true&amp;url=https:\/\/www.comagricola.com\/de\/prodotto\/mineralische-zonen\/&amp;title=Mineralische Zonen'); return false;\" title=\"LinkedIn\" target=\"_blank\"><i class=\"fa fa-linkedin\"><\/i><\/a><\/li>\n        <\/ul>\n    <\/div>\n    \t\t\t\t\t<\/div>\n\n\t\t\t\t<\/div><!-- .summary -->\n\t\t\t<\/div> \n\t\t<\/div>\n\t<\/div>\n\t\n\t<div class=\"container\">\n\t\t\n\t<div class=\"woocommerce-tabs wc-tabs-wrapper\">\n\t\t<ul class=\"tabs wc-tabs\" role=\"tablist\">\n\t\t\t\t\t\t\t<li role=\"presentation\" class=\"description_tab\" id=\"tab-title-description\">\n\t\t\t\t\t<a href=\"#tab-description\" role=\"tab\" aria-controls=\"tab-description\">\n\t\t\t\t\t\tBeschreibung\t\t\t\t\t<\/a>\n\t\t\t\t<\/li>\n\t\t\t\t\t\t\t<li role=\"presentation\" class=\"additional_information_tab\" id=\"tab-title-additional_information\">\n\t\t\t\t\t<a href=\"#tab-additional_information\" role=\"tab\" aria-controls=\"tab-additional_information\">\n\t\t\t\t\t\tZus\u00e4tzliche Informationen\t\t\t\t\t<\/a>\n\t\t\t\t<\/li>\n\t\t\t\t\t<\/ul>\n\t\t\t\t\t<div class=\"woocommerce-Tabs-panel woocommerce-Tabs-panel--description panel entry-content wc-tab\" id=\"tab-description\" role=\"tabpanel\" aria-labelledby=\"tab-title-description\">\n\t\t\t\t\n\t<h2>Beschreibung<\/h2>\n\n[vc_row][vc_column width=&#8221;3\/12&#8243;][vc_column_text]\n<h4>Dosierung S\u00e4en<\/h4>\n<p>von 0,5 bis 1 gr\/mq[\/vc_column_text][\/vc_column][vc_column width=&#8221;9\/12&#8243;][vc_column_text]\n<table style=\"width: 100%; border-collapse: collapse; border-style: none;\" border=\"0\" cellspacing=\"0\" cellpadding=\"0\">\n<tbody>\n<tr>\n<td style=\"width: 151px; padding-right: 20px; border-style: none; vertical-align: top;\">\n<h4>ZUSAMMENSETZUNG<\/h4>\n<\/td>\n<td style=\"width: 166px; padding-right: 20px; vertical-align: top; border-style: none;\"><\/td>\n<td style=\"width: 166px; padding-right: 20px; vertical-align: top; border-style: none;\"><\/td>\n<\/tr>\n<tr>\n<td style=\"border-style: none; width: 33%; padding-right: 20px; vertical-align: top;\">Arabis alpina<br \/>\nAurinia saxatilis<br \/>\nErigeron karvinskianus<br \/>\n<strong>Gypsophila repens<\/strong><br \/>\nHelianthemum appeninum<br \/>\nHelianthemum nummularium<br \/>\nLobularia maritima<\/td>\n<td style=\"border-style: none; width: 33%; padding-right: 20px; vertical-align: top;\">Malcomia maritima<br \/>\nOriganum vulgare<br \/>\nPlantago coronopus<br \/>\nPlantago media<br \/>\nPotentilla verna<br \/>\nPrunella vulgaris<br \/>\n<strong>Saponaria ocymoides<\/strong><\/td>\n<td style=\"border-style: none; width: 33%; padding-right: 20px; vertical-align: top;\">Sedum acre<br \/>\nSedum album<br \/>\nThymus serpillum<br \/>\nTrifolium fragiferum<br \/>\nVerbena officinalis<br \/>\nViola tricolor<\/td>\n<\/tr>\n<\/tbody>\n<\/table>\n[\/vc_column_text][\/vc_column][\/vc_row]\n\t\t\t<\/div>\n\t\t\t\t\t<div class=\"woocommerce-Tabs-panel woocommerce-Tabs-panel--additional_information panel entry-content wc-tab\" id=\"tab-additional_information\" role=\"tabpanel\" aria-labelledby=\"tab-title-additional_information\">\n\t\t\t\t\n\t<h2>Zus\u00e4tzliche Informationen<\/h2>\n\n<table class=\"woocommerce-product-attributes shop_attributes\" aria-label=\"Produktdetails\">\n\t\t\t<tr class=\"woocommerce-product-attributes-item woocommerce-product-attributes-item--attribute_pa_confezione\">\n\t\t\t<th class=\"woocommerce-product-attributes-item__label\" scope=\"row\">Verpackung Beutel<\/th>\n\t\t\t<td class=\"woocommerce-product-attributes-item__value\"><p>Verpackung Beutel kg. 1<\/p>\n<\/td>\n\t\t<\/tr>\n\t<\/table>\n\t\t\t<\/div>\n\t\t\n\t\t\t<\/div>\n\n\n\t<section class=\"related products\">\n\t\t<div class=\"title1\"><h3><span>Potrebbero interessarti<\/span><\/h3><\/div> \n\n\t\t<div class=\"shop-products products row grid-view sidebar\">\n\t\t\t\n\t\t\t\t\n\n<div class=\" item-col col-12 col-full-hd col-md-12 post-12416 product type-product status-publish has-post-thumbnail product_cat-blumenwiese product_cat-landschaft first instock taxable shipping-taxable product-type-simple\">\n\t<div class=\"product-wrapper\">\n\t\t\n\t\t<div class=\"list-col4\"> \n\t\t\t<div class=\"product-image\">\n\t\t\t\t\t\t\t\t\t\t\t\t\t  \n\t\t\t\t<a href=\"https:\/\/www.comagricola.com\/de\/prodotto\/staudenlandschaft\/\" class=\"woocommerce-LoopProduct-link woocommerce-loop-product__link\">\t\t\t\t\t<img loading=\"lazy\" decoding=\"async\" width=\"300\" height=\"283\" src=\"https:\/\/www.comagricola.com\/wp-content\/uploads\/2020\/12\/Jachere-pluri-annuelle-300x283.jpg\" class=\"primary_image\" alt=\"Staudenlandschaft\" \/>\t\t\t\t\t<span class=\"shadow\"><\/span> \n\t\t\t\t<\/a>   \n\t\t\t\t<div class=\"box-hover\">   \n\t\t\t\t\t<ul class=\"add-to-links\">\n\t\t\t\t\t\t<li> \n\t\t\t\t\t\t\t\t\t\t\t\t\t<\/li>  \n\t\t\t\t\t\t<li>\n\t\t\t\t\t\t\t\t\t\t\t\t\t<\/li> \n\t\t\t\t\t\t  \n\t\t\t\t\t<\/ul> \n\t\t\t\t<\/div>\n\t\t\t\t<div class=\"count-down\">\n\t\t\t\t\t\t\t\t\t\t\t\t\t\t<\/div>  \n\t\t\t<\/div>\n\t\t<\/div>\n\t\t<div class=\"list-col8\">\n\t\t\t<div class=\"gridview\"> \n\t\t\t \t \n\t\t\t\t<h2 class=\"product-name\">\n\t\t\t\t\t<a href=\"https:\/\/www.comagricola.com\/de\/prodotto\/staudenlandschaft\/\">Staudenlandschaft<\/a>\n\t\t\t\t<\/h2>    \n\t\t\t\t<div class=\"price-box\"> <\/div>  \n\t\t\t\t<div class=\"actions clearfix\">  \n\t\t\t\t\t<div class=\"add-to-cart\">\n\t\t\t\t\t\t<p class=\"product woocommerce add_to_cart_inline \" style=\"border:4px solid #ccc; padding: 12px;\"> \t<span id=\"woocommerce_loop_add_to_cart_link_describedby_12416\" class=\"screen-reader-text\">\n\t\t\t<\/span>\n<\/p>\t\t\t\t\t<\/div> \n\t\t\t\t<\/div>  \n\t\t\t<\/div>\n\t\t<\/div>\n\t\t<div class=\"clearfix\"><\/div>\n\t\t\n\t<\/div>\n<\/div>\n\n\t\t\t\n\t\t\t\t\n\n<div class=\" item-col col-12 col-full-hd col-md-12 post-12420 product type-product status-publish has-post-thumbnail product_cat-blumenwiese product_cat-ornamentalien first instock taxable shipping-taxable product-type-simple\">\n\t<div class=\"product-wrapper\">\n\t\t\n\t\t<div class=\"list-col4\"> \n\t\t\t<div class=\"product-image\">\n\t\t\t\t\t\t\t\t\t\t\t\t\t  \n\t\t\t\t<a href=\"https:\/\/www.comagricola.com\/de\/prodotto\/jahrliche-grenze\/\" class=\"woocommerce-LoopProduct-link woocommerce-loop-product__link\">\t\t\t\t\t<img loading=\"lazy\" decoding=\"async\" width=\"300\" height=\"300\" src=\"https:\/\/www.comagricola.com\/wp-content\/uploads\/2020\/12\/Annuali-nani-300x300.jpg\" class=\"primary_image\" alt=\"J\u00e4hrliche Grenze\" srcset=\"https:\/\/www.comagricola.com\/wp-content\/uploads\/2020\/12\/Annuali-nani-300x300.jpg 300w, https:\/\/www.comagricola.com\/wp-content\/uploads\/2020\/12\/Annuali-nani-150x150.jpg 150w, https:\/\/www.comagricola.com\/wp-content\/uploads\/2020\/12\/Annuali-nani-100x100.jpg 100w\" sizes=\"auto, (max-width: 300px) 100vw, 300px\" \/>\t\t\t\t\t<span class=\"shadow\"><\/span> \n\t\t\t\t<\/a>   \n\t\t\t\t<div class=\"box-hover\">   \n\t\t\t\t\t<ul class=\"add-to-links\">\n\t\t\t\t\t\t<li> \n\t\t\t\t\t\t\t\t\t\t\t\t\t<\/li>  \n\t\t\t\t\t\t<li>\n\t\t\t\t\t\t\t\t\t\t\t\t\t<\/li> \n\t\t\t\t\t\t  \n\t\t\t\t\t<\/ul> \n\t\t\t\t<\/div>\n\t\t\t\t<div class=\"count-down\">\n\t\t\t\t\t\t\t\t\t\t\t\t\t\t<\/div>  \n\t\t\t<\/div>\n\t\t<\/div>\n\t\t<div class=\"list-col8\">\n\t\t\t<div class=\"gridview\"> \n\t\t\t \t \n\t\t\t\t<h2 class=\"product-name\">\n\t\t\t\t\t<a href=\"https:\/\/www.comagricola.com\/de\/prodotto\/jahrliche-grenze\/\">J\u00e4hrliche Grenze<\/a>\n\t\t\t\t<\/h2>    \n\t\t\t\t<div class=\"price-box\"> <\/div>  \n\t\t\t\t<div class=\"actions clearfix\">  \n\t\t\t\t\t<div class=\"add-to-cart\">\n\t\t\t\t\t\t<p class=\"product woocommerce add_to_cart_inline \" style=\"border:4px solid #ccc; padding: 12px;\"> \t<span id=\"woocommerce_loop_add_to_cart_link_describedby_12420\" class=\"screen-reader-text\">\n\t\t\t<\/span>\n<\/p>\t\t\t\t\t<\/div> \n\t\t\t\t<\/div>  \n\t\t\t<\/div>\n\t\t<\/div>\n\t\t<div class=\"clearfix\"><\/div>\n\t\t\n\t<\/div>\n<\/div>\n\n\t\t\t\n\t\t\t\t\n\n<div class=\" item-col col-12 col-full-hd col-md-12 post-12748 product type-product status-publish has-post-thumbnail product_cat-blumenwiese product_cat-speziale first instock taxable shipping-taxable product-type-simple\">\n\t<div class=\"product-wrapper\">\n\t\t\n\t\t<div class=\"list-col4\"> \n\t\t\t<div class=\"product-image\">\n\t\t\t\t\t\t\t\t\t\t\t\t\t  \n\t\t\t\t<a href=\"https:\/\/www.comagricola.com\/de\/prodotto\/schatten-blumen\/\" class=\"woocommerce-LoopProduct-link woocommerce-loop-product__link\">\t\t\t\t\t<img loading=\"lazy\" decoding=\"async\" width=\"300\" height=\"300\" src=\"https:\/\/www.comagricola.com\/wp-content\/uploads\/2020\/12\/Ombre-fleuri-300x300.jpg\" class=\"primary_image\" alt=\"Schatten Blumen\" srcset=\"https:\/\/www.comagricola.com\/wp-content\/uploads\/2020\/12\/Ombre-fleuri-300x300.jpg 300w, https:\/\/www.comagricola.com\/wp-content\/uploads\/2020\/12\/Ombre-fleuri-150x150.jpg 150w, https:\/\/www.comagricola.com\/wp-content\/uploads\/2020\/12\/Ombre-fleuri-100x100.jpg 100w\" sizes=\"auto, (max-width: 300px) 100vw, 300px\" \/>\t\t\t\t\t<span class=\"shadow\"><\/span> \n\t\t\t\t<\/a>   \n\t\t\t\t<div class=\"box-hover\">   \n\t\t\t\t\t<ul class=\"add-to-links\">\n\t\t\t\t\t\t<li> \n\t\t\t\t\t\t\t\t\t\t\t\t\t<\/li>  \n\t\t\t\t\t\t<li>\n\t\t\t\t\t\t\t\t\t\t\t\t\t<\/li> \n\t\t\t\t\t\t  \n\t\t\t\t\t<\/ul> \n\t\t\t\t<\/div>\n\t\t\t\t<div class=\"count-down\">\n\t\t\t\t\t\t\t\t\t\t\t\t\t\t<\/div>  \n\t\t\t<\/div>\n\t\t<\/div>\n\t\t<div class=\"list-col8\">\n\t\t\t<div class=\"gridview\"> \n\t\t\t \t \n\t\t\t\t<h2 class=\"product-name\">\n\t\t\t\t\t<a href=\"https:\/\/www.comagricola.com\/de\/prodotto\/schatten-blumen\/\">Schatten Blumen<\/a>\n\t\t\t\t<\/h2>    \n\t\t\t\t<div class=\"price-box\"> <\/div>  \n\t\t\t\t<div class=\"actions clearfix\">  \n\t\t\t\t\t<div class=\"add-to-cart\">\n\t\t\t\t\t\t<p class=\"product woocommerce add_to_cart_inline \" style=\"border:4px solid #ccc; padding: 12px;\"> \t<span id=\"woocommerce_loop_add_to_cart_link_describedby_12748\" class=\"screen-reader-text\">\n\t\t\t<\/span>\n<\/p>\t\t\t\t\t<\/div> \n\t\t\t\t<\/div>  \n\t\t\t<\/div>\n\t\t<\/div>\n\t\t<div class=\"clearfix\"><\/div>\n\t\t\n\t<\/div>\n<\/div>\n\n\t\t\t\n\t\t\t\t\n\n<div class=\" item-col col-12 col-full-hd col-md-12 post-12429 product type-product status-publish has-post-thumbnail product_cat-blumenwiese product_cat-ornamentalien first instock taxable shipping-taxable product-type-simple\">\n\t<div class=\"product-wrapper\">\n\t\t\n\t\t<div class=\"list-col4\"> \n\t\t\t<div class=\"product-image\">\n\t\t\t\t\t\t\t\t\t\t\t\t\t  \n\t\t\t\t<a href=\"https:\/\/www.comagricola.com\/de\/prodotto\/monochrome-stauden\/\" class=\"woocommerce-LoopProduct-link woocommerce-loop-product__link\">\t\t\t\t\t<img loading=\"lazy\" decoding=\"async\" width=\"260\" height=\"194\" src=\"https:\/\/www.comagricola.com\/wp-content\/uploads\/2020\/12\/ornamentali-poliannuali.jpg\" class=\"primary_image\" alt=\"Monochrome Stauden\" \/>\t\t\t\t\t<span class=\"shadow\"><\/span> \n\t\t\t\t<\/a>   \n\t\t\t\t<div class=\"box-hover\">   \n\t\t\t\t\t<ul class=\"add-to-links\">\n\t\t\t\t\t\t<li> \n\t\t\t\t\t\t\t\t\t\t\t\t\t<\/li>  \n\t\t\t\t\t\t<li>\n\t\t\t\t\t\t\t\t\t\t\t\t\t<\/li> \n\t\t\t\t\t\t  \n\t\t\t\t\t<\/ul> \n\t\t\t\t<\/div>\n\t\t\t\t<div class=\"count-down\">\n\t\t\t\t\t\t\t\t\t\t\t\t\t\t<\/div>  \n\t\t\t<\/div>\n\t\t<\/div>\n\t\t<div class=\"list-col8\">\n\t\t\t<div class=\"gridview\"> \n\t\t\t \t \n\t\t\t\t<h2 class=\"product-name\">\n\t\t\t\t\t<a href=\"https:\/\/www.comagricola.com\/de\/prodotto\/monochrome-stauden\/\">Monochrome Stauden<\/a>\n\t\t\t\t<\/h2>    \n\t\t\t\t<div class=\"price-box\"><\/div>  \n\t\t\t\t<div class=\"actions clearfix\">  \n\t\t\t\t\t<div class=\"add-to-cart\">\n\t\t\t\t\t\t<p class=\"product woocommerce add_to_cart_inline \" style=\"border:4px solid #ccc; padding: 12px;\">\t<span id=\"woocommerce_loop_add_to_cart_link_describedby_12429\" class=\"screen-reader-text\">\n\t\t\t<\/span>\n<\/p>\t\t\t\t\t<\/div> \n\t\t\t\t<\/div>  \n\t\t\t<\/div>\n\t\t<\/div>\n\t\t<div class=\"clearfix\"><\/div>\n\t\t\n\t<\/div>\n<\/div>\n\n\t\t\t\n\t\t<\/div>\n\t<\/section>\n\n\t\t\n\t\t<meta itemprop=\"url\" content=\"https:\/\/www.comagricola.com\/de\/prodotto\/mineralische-zonen\/\" \/>\n\t<\/div>\n<\/div><!-- #product-12451 --> \n\n\n\t\t\t<\/div>\n\t\t\t<\/div>[\/vc_column][\/vc_row][\/vc_section][vc_section full_width=&#8221;stretch_row&#8221; el_id=&#8221;scelta_sementi&#8221; el_class=&#8221;calltoaction&#8221;][vc_row full_width=&#8221;stretch_row&#8221; css_animation=&#8221;fadeIn&#8221; css=&#8221;.vc_custom_1610554165462{padding-top: 60px !important;padding-bottom: 60px !important;background-image: url(https:\/\/www.comagricola.com\/wp-content\/uploads\/2020\/11\/bg_calltoaction2.gif?id=10241) !important;background-position: center !important;background-repeat: no-repeat !important;background-size: cover !important;}&#8221;][vc_column][vc_cta h2=&#8221;Protokoll f\u00fcr die Anlage von Blumenwiesen&#8221; style=&#8221;flat&#8221; add_button=&#8221;bottom&#8221; btn_title=&#8221;Weiterlesen&#8221; btn_style=&#8221;outline&#8221; btn_shape=&#8221;round&#8221; btn_color=&#8221;white&#8221; btn_size=&#8221;lg&#8221; btn_align=&#8221;right&#8221; btn_i_align=&#8221;right&#8221; btn_i_icon_fontawesome=&#8221;fas fa-angle-right&#8221; btn_add_icon=&#8221;true&#8221; el_class=&#8221;box_calltoaction&#8221; btn_link=&#8221;url:https%3A%2F%2Fwww.comagricola.com%2Fde%2Fprotokoll-fuer-die-anlage-von-blumenwiesen%2F|title:Protokoll%20f%C3%BCr%20die%20Anlage%20von%20Blumenwiesen&#8221;]Wenn Sie die Regeln und Techniken f\u00fcr die richtige Anlage und Pflege Ihrer Blumenwiese befolgen, k\u00f6nnen Sie eine nachhaltige, fr\u00f6hliche und jahreszeitlich wechselnde nat\u00fcrliche Umgebung schaffen.[\/vc_cta][\/vc_column][\/vc_row][\/vc_section]\n","protected":false},"excerpt":{"rendered":"<p>[vc_section full_width=&#8221;stretch_row&#8221; el_id=&#8221;pratofiorito_paesaggio&#8221; el_class=&#8221;intro-pratofiorito&#8221;][vc_row el_class=&#8221;intro_sezione&#8221;][vc_column width=&#8221;2\/3&#8243;][vc_column_text]Um mit Bl\u00fctenessenzen v\u00f6llig unterschiedliche Umgebungen zu gestalten und zu versch\u00f6nern, bedarf es des Studiums und der<\/p>\n","protected":false},"author":1,"featured_media":0,"parent":12561,"menu_order":0,"comment_status":"closed","ping_status":"closed","template":"page-templates\/fullwidth.php","meta":{"inline_featured_image":false,"footnotes":""},"class_list":["post-12570","page","type-page","status-publish","hentry"],"yoast_head":"<!-- This site is optimized with the Yoast SEO plugin v25.3.1 - https:\/\/yoast.com\/wordpress\/plugins\/seo\/ -->\n<title>Speziale - Comagricola Green Europe<\/title>\n<meta name=\"robots\" content=\"index, follow, max-snippet:-1, max-image-preview:large, max-video-preview:-1\" \/>\n<link rel=\"canonical\" href=\"https:\/\/www.comagricola.com\/de\/blumenwiese\/speziale\/\" \/>\n<meta property=\"og:locale\" content=\"de_DE\" \/>\n<meta property=\"og:type\" content=\"article\" \/>\n<meta property=\"og:title\" content=\"Speziale - Comagricola Green Europe\" \/>\n<meta property=\"og:description\" content=\"[vc_section full_width=&#8221;stretch_row&#8221; el_id=&#8221;pratofiorito_paesaggio&#8221; el_class=&#8221;intro-pratofiorito&#8221;][vc_row el_class=&#8221;intro_sezione&#8221;][vc_column width=&#8221;2\/3&#8243;][vc_column_text]Um mit Bl\u00fctenessenzen v\u00f6llig unterschiedliche Umgebungen zu gestalten und zu versch\u00f6nern, bedarf es des Studiums und der\" \/>\n<meta property=\"og:url\" content=\"https:\/\/www.comagricola.com\/de\/blumenwiese\/speziale\/\" \/>\n<meta property=\"og:site_name\" content=\"Comagricola Green Europe\" \/>\n<meta property=\"article:publisher\" content=\"https:\/\/it-it.facebook.com\/pages\/category\/Company\/Comagricola-Green-Europe-srl-1189465271123595\/\" \/>\n<meta property=\"article:modified_time\" content=\"2021-06-16T15:57:52+00:00\" \/>\n<meta name=\"twitter:card\" content=\"summary_large_image\" \/>\n<meta name=\"twitter:label1\" content=\"Gesch\u00e4tzte Lesezeit\" \/>\n\t<meta name=\"twitter:data1\" content=\"1\u00a0Minute\" \/>\n<script type=\"application\/ld+json\" class=\"yoast-schema-graph\">{\"@context\":\"https:\/\/schema.org\",\"@graph\":[{\"@type\":\"WebPage\",\"@id\":\"https:\/\/www.comagricola.com\/de\/blumenwiese\/speziale\/\",\"url\":\"https:\/\/www.comagricola.com\/de\/blumenwiese\/speziale\/\",\"name\":\"Speziale - Comagricola Green Europe\",\"isPartOf\":{\"@id\":\"https:\/\/www.comagricola.com\/de\/#website\"},\"datePublished\":\"2021-05-31T10:43:48+00:00\",\"dateModified\":\"2021-06-16T15:57:52+00:00\",\"breadcrumb\":{\"@id\":\"https:\/\/www.comagricola.com\/de\/blumenwiese\/speziale\/#breadcrumb\"},\"inLanguage\":\"de\",\"potentialAction\":[{\"@type\":\"ReadAction\",\"target\":[\"https:\/\/www.comagricola.com\/de\/blumenwiese\/speziale\/\"]}]},{\"@type\":\"BreadcrumbList\",\"@id\":\"https:\/\/www.comagricola.com\/de\/blumenwiese\/speziale\/#breadcrumb\",\"itemListElement\":[{\"@type\":\"ListItem\",\"position\":1,\"name\":\"Home\",\"item\":\"https:\/\/www.comagricola.com\/de\/\"},{\"@type\":\"ListItem\",\"position\":2,\"name\":\"Blumenwiese\",\"item\":\"https:\/\/www.comagricola.com\/de\/blumenwiese\/\"},{\"@type\":\"ListItem\",\"position\":3,\"name\":\"Speziale\"}]},{\"@type\":\"WebSite\",\"@id\":\"https:\/\/www.comagricola.com\/de\/#website\",\"url\":\"https:\/\/www.comagricola.com\/de\/\",\"name\":\"Green Europe Comagricola\",\"description\":\"Semi e Fertilizzanti\",\"publisher\":{\"@id\":\"https:\/\/www.comagricola.com\/de\/#organization\"},\"potentialAction\":[{\"@type\":\"SearchAction\",\"target\":{\"@type\":\"EntryPoint\",\"urlTemplate\":\"https:\/\/www.comagricola.com\/de\/?s={search_term_string}\"},\"query-input\":{\"@type\":\"PropertyValueSpecification\",\"valueRequired\":true,\"valueName\":\"search_term_string\"}}],\"inLanguage\":\"de\"},{\"@type\":\"Organization\",\"@id\":\"https:\/\/www.comagricola.com\/de\/#organization\",\"name\":\"COMAGRICOLA GREEN EUROPE SRL\",\"url\":\"https:\/\/www.comagricola.com\/de\/\",\"logo\":{\"@type\":\"ImageObject\",\"inLanguage\":\"de\",\"@id\":\"https:\/\/www.comagricola.com\/de\/#\/schema\/logo\/image\/\",\"url\":\"https:\/\/www.comagricola.com\/wp-content\/uploads\/2020\/12\/logo-comagricola.svg\",\"contentUrl\":\"https:\/\/www.comagricola.com\/wp-content\/uploads\/2020\/12\/logo-comagricola.svg\",\"width\":\"1024\",\"height\":\"1024\",\"caption\":\"COMAGRICOLA GREEN EUROPE SRL\"},\"image\":{\"@id\":\"https:\/\/www.comagricola.com\/de\/#\/schema\/logo\/image\/\"},\"sameAs\":[\"https:\/\/it-it.facebook.com\/pages\/category\/Company\/Comagricola-Green-Europe-srl-1189465271123595\/\"]}]}<\/script>\n<!-- \/ Yoast SEO plugin. -->","yoast_head_json":{"title":"Speziale - Comagricola Green Europe","robots":{"index":"index","follow":"follow","max-snippet":"max-snippet:-1","max-image-preview":"max-image-preview:large","max-video-preview":"max-video-preview:-1"},"canonical":"https:\/\/www.comagricola.com\/de\/blumenwiese\/speziale\/","og_locale":"de_DE","og_type":"article","og_title":"Speziale - Comagricola Green Europe","og_description":"[vc_section full_width=&#8221;stretch_row&#8221; el_id=&#8221;pratofiorito_paesaggio&#8221; el_class=&#8221;intro-pratofiorito&#8221;][vc_row el_class=&#8221;intro_sezione&#8221;][vc_column width=&#8221;2\/3&#8243;][vc_column_text]Um mit Bl\u00fctenessenzen v\u00f6llig unterschiedliche Umgebungen zu gestalten und zu versch\u00f6nern, bedarf es des Studiums und der","og_url":"https:\/\/www.comagricola.com\/de\/blumenwiese\/speziale\/","og_site_name":"Comagricola Green Europe","article_publisher":"https:\/\/it-it.facebook.com\/pages\/category\/Company\/Comagricola-Green-Europe-srl-1189465271123595\/","article_modified_time":"2021-06-16T15:57:52+00:00","twitter_card":"summary_large_image","twitter_misc":{"Gesch\u00e4tzte Lesezeit":"1\u00a0Minute"},"schema":{"@context":"https:\/\/schema.org","@graph":[{"@type":"WebPage","@id":"https:\/\/www.comagricola.com\/de\/blumenwiese\/speziale\/","url":"https:\/\/www.comagricola.com\/de\/blumenwiese\/speziale\/","name":"Speziale - Comagricola Green Europe","isPartOf":{"@id":"https:\/\/www.comagricola.com\/de\/#website"},"datePublished":"2021-05-31T10:43:48+00:00","dateModified":"2021-06-16T15:57:52+00:00","breadcrumb":{"@id":"https:\/\/www.comagricola.com\/de\/blumenwiese\/speziale\/#breadcrumb"},"inLanguage":"de","potentialAction":[{"@type":"ReadAction","target":["https:\/\/www.comagricola.com\/de\/blumenwiese\/speziale\/"]}]},{"@type":"BreadcrumbList","@id":"https:\/\/www.comagricola.com\/de\/blumenwiese\/speziale\/#breadcrumb","itemListElement":[{"@type":"ListItem","position":1,"name":"Home","item":"https:\/\/www.comagricola.com\/de\/"},{"@type":"ListItem","position":2,"name":"Blumenwiese","item":"https:\/\/www.comagricola.com\/de\/blumenwiese\/"},{"@type":"ListItem","position":3,"name":"Speziale"}]},{"@type":"WebSite","@id":"https:\/\/www.comagricola.com\/de\/#website","url":"https:\/\/www.comagricola.com\/de\/","name":"Green Europe Comagricola","description":"Semi e Fertilizzanti","publisher":{"@id":"https:\/\/www.comagricola.com\/de\/#organization"},"potentialAction":[{"@type":"SearchAction","target":{"@type":"EntryPoint","urlTemplate":"https:\/\/www.comagricola.com\/de\/?s={search_term_string}"},"query-input":{"@type":"PropertyValueSpecification","valueRequired":true,"valueName":"search_term_string"}}],"inLanguage":"de"},{"@type":"Organization","@id":"https:\/\/www.comagricola.com\/de\/#organization","name":"COMAGRICOLA GREEN EUROPE SRL","url":"https:\/\/www.comagricola.com\/de\/","logo":{"@type":"ImageObject","inLanguage":"de","@id":"https:\/\/www.comagricola.com\/de\/#\/schema\/logo\/image\/","url":"https:\/\/www.comagricola.com\/wp-content\/uploads\/2020\/12\/logo-comagricola.svg","contentUrl":"https:\/\/www.comagricola.com\/wp-content\/uploads\/2020\/12\/logo-comagricola.svg","width":"1024","height":"1024","caption":"COMAGRICOLA GREEN EUROPE SRL"},"image":{"@id":"https:\/\/www.comagricola.com\/de\/#\/schema\/logo\/image\/"},"sameAs":["https:\/\/it-it.facebook.com\/pages\/category\/Company\/Comagricola-Green-Europe-srl-1189465271123595\/"]}]}},"_links":{"self":[{"href":"https:\/\/www.comagricola.com\/de\/wp-json\/wp\/v2\/pages\/12570","targetHints":{"allow":["GET"]}}],"collection":[{"href":"https:\/\/www.comagricola.com\/de\/wp-json\/wp\/v2\/pages"}],"about":[{"href":"https:\/\/www.comagricola.com\/de\/wp-json\/wp\/v2\/types\/page"}],"author":[{"embeddable":true,"href":"https:\/\/www.comagricola.com\/de\/wp-json\/wp\/v2\/users\/1"}],"replies":[{"embeddable":true,"href":"https:\/\/www.comagricola.com\/de\/wp-json\/wp\/v2\/comments?post=12570"}],"version-history":[{"count":2,"href":"https:\/\/www.comagricola.com\/de\/wp-json\/wp\/v2\/pages\/12570\/revisions"}],"predecessor-version":[{"id":12776,"href":"https:\/\/www.comagricola.com\/de\/wp-json\/wp\/v2\/pages\/12570\/revisions\/12776"}],"up":[{"embeddable":true,"href":"https:\/\/www.comagricola.com\/de\/wp-json\/wp\/v2\/pages\/12561"}],"wp:attachment":[{"href":"https:\/\/www.comagricola.com\/de\/wp-json\/wp\/v2\/media?parent=12570"}],"curies":[{"name":"wp","href":"https:\/\/api.w.org\/{rel}","templated":true}]}}