{"id":12420,"date":"2020-12-16T13:22:28","date_gmt":"2020-12-16T12:22:28","guid":{"rendered":"https:\/\/www.comagricola.com\/prodotto\/jahrliche-grenze\/"},"modified":"2021-05-31T09:51:53","modified_gmt":"2021-05-31T07:51:53","slug":"jahrliche-grenze","status":"publish","type":"product","link":"https:\/\/www.comagricola.com\/de\/prodotto\/jahrliche-grenze\/","title":{"rendered":"J\u00e4hrliche Grenze"},"content":{"rendered":"[vc_row][vc_column width=&#8221;3\/12&#8243;][vc_column_text]\n<h4>Dosierung S\u00e4en<\/h4>\n<p>von 1,5 bis 2,5 gr \/ mq[\/vc_column_text][\/vc_column][vc_column width=&#8221;9\/12&#8243;][vc_column_text]\n<table style=\"width: 100%; border-collapse: collapse; border-style: none; height: 178px;\" border=\"0\" cellspacing=\"0\" cellpadding=\"0\">\n<tbody>\n<tr style=\"height: 73px;\">\n<td style=\"width: 151px; padding-right: 20px; border-style: none; height: 73px; vertical-align: top;\">\n<h4>ZUSAMMENSETZUNG<\/h4>\n<\/td>\n<td style=\"width: 166px; padding-right: 20px; vertical-align: top; border-style: none; height: 73px;\"><\/td>\n<td style=\"width: 166px; padding-right: 20px; vertical-align: top; border-style: none; height: 73px;\"><\/td>\n<\/tr>\n<tr style=\"height: 95px;\">\n<td style=\"border-style: none; width: 33%; padding-right: 20px; vertical-align: top; height: 95px;\">Alyssum\/Lobularia maritimum<br \/>\nCalendula officinalis nanum<br \/>\nCallistephus chinensis nain<br \/>\nCentaurea cyanus nain<\/td>\n<td style=\"border-style: none; width: 33%; padding-right: 20px; vertical-align: top; height: 95px;\">Chrysanthemum inodori<br \/>\nConvolvulus tricolor minor<br \/>\nEschscholzia californica nain<br \/>\nIberis umbellata<\/td>\n<td style=\"border-style: none; width: 33%; padding-right: 20px; vertical-align: top; height: 95px;\">Legousia speculum veneris<br \/>\nPhacelia campanularia bleue<br \/>\nPhlox drummondii nain<br \/>\nViscaria oculata<\/td>\n<\/tr>\n<tr style=\"height: 10px;\">\n<td style=\"vertical-align: top; border-style: none; width: 151px; padding-right: 20px; height: 10px;\"><\/td>\n<td style=\"vertical-align: top; border-style: none; width: 166px; padding-right: 20px; height: 10px;\"><\/td>\n<td style=\"vertical-align: top; border-style: none; width: 166px; padding-right: 20px; height: 10px;\"><\/td>\n<\/tr>\n<\/tbody>\n<\/table>\n[\/vc_column_text][\/vc_column][\/vc_row]\n","protected":false},"excerpt":{"rendered":"<h3>\u00c4sthetik<\/h3>\n<p>Mischung f\u00fcr die st\u00e4dtische Bl\u00fcte ab den ersten Sommertagen, die eine H\u00f6he zwischen 15 und 30 cm erreicht.<br \/>\nSie ist f\u00fcr alle Bodentypen geeignet und ben\u00f6tigt wenig Bew\u00e4sserung.<br \/>\nEmpfohlene Aussaat im Fr\u00fchjahr<\/p>\n","protected":false},"featured_media":12421,"template":"","meta":{"inline_featured_image":false},"product_brand":[],"product_cat":[146,148],"product_tag":[],"class_list":{"0":"post-12420","1":"product","2":"type-product","3":"status-publish","4":"has-post-thumbnail","6":"product_cat-blumenwiese","7":"product_cat-ornamentalien","9":"first","10":"instock","11":"taxable","12":"shipping-taxable","13":"product-type-simple"},"yoast_head":"<!-- This site is optimized with the Yoast SEO plugin v25.3.1 - https:\/\/yoast.com\/wordpress\/plugins\/seo\/ -->\n<title>J\u00e4hrliche Grenze - Comagricola Green Europe<\/title>\n<meta name=\"robots\" content=\"index, follow, max-snippet:-1, max-image-preview:large, max-video-preview:-1\" \/>\n<link rel=\"canonical\" href=\"https:\/\/www.comagricola.com\/de\/prodotto\/jahrliche-grenze\/\" \/>\n<meta property=\"og:locale\" content=\"de_DE\" \/>\n<meta property=\"og:type\" content=\"article\" \/>\n<meta property=\"og:title\" content=\"J\u00e4hrliche Grenze - Comagricola Green Europe\" \/>\n<meta property=\"og:description\" content=\"\u00c4sthetik Mischung f\u00fcr die st\u00e4dtische Bl\u00fcte ab den ersten Sommertagen, die eine H\u00f6he zwischen 15 und 30 cm erreicht. Sie ist f\u00fcr alle Bodentypen geeignet und ben\u00f6tigt wenig Bew\u00e4sserung. Empfohlene Aussaat im Fr\u00fchjahr\" \/>\n<meta property=\"og:url\" content=\"https:\/\/www.comagricola.com\/de\/prodotto\/jahrliche-grenze\/\" \/>\n<meta property=\"og:site_name\" content=\"Comagricola Green Europe\" \/>\n<meta property=\"article:publisher\" content=\"https:\/\/it-it.facebook.com\/pages\/category\/Company\/Comagricola-Green-Europe-srl-1189465271123595\/\" \/>\n<meta property=\"article:modified_time\" content=\"2021-05-31T07:51:53+00:00\" \/>\n<meta property=\"og:image\" content=\"https:\/\/www.comagricola.com\/wp-content\/uploads\/2020\/12\/Annuali-nani.jpg\" \/>\n\t<meta property=\"og:image:width\" content=\"533\" \/>\n\t<meta property=\"og:image:height\" content=\"400\" \/>\n\t<meta property=\"og:image:type\" content=\"image\/jpeg\" \/>\n<meta name=\"twitter:card\" content=\"summary_large_image\" \/>\n<script type=\"application\/ld+json\" class=\"yoast-schema-graph\">{\"@context\":\"https:\/\/schema.org\",\"@graph\":[{\"@type\":\"WebPage\",\"@id\":\"https:\/\/www.comagricola.com\/de\/prodotto\/jahrliche-grenze\/\",\"url\":\"https:\/\/www.comagricola.com\/de\/prodotto\/jahrliche-grenze\/\",\"name\":\"J\u00e4hrliche Grenze - Comagricola Green Europe\",\"isPartOf\":{\"@id\":\"https:\/\/www.comagricola.com\/de\/#website\"},\"primaryImageOfPage\":{\"@id\":\"https:\/\/www.comagricola.com\/de\/prodotto\/jahrliche-grenze\/#primaryimage\"},\"image\":{\"@id\":\"https:\/\/www.comagricola.com\/de\/prodotto\/jahrliche-grenze\/#primaryimage\"},\"thumbnailUrl\":\"https:\/\/www.comagricola.com\/wp-content\/uploads\/2020\/12\/Annuali-nani.jpg\",\"datePublished\":\"2020-12-16T12:22:28+00:00\",\"dateModified\":\"2021-05-31T07:51:53+00:00\",\"breadcrumb\":{\"@id\":\"https:\/\/www.comagricola.com\/de\/prodotto\/jahrliche-grenze\/#breadcrumb\"},\"inLanguage\":\"de\",\"potentialAction\":[{\"@type\":\"ReadAction\",\"target\":[\"https:\/\/www.comagricola.com\/de\/prodotto\/jahrliche-grenze\/\"]}]},{\"@type\":\"ImageObject\",\"inLanguage\":\"de\",\"@id\":\"https:\/\/www.comagricola.com\/de\/prodotto\/jahrliche-grenze\/#primaryimage\",\"url\":\"https:\/\/www.comagricola.com\/wp-content\/uploads\/2020\/12\/Annuali-nani.jpg\",\"contentUrl\":\"https:\/\/www.comagricola.com\/wp-content\/uploads\/2020\/12\/Annuali-nani.jpg\",\"width\":533,\"height\":400},{\"@type\":\"BreadcrumbList\",\"@id\":\"https:\/\/www.comagricola.com\/de\/prodotto\/jahrliche-grenze\/#breadcrumb\",\"itemListElement\":[{\"@type\":\"ListItem\",\"position\":1,\"name\":\"Home\",\"item\":\"https:\/\/www.comagricola.com\/de\/\"},{\"@type\":\"ListItem\",\"position\":2,\"name\":\"Shop\",\"item\":\"https:\/\/www.comagricola.com\/de\/shop\/\"},{\"@type\":\"ListItem\",\"position\":3,\"name\":\"J\u00e4hrliche Grenze\"}]},{\"@type\":\"WebSite\",\"@id\":\"https:\/\/www.comagricola.com\/de\/#website\",\"url\":\"https:\/\/www.comagricola.com\/de\/\",\"name\":\"Green Europe Comagricola\",\"description\":\"Semi e Fertilizzanti\",\"publisher\":{\"@id\":\"https:\/\/www.comagricola.com\/de\/#organization\"},\"potentialAction\":[{\"@type\":\"SearchAction\",\"target\":{\"@type\":\"EntryPoint\",\"urlTemplate\":\"https:\/\/www.comagricola.com\/de\/?s={search_term_string}\"},\"query-input\":{\"@type\":\"PropertyValueSpecification\",\"valueRequired\":true,\"valueName\":\"search_term_string\"}}],\"inLanguage\":\"de\"},{\"@type\":\"Organization\",\"@id\":\"https:\/\/www.comagricola.com\/de\/#organization\",\"name\":\"COMAGRICOLA GREEN EUROPE SRL\",\"url\":\"https:\/\/www.comagricola.com\/de\/\",\"logo\":{\"@type\":\"ImageObject\",\"inLanguage\":\"de\",\"@id\":\"https:\/\/www.comagricola.com\/de\/#\/schema\/logo\/image\/\",\"url\":\"https:\/\/www.comagricola.com\/wp-content\/uploads\/2020\/12\/logo-comagricola.svg\",\"contentUrl\":\"https:\/\/www.comagricola.com\/wp-content\/uploads\/2020\/12\/logo-comagricola.svg\",\"width\":\"1024\",\"height\":\"1024\",\"caption\":\"COMAGRICOLA GREEN EUROPE SRL\"},\"image\":{\"@id\":\"https:\/\/www.comagricola.com\/de\/#\/schema\/logo\/image\/\"},\"sameAs\":[\"https:\/\/it-it.facebook.com\/pages\/category\/Company\/Comagricola-Green-Europe-srl-1189465271123595\/\"]}]}<\/script>\n<!-- \/ Yoast SEO plugin. -->","yoast_head_json":{"title":"J\u00e4hrliche Grenze - Comagricola Green Europe","robots":{"index":"index","follow":"follow","max-snippet":"max-snippet:-1","max-image-preview":"max-image-preview:large","max-video-preview":"max-video-preview:-1"},"canonical":"https:\/\/www.comagricola.com\/de\/prodotto\/jahrliche-grenze\/","og_locale":"de_DE","og_type":"article","og_title":"J\u00e4hrliche Grenze - Comagricola Green Europe","og_description":"\u00c4sthetik Mischung f\u00fcr die st\u00e4dtische Bl\u00fcte ab den ersten Sommertagen, die eine H\u00f6he zwischen 15 und 30 cm erreicht. Sie ist f\u00fcr alle Bodentypen geeignet und ben\u00f6tigt wenig Bew\u00e4sserung. Empfohlene Aussaat im Fr\u00fchjahr","og_url":"https:\/\/www.comagricola.com\/de\/prodotto\/jahrliche-grenze\/","og_site_name":"Comagricola Green Europe","article_publisher":"https:\/\/it-it.facebook.com\/pages\/category\/Company\/Comagricola-Green-Europe-srl-1189465271123595\/","article_modified_time":"2021-05-31T07:51:53+00:00","og_image":[{"width":533,"height":400,"url":"https:\/\/www.comagricola.com\/wp-content\/uploads\/2020\/12\/Annuali-nani.jpg","type":"image\/jpeg"}],"twitter_card":"summary_large_image","schema":{"@context":"https:\/\/schema.org","@graph":[{"@type":"WebPage","@id":"https:\/\/www.comagricola.com\/de\/prodotto\/jahrliche-grenze\/","url":"https:\/\/www.comagricola.com\/de\/prodotto\/jahrliche-grenze\/","name":"J\u00e4hrliche Grenze - Comagricola Green Europe","isPartOf":{"@id":"https:\/\/www.comagricola.com\/de\/#website"},"primaryImageOfPage":{"@id":"https:\/\/www.comagricola.com\/de\/prodotto\/jahrliche-grenze\/#primaryimage"},"image":{"@id":"https:\/\/www.comagricola.com\/de\/prodotto\/jahrliche-grenze\/#primaryimage"},"thumbnailUrl":"https:\/\/www.comagricola.com\/wp-content\/uploads\/2020\/12\/Annuali-nani.jpg","datePublished":"2020-12-16T12:22:28+00:00","dateModified":"2021-05-31T07:51:53+00:00","breadcrumb":{"@id":"https:\/\/www.comagricola.com\/de\/prodotto\/jahrliche-grenze\/#breadcrumb"},"inLanguage":"de","potentialAction":[{"@type":"ReadAction","target":["https:\/\/www.comagricola.com\/de\/prodotto\/jahrliche-grenze\/"]}]},{"@type":"ImageObject","inLanguage":"de","@id":"https:\/\/www.comagricola.com\/de\/prodotto\/jahrliche-grenze\/#primaryimage","url":"https:\/\/www.comagricola.com\/wp-content\/uploads\/2020\/12\/Annuali-nani.jpg","contentUrl":"https:\/\/www.comagricola.com\/wp-content\/uploads\/2020\/12\/Annuali-nani.jpg","width":533,"height":400},{"@type":"BreadcrumbList","@id":"https:\/\/www.comagricola.com\/de\/prodotto\/jahrliche-grenze\/#breadcrumb","itemListElement":[{"@type":"ListItem","position":1,"name":"Home","item":"https:\/\/www.comagricola.com\/de\/"},{"@type":"ListItem","position":2,"name":"Shop","item":"https:\/\/www.comagricola.com\/de\/shop\/"},{"@type":"ListItem","position":3,"name":"J\u00e4hrliche Grenze"}]},{"@type":"WebSite","@id":"https:\/\/www.comagricola.com\/de\/#website","url":"https:\/\/www.comagricola.com\/de\/","name":"Green Europe Comagricola","description":"Semi e Fertilizzanti","publisher":{"@id":"https:\/\/www.comagricola.com\/de\/#organization"},"potentialAction":[{"@type":"SearchAction","target":{"@type":"EntryPoint","urlTemplate":"https:\/\/www.comagricola.com\/de\/?s={search_term_string}"},"query-input":{"@type":"PropertyValueSpecification","valueRequired":true,"valueName":"search_term_string"}}],"inLanguage":"de"},{"@type":"Organization","@id":"https:\/\/www.comagricola.com\/de\/#organization","name":"COMAGRICOLA GREEN EUROPE SRL","url":"https:\/\/www.comagricola.com\/de\/","logo":{"@type":"ImageObject","inLanguage":"de","@id":"https:\/\/www.comagricola.com\/de\/#\/schema\/logo\/image\/","url":"https:\/\/www.comagricola.com\/wp-content\/uploads\/2020\/12\/logo-comagricola.svg","contentUrl":"https:\/\/www.comagricola.com\/wp-content\/uploads\/2020\/12\/logo-comagricola.svg","width":"1024","height":"1024","caption":"COMAGRICOLA GREEN EUROPE SRL"},"image":{"@id":"https:\/\/www.comagricola.com\/de\/#\/schema\/logo\/image\/"},"sameAs":["https:\/\/it-it.facebook.com\/pages\/category\/Company\/Comagricola-Green-Europe-srl-1189465271123595\/"]}]}},"_links":{"self":[{"href":"https:\/\/www.comagricola.com\/de\/wp-json\/wp\/v2\/product\/12420","targetHints":{"allow":["GET"]}}],"collection":[{"href":"https:\/\/www.comagricola.com\/de\/wp-json\/wp\/v2\/product"}],"about":[{"href":"https:\/\/www.comagricola.com\/de\/wp-json\/wp\/v2\/types\/product"}],"wp:featuredmedia":[{"embeddable":true,"href":"https:\/\/www.comagricola.com\/de\/wp-json\/wp\/v2\/media\/12421"}],"wp:attachment":[{"href":"https:\/\/www.comagricola.com\/de\/wp-json\/wp\/v2\/media?parent=12420"}],"wp:term":[{"taxonomy":"product_brand","embeddable":true,"href":"https:\/\/www.comagricola.com\/de\/wp-json\/wp\/v2\/product_brand?post=12420"},{"taxonomy":"product_cat","embeddable":true,"href":"https:\/\/www.comagricola.com\/de\/wp-json\/wp\/v2\/product_cat?post=12420"},{"taxonomy":"product_tag","embeddable":true,"href":"https:\/\/www.comagricola.com\/de\/wp-json\/wp\/v2\/product_tag?post=12420"}],"curies":[{"name":"wp","href":"https:\/\/api.w.org\/{rel}","templated":true}]}}